{"id":2985,"date":"2021-05-21T13:02:53","date_gmt":"2021-05-21T11:02:53","guid":{"rendered":"https:\/\/behrendt.hamburg\/371-barmbek-sued\/www-behrendt-hamburg-336-337-jenfeld-2\/"},"modified":"2025-01-30T13:50:10","modified_gmt":"2025-01-30T12:50:10","slug":"371-barmbek-sued","status":"publish","type":"page","link":"https:\/\/behrendt.hamburg\/371-barmbek-sued\/","title":{"rendered":"Startseite"},"content":{"rendered":"<div class=\"wpb-content-wrapper\"><p>[vc_section el_class=&#8220;header-section&#8220; css=&#8220;.vc_custom_1574152148292{background-color: #ffffff !important;}&#8220;][vc_row full_width=&#8220;stretch_row&#8220; content_placement=&#8220;middle&#8220; css=&#8220;.vc_custom_1589297274747{background-position: center !important;background-repeat: no-repeat !important;background-size: cover !important;}&#8220; el_class=&#8220;header-picture-wrapper lb_heroshot_variable_image&#8220; el_id=&#8220;home&#8220;][vc_column el_class=&#8220;overlay&#8220;][vc_row_inner el_id=&#8220;logo&#8220; el_class=&#8220;header-mobile-picture&#8220;][vc_column_inner el_class=&#8220;header-logo-mobile-warpper&#8220;][vc_single_image image=&#8220;3324&#8243; img_size=&#8220;full&#8220; alignment=&#8220;center&#8220; el_class=&#8220;header-mobile-logo&#8220;][\/vc_column_inner][\/vc_row_inner][vc_row_inner el_class=&#8220;header-button-mobile-wrapper&#8220;][vc_column_inner][vc_btn title=&#8220;zu den Wohnungen&#8220; align=&#8220;center&#8220; el_class=&#8220;header-button my-Button&#8220; link=&#8220;url:%23wohnungen|||&#8220;][vc_btn title=&#8220;Projekt-Expos\u00e9&#8220; align=&#8220;center&#8220; el_class=&#8220;header-button my-Button button_hero_section_second&#8220; link=&#8220;url:%23kontakt-form-bot&#8220;][\/vc_column_inner][\/vc_row_inner][vc_row_inner][vc_column_inner][vc_empty_space height=&#8220;100px&#8220; el_class=&#8220;spacer-100&#8243;][\/vc_column_inner][\/vc_row_inner][\/vc_column][\/vc_row][vc_row full_width=&#8220;stretch_row_content&#8220; el_class=&#8220;header-subtext-box&#8220; css=&#8220;.vc_custom_1621602449498{background-color: rgba(231,238,245,0.8) !important;*background-color: rgb(231,238,245) !important;}&#8220;][vc_column][vc_row_inner el_class=&#8220;hero-badge&#8220; el_id=&#8220;badge&#8220;][vc_column_inner][vc_column_text el_class=&#8220;badge-text&#8220;]Alle Einheiten<br \/>\nverkauft.<br \/>\n[\/vc_column_text][\/vc_column_inner][\/vc_row_inner][vc_column_text css_animation=&#8220;fadeIn&#8220; el_class=&#8220;bright header-subtext&#8220;]<\/p>\n<h1 style=\"text-align: center;\">20 Neubau-Eigentumswohnungen und 5 Gewerbeeinheiten am Komponistenviertel<\/h1>\n<p>[\/vc_column_text][vc_single_image image=&#8220;3005&#8243; img_size=&#8220;full&#8220; alignment=&#8220;center&#8220; onclick=&#8220;custom_link&#8220; el_id=&#8220;no-active-button&#8220; link=&#8220;#uberblick&#8220;][\/vc_column][\/vc_row][vc_row full_width=&#8220;stretch_row&#8220; el_class=&#8220;white-bar&#8220; css=&#8220;.vc_custom_1580206254593{background-color: #ffffff !important;}&#8220; el_id=&#8220;bar&#8220;][vc_column][\/vc_column][\/vc_row][\/vc_section][vc_row][vc_column][vc_raw_html]JTVCeW91cndpZGdldCU1RA==[\/vc_raw_html][\/vc_column][\/vc_row][vc_row][vc_column][vc_raw_html]JTNDZGl2JTIwaWQlM0QlMjJteU1vZGFsJTIyJTIwY2xhc3MlM0QlMjJtb2RhbCUyMiUzRSUwQSUzQ2RpdiUyMGNsYXNzJTNEJTIybW9kYWwtY29udGVudCUyMiUzRSUwQSUzQ3NwYW4lMjBjbGFzcyUzRCUyMmNsb3NlJTIyJTNFJTI2dGltZXMlM0IlM0MlMkZzcGFuJTNFJTBBJTNDdmlkZW8lMjB3aWR0aCUzRCUyMjEwMCUyNSUyMiUyMGhlaWdodCUzRCUyMjEwMCUyNSUyMiUyMGNvbnRyb2xzJTNFJTNDc291cmNlJTIwc3JjJTNEJTIyaHR0cHMlM0ElMkYlMkZiZWhyZW5kdC5oYW1idXJnJTJGMzcxLWJhcm1iZWstc3VlZCUyRndwLWNvbnRlbnQlMkZ0aGVtZXMlMkZiZWhyZW5kdC1pc2VyYnJvb2stY2hpbGQlMkZhc3NldHMlMkZ2aWRlbyUyRkJlaHJlbmR0LVRha3QtZGVyLVN0YWR0LVZpZGVvLm1wNCUyMiUyMHR5cGUlM0QlMjJ2aWRlbyUyRm1wNCUyMiUzRSUzQyUyRnZpZGVvJTNFJTBBJTNDJTJGZGl2JTNFJTBBJTNDJTJGZGl2JTNF[\/vc_raw_html][\/vc_column][\/vc_row][vc_section content_placement=&#8220;top&#8220; el_class=&#8220;overview-section bg-white&#8220;][vc_row full_width=&#8220;stretch_row_content_no_spaces&#8220; el_id=&#8220;uberblick&#8220;][vc_column el_class=&#8220;overview-wrapper-block&#8220;][vc_empty_space height=&#8220;&#8220;][\/vc_column][\/vc_row][vc_row el_class=&#8220;rm-box overview-box-wrapper narrow titel&#8220;][vc_column][vc_column_text el_class=&#8220;h3-box h3-text-box&#8220;]<\/p>\n<h3>Der \u00dcberblick<\/h3>\n<p>[\/vc_column_text][vc_column_text css_animation=&#8220;fadeInRight&#8220; el_class=&#8220;main-headline&#8220;]<\/p>\n<h2>Modern wohnen. Urban leben. Sicher anlegen. Klingt perfekt, oder?<\/h2>\n<p>[\/vc_column_text][vc_row_inner el_class=&#8220;video_popup_left&#8220;][vc_column_inner][vc_raw_html]JTNDYSUyMGhyZWYlM0QlMjIlMjMlMjIlMjBpZCUzRCUyMnNob3ctbW9kYWwlMjIlM0UlMEElM0NpbWclMjBzcmMlM0QlMjJodHRwcyUzQSUyRiUyRmJlaHJlbmR0LmhhbWJ1cmclMkYzNzEtYmFybWJlay1zdWVkJTJGd3AtY29udGVudCUyRnVwbG9hZHMlMkYyMDIyJTJGMDclMkZCVi0zNzEtQmFybWJlay1TdWVkLVdlYi1Wb3JsYWdlLTIwMjItMDctMDgtMDktNDYtNTUucG5nJTIyJTJGJTNFJTBBJTNDJTJGYSUzRQ==[\/vc_raw_html][\/vc_column_inner][\/vc_row_inner][vc_row_inner el_class=&#8220;block-cnt block-order&#8220;][vc_column_inner el_class=&#8220;order-1&#8243; width=&#8220;1\/2&#8243;][vc_empty_space height=&#8220;230px&#8220; el_class=&#8220;remove-on-break remove-space&#8220;][vc_single_image image=&#8220;3173&#8243; img_size=&#8220;full&#8220; alignment=&#8220;right&#8220; el_class=&#8220;image-right&#8220;][vc_empty_space height=&#8220;50px&#8220; el_class=&#8220;spacer_10&#8243;][vc_column_text css_animation=&#8220;fadeInUp&#8220; el_class=&#8220;copy-text rm-box&#8220;]Zuhause im Herz von Hamburg: Das Leben im <strong>TAKT DER STADT<\/strong> ist ein Leben in einer der beliebtesten Ecken der Stadt. Mit unserem neuen Projekt am Rande des Komponistenviertels \u2013 in der Schmalenbecker Stra\u00dfe in Barmbek-S\u00fcd \u2013 entstehen gerade 20 moderne Eigentumswohnungen sowie mehrere attraktive Gewerbeeinheiten. Zwischen Alster, Stadtpark, Eilbek- und Osterbekkanal gelegen. F\u00fcr Gro\u00dfstadtmenschen jeden Alters konzipiert. Und f\u00fcr alle gebaut, die zentral wohnen und gut anlegen wollen. Ein entspannter Mix aus Wohnen, Leben und Geldanlage.<\/p>\n<p><span><a onclick=\"read_toggle(1873176671, '+', '-'); return false;\" class=\"read-link\" id=\"readlink1873176671\" style=\"readlink\" href=\"#\">+<\/a><\/span>\n<div class=\"read_div\" id=\"read1873176671\" style=\"display: none;\">Zwei schmucke, nagelneue H\u00e4user mit Ein- bis Drei-Zimmer-Wohnungen bis 95 m<sup>2<\/sup>, perfekt geeignet als erste gemeinsame Wohnung. Als die ersten eigenen vier W\u00e4nde. Als Zweitwohnung f\u00fcr den Job in der City. Oder ganz praktisch als innenstadtnaher Alterswohnsitz.<\/p>\n<p>Urbane Architektur im Einklang mit der von Hamburger Backstein gepr\u00e4gten Umgebung, intelligent geschnittene, wertig ausgestattete Wohnungen, eine gro\u00dfz\u00fcgige 3-Zimmer-Wohnung mit 86 m<sup>2<\/sup> und Dachterrasse sowie flexible Gewerbefl\u00e4chen f\u00fcr kleinere Gesch\u00e4fte im Erdgeschoss \u2013 klingt gut? Wird gut und bleibt gut. Auch mit Blick auf wertstabile Geldanlage \u2013 ob als erster Schritt Richtung Altersvorsorge oder als Erg\u00e4nzung des Portfolios.<\/p>\n<p>Folgen Sie jetzt dem <strong>TAKT DER STADT<\/strong> und nehmen Sie gleich Kontakt zu unseren Experten f\u00fcr Wohneigentum auf. Es lohnt sich.<\/div>[\/vc_column_text][\/vc_column_inner][vc_column_inner el_class=&#8220;overview-box-text-column order-2&#8243; width=&#8220;1\/2&#8243;][vc_empty_space height=&#8220;38px&#8220; el_class=&#8220;remove-on-break&#8220;][vc_column_text el_class=&#8220;overview-box-text-hl&#8220;]<\/p>\n<h3 style=\"text-align: center;\">Takt der Stadt auf einen Blick<\/h3>\n<p>[\/vc_column_text][vc_single_image image=&#8220;3167&#8243; img_size=&#8220;full&#8220; alignment=&#8220;center&#8220;][vc_column_text el_class=&#8220;overview-box-list&#8220;]<\/p>\n<ul>\n<li class=\"p1\" style=\"text-align: center;\">Adresse: Schmalenbecker Stra\u00dfe 2 + 4, 22083 Hamburg<\/li>\n<li class=\"p1\" style=\"text-align: center;\">20 Eigentumswohnungen<\/li>\n<li style=\"text-align: center;\">2 &#8211; 5 Gewerbeeinheiten (flexibel kombinierbar)<\/li>\n<li style=\"text-align: center;\">2 H\u00e4user mit 2 Eing\u00e4ngen zur Stra\u00dfe<\/li>\n<li style=\"text-align: center;\">Vielf\u00e4ltige Wohnungsschnitte mit 31 &#8211; 95 m\u00b2 Wohnfl\u00e4che mit 1 &#8211; 3 Zimmer<\/li>\n<li style=\"text-align: center;\">Gewerbeeinheiten mit 39 &#8211; 56 m\u00b2 Fl\u00e4che<\/li>\n<li style=\"text-align: center;\">Alle Wohnungen mit Balkon, Loggia oder (Dach-)Terrasse<\/li>\n<li style=\"text-align: center;\">Ausstattung in der Behrendt-Designlinie LIVING CITY<\/li>\n<li style=\"text-align: center;\">5 Wohnungen barrierearm<\/li>\n<li style=\"text-align: center;\">Alle Wohnungen mit Fu\u00dfbodenheizung<\/li>\n<li style=\"text-align: center;\">Aufz\u00fcge in beiden H\u00e4usern<\/li>\n<li style=\"text-align: center;\">Fahrradabstellfl\u00e4che im Erdgeschoss<\/li>\n<li style=\"text-align: center;\">KfW 55 Energieeffizienzhaus<\/li>\n<li style=\"text-align: center;\">Courtagefrei \u2013 direkt vom Bautr\u00e4ger<\/li>\n<li style=\"text-align: center;\">Fertigstellung ab <strong>Fr\u00fchjahr 2023<\/strong><\/li>\n<\/ul>\n<p>[\/vc_column_text][vc_empty_space height=&#8220;4em&#8220;][vc_btn title=&#8220;Zu den Wohnungen&#8220; align=&#8220;center&#8220; el_class=&#8220;my-Button line-btn&#8220; link=&#8220;url:%23wohnungen|||&#8220;][vc_empty_space height=&#8220;1em&#8220;][vc_btn title=&#8220;ZU den Gewerbefl\u00e4chen&#8220; align=&#8220;center&#8220; el_class=&#8220;my-Button line-btn&#8220; link=&#8220;url:%23gewerbeflachen&#8220;][vc_empty_space height=&#8220;3em&#8220;][\/vc_column_inner][\/vc_row_inner][\/vc_column][\/vc_row][vc_row full_width=&#8220;stretch_row_content&#8220; content_placement=&#8220;middle&#8220; el_class=&#8220;full-size-image-wapper&#8220;][vc_column][vc_row_inner el_class=&#8220;overlay-svg-image&#8220;][vc_column_inner el_class=&#8220;hidden-section&#8220;][vc_single_image image=&#8220;2606&#8243; img_size=&#8220;full&#8220; alignment=&#8220;center&#8220; el_class=&#8220;terasse-img terasse-img-desktop&#8220; el_id=&#8220;terasse-desktop&#8220;][vc_single_image image=&#8220;2607&#8243; img_size=&#8220;full&#8220; alignment=&#8220;center&#8220; el_class=&#8220;terasse-img&#8220; el_id=&#8220;terasse-tablet&#8220;][vc_single_image image=&#8220;2608&#8243; img_size=&#8220;full&#8220; alignment=&#8220;center&#8220; el_class=&#8220;terasse-img&#8220; el_id=&#8220;terasse-mobile&#8220;][\/vc_column_inner][\/vc_row_inner][\/vc_column][vc_column][vc_raw_html]JTNDZGl2JTIwY2xhc3MlM0QlMjJwYXJhbGxheC13aW5kb3clMjIlMjBkYXRhLXBhcmFsbGF4JTNEJTIyc2Nyb2xsJTIyJTIwZGF0YS1pbWFnZS1zcmMlM0QlMjIlMkYzNzEtYmFybWJlay1zdWVkJTJGd3AtY29udGVudCUyRnVwbG9hZHMlMkYyMDIxJTJGMDUlMkYzNzEtQmFybWJlay1TdWVkLVZpc3UtMi1QYXJhbGxheERlc2t0b3AuanBnJTIyJTNFJTNDJTJGZGl2JTNF[\/vc_raw_html][\/vc_column][\/vc_row][vc_row el_class=&#8220;threeD-Slider-wrapper image-center&#8220;][vc_column][vc_row_inner][vc_column_inner][vc_single_image image=&#8220;3610&#8243; img_size=&#8220;full&#8220; el_class=&#8220;image-mobile&#8220;][\/vc_column_inner][\/vc_row_inner][vc_row_inner][vc_column_inner][vc_single_image image=&#8220;3604&#8243; img_size=&#8220;full&#8220; el_class=&#8220;image-tablet&#8220;][\/vc_column_inner][\/vc_row_inner][vc_row_inner][vc_column_inner][vc_single_image image=&#8220;3600&#8243; img_size=&#8220;full&#8220; el_class=&#8220;image-desktop&#8220;][\/vc_column_inner][\/vc_row_inner][\/vc_column][\/vc_row][\/vc_section][vc_section][vc_row full_width=&#8220;stretch_row&#8220; el_id=&#8220;umgebung&#8220;][vc_column el_class=&#8220;overview-wrapper-content-block&#8220;][vc_empty_space height=&#8220;&#8220;][\/vc_column][\/vc_row][vc_row el_class=&#8220;right-copy-text-wrapper narrow section-content titel&#8220; css=&#8220;.vc_custom_1622714348890{background-image: url(https:\/\/behrendt.hamburg\/371-barmbek-sued\/wp-content\/uploads\/2021\/06\/Rectangle-204.jpg?id=3529) !important;background-position: center !important;background-repeat: no-repeat !important;background-size: contain !important;}&#8220;][vc_column][vc_column_text el_class=&#8220;h3-text-box&#8220;]<\/p>\n<h3>Die Umgebung<\/h3>\n<p>[\/vc_column_text][vc_column_text css_animation=&#8220;fadeInRight&#8220; el_class=&#8220;main-headline&#8220;]<\/p>\n<h2>Original in Hamburg.<\/h2>\n<p>[\/vc_column_text][vc_row_inner el_class=&#8220;image-size&#8220;][vc_column_inner el_class=&#8220;oberview-copy column-left&#8220; width=&#8220;1\/2&#8243;][vc_single_image image=&#8220;3024&#8243; img_size=&#8220;full&#8220;][vc_empty_space height=&#8220;50px&#8220; el_class=&#8220;spacer_10&#8243;][\/vc_column_inner][vc_column_inner width=&#8220;1\/2&#8243;][vc_column_text css_animation=&#8220;fadeInUp&#8220; el_class=&#8220;copy-text rm-box padding-right&#8220;]Am Osterbekkanal entlang joggen, gem\u00fctlich zur Arbeit radeln und abends vom Konzert auf Kampnagel selig nach Hause spazieren: Die hervorragende Lage direkt am Komponistenviertel, das urbane und doch bodenst\u00e4ndige Lebensgef\u00fchl, das typisch hamburgische Stadtbild und die kurzen Wege in die sch\u00f6nsten Ecken machen das Leben im <strong>TAKT DER STADT<\/strong> perfekt. Kein Wunder, dass Wohnen in Barmbek-S\u00fcd l\u00e4ngst kein Geheimtipp mehr ist.<\/p>\n<p><span><a onclick=\"read_toggle(113966423, '+', '-'); return false;\" class=\"read-link\" id=\"readlink113966423\" style=\"readlink\" href=\"#\">+<\/a><\/span>\n<div class=\"read_div\" id=\"read113966423\" style=\"display: none;\">Der Backsteincharme des fr\u00fcheren Arbeiterviertels wird durchmischt von klassischen Gr\u00fcnderzeith\u00e4usern und modernen Wohnquartieren. Die N\u00e4he zur Alster, Eilbek- und Osterbekkanal verleihen dem Stadtteil zus\u00e4tzlich ein besonderes, entspanntes Flair. Aber auch was Gastronomie-, Kultur- und Szene-Locations betrifft, sind Sie umgeben von vielf\u00e4ltigsten M\u00f6glichkeiten.<\/p>\n<p>Selbstverst\u00e4ndlich l\u00e4sst die Infrastruktur hier mitten in Hamburg keine W\u00fcnsche offen. F\u00fcnf Minuten zu Fu\u00df zur U3 an der Hamburger Stra\u00dfe oder zum Einkaufszentrum Hamburger Meile. Zehn Minuten mit dem Rad z.B. zur Au\u00dfenalster oder zum Stadtpark. Und ein riesiges Aktivit\u00e4ts- und Freizeitangebot, dank der vielen Segel-, Sport- und Fitnessclubs in der Umgebung.<\/p>\n<p>Wenn Sie nirgendwo anders als in Hamburg wohnen und Ihr Geld in eine wertstabile, zentral gelegene Immobilie investieren wollen, ist der <strong>TAKT DER STADT<\/strong> genau Ihr Ding.<\/p>\n<p><\/div>[\/vc_column_text][\/vc_column_inner][\/vc_row_inner][\/vc_column][\/vc_row][vc_row full_width=&#8220;stretch_row_content_no_spaces&#8220; content_placement=&#8220;middle&#8220; el_class=&#8220;full-size-map-wapper&#8220;][vc_column][vc_empty_space height=&#8220;2em&#8220; el_class=&#8220;remove-on-mobile&#8220;][vc_row_inner el_class=&#8220;map&#8220;][vc_column_inner][vc_raw_html css=&#8220;&#8220;]JTVCcHV0X3dwZ20lMjBpZCUzRDIlNUQlMEE=[\/vc_raw_html][\/vc_column_inner][\/vc_row_inner][\/vc_column][\/vc_row][vc_row el_id=&#8220;bildergalerie&#8220;][vc_column][vc_empty_space height=&#8220;&#8220; el_class=&#8220;space&#8220;][vc_row_inner el_class=&#8220;block-titel&#8220;][vc_column_inner][vc_column_text css_animation=&#8220;fadeInRight&#8220; el_class=&#8220;bigger-headline&#8220;]<\/p>\n<h4 style=\"text-align: center;\">ENTSPANNTER GRO\u00dfSTADT-FLOW.<\/h4>\n<p>[\/vc_column_text][\/vc_column_inner][\/vc_row_inner][vc_row_inner el_class=&#8220;slider-gallery&#8220;][vc_column_inner][vc_empty_space height=&#8220;2em&#8220;]\n\t\t\t<!-- START Umgebung Slider REVOLUTION SLIDER 6.4.6 --><p class=\"rs-p-wp-fix\"><\/p>\n\t\t\t<rs-module-wrap id=\"rev_slider_28_1_wrapper\" data-source=\"gallery\" style=\"background:transparent;padding:0;margin:0px auto;margin-top:0;margin-bottom:0;\">\n\t\t\t\t<rs-module id=\"rev_slider_28_1\" style=\"\" data-version=\"6.4.6\">\n\t\t\t\t\t<rs-slides>\n\t\t\t\t\t\t<rs-slide data-key=\"rs-119\" data-title=\"Elsa Park\" data-in=\"o:0;\" data-out=\"a:false;\">\n\t\t\t\t\t\t\t<img decoding=\"async\" src=\"\/\/behrendt.hamburg\/371-barmbek-sued\/wp-content\/plugins\/revslider\/public\/assets\/assets\/transparent.png\" alt=\"Elsa Park\" title=\"Startseite\" class=\"rev-slidebg tp-rs-img\" data-no-retina>\n<!--\n\t\t\t\t\t\t\t--><rs-layer\n\t\t\t\t\t\t\t\tid=\"slider-28-slide-119-layer-0\" \n\t\t\t\t\t\t\t\tdata-type=\"image\"\n\t\t\t\t\t\t\t\tdata-rsp_ch=\"on\"\n\t\t\t\t\t\t\t\tdata-xy=\"x:c;\"\n\t\t\t\t\t\t\t\tdata-text=\"w:normal;s:20,14,14,4;l:0,17,17,6;\"\n\t\t\t\t\t\t\t\tdata-dim=\"w:1196px,780px,780px,285px;h:660px,430px,430px,157px;\"\n\t\t\t\t\t\t\t\tdata-vbility=\"t,t,t,f\"\n\t\t\t\t\t\t\t\tdata-frame_999=\"o:0;st:w;\"\n\t\t\t\t\t\t\t\tstyle=\"z-index:9;\"\n\t\t\t\t\t\t\t><img loading=\"lazy\" decoding=\"async\" src=\"\/\/behrendt.hamburg\/371-barmbek-sued\/wp-content\/uploads\/2021\/05\/371-Slider-Umgebung-Desktop-ElsaPark.jpg\" class=\"tp-rs-img\" width=\"1196\" height=\"660\" data-no-retina> \n\t\t\t\t\t\t\t<\/rs-layer><!--\n\n\t\t\t\t\t\t\t--><rs-layer\n\t\t\t\t\t\t\t\tid=\"slider-28-slide-119-layer-1\" \n\t\t\t\t\t\t\t\tclass=\"text-shape\"\n\t\t\t\t\t\t\t\tdata-type=\"text\"\n\t\t\t\t\t\t\t\tdata-color=\"#808180\"\n\t\t\t\t\t\t\t\tdata-rsp_ch=\"on\"\n\t\t\t\t\t\t\t\tdata-xy=\"x:c;xo:-380px,0,-380px,0;y:b;yo:9px,175px,175px,150px;\"\n\t\t\t\t\t\t\t\tdata-text=\"w:normal;s:14;l:24;\"\n\t\t\t\t\t\t\t\tdata-dim=\"w:300px,650px,650px,350px;h:137px,100px,100px,112px;\"\n\t\t\t\t\t\t\t\tdata-padding=\"t:27,19,19,30;r:30,21,21,30;b:17,12,12,30;l:30,21,21,30;\"\n\t\t\t\t\t\t\t\tdata-border=\"bos:solid;bow:2px,2px,2px,2px;\"\n\t\t\t\t\t\t\t\tdata-frame_999=\"o:0;st:w;\"\n\t\t\t\t\t\t\t\tstyle=\"z-index:10;background-color:rgba(231,238,245,0.85);font-family:Arial, Helvetica, sans-serif;\"\n\t\t\t\t\t\t\t>Elsa Park: viel Gr\u00fcnfl\u00e4che mit Spielplatz und Trimm-Dich-Pfad gleich am Ende der Stra\u00dfe. \n\t\t\t\t\t\t\t<\/rs-layer><!--\n\n\t\t\t\t\t\t\t--><rs-layer\n\t\t\t\t\t\t\t\tid=\"slider-28-slide-119-layer-5\" \n\t\t\t\t\t\t\t\tdata-type=\"image\"\n\t\t\t\t\t\t\t\tdata-rsp_ch=\"on\"\n\t\t\t\t\t\t\t\tdata-xy=\"x:l,l,l,c;xo:50px,35px,35px,0;yo:50px,35px,35px,0;\"\n\t\t\t\t\t\t\t\tdata-text=\"w:normal;s:20,14,14,4;l:0,17,17,6;\"\n\t\t\t\t\t\t\t\tdata-dim=\"w:300px,213px,213px,389px;h:352px,250px,250px,456px;\"\n\t\t\t\t\t\t\t\tdata-vbility=\"f,f,f,t\"\n\t\t\t\t\t\t\t\tdata-frame_999=\"o:0;st:w;\"\n\t\t\t\t\t\t\t\tstyle=\"z-index:8;\"\n\t\t\t\t\t\t\t><img loading=\"lazy\" decoding=\"async\" src=\"\/\/behrendt.hamburg\/371-barmbek-sued\/wp-content\/uploads\/2021\/05\/371-Slider-Umgebung-Mobile-ElsaPark.jpg\" class=\"tp-rs-img\" width=\"375\" height=\"440\" data-no-retina> \n\t\t\t\t\t\t\t<\/rs-layer><!--\n-->\t\t\t\t\t\t<\/rs-slide>\n\t\t\t\t\t\t<rs-slide data-key=\"rs-120\" data-title=\"Eilbekkanal\" data-in=\"o:0;\" data-out=\"a:false;\">\n\t\t\t\t\t\t\t<img decoding=\"async\" src=\"\/\/behrendt.hamburg\/371-barmbek-sued\/wp-content\/plugins\/revslider\/public\/assets\/assets\/transparent.png\" alt=\"Eilbekkanal\" title=\"Startseite\" class=\"rev-slidebg tp-rs-img\" data-no-retina>\n<!--\n\t\t\t\t\t\t\t--><rs-layer\n\t\t\t\t\t\t\t\tid=\"slider-28-slide-120-layer-0\" \n\t\t\t\t\t\t\t\tdata-type=\"image\"\n\t\t\t\t\t\t\t\tdata-rsp_ch=\"on\"\n\t\t\t\t\t\t\t\tdata-xy=\"x:c;\"\n\t\t\t\t\t\t\t\tdata-text=\"w:normal;s:20,14,14,4;l:0,17,17,6;\"\n\t\t\t\t\t\t\t\tdata-dim=\"w:1196px,780px,780px,285px;h:660px,430px,430px,157px;\"\n\t\t\t\t\t\t\t\tdata-vbility=\"t,t,t,f\"\n\t\t\t\t\t\t\t\tdata-frame_999=\"o:0;st:w;\"\n\t\t\t\t\t\t\t\tstyle=\"z-index:9;\"\n\t\t\t\t\t\t\t><img loading=\"lazy\" decoding=\"async\" src=\"\/\/behrendt.hamburg\/371-barmbek-sued\/wp-content\/uploads\/2021\/05\/371-Slider-Umgebung-Desktop-Eilbekkanal.jpg\" class=\"tp-rs-img\" width=\"1196\" height=\"660\" data-no-retina> \n\t\t\t\t\t\t\t<\/rs-layer><!--\n\n\t\t\t\t\t\t\t--><rs-layer\n\t\t\t\t\t\t\t\tid=\"slider-28-slide-120-layer-1\" \n\t\t\t\t\t\t\t\tclass=\"text-shape\"\n\t\t\t\t\t\t\t\tdata-type=\"text\"\n\t\t\t\t\t\t\t\tdata-color=\"#808180\"\n\t\t\t\t\t\t\t\tdata-rsp_ch=\"on\"\n\t\t\t\t\t\t\t\tdata-xy=\"x:c;xo:-380px,0,-380px,2px;y:b;yo:9px,175px,175px,151px;\"\n\t\t\t\t\t\t\t\tdata-text=\"w:normal;s:14;l:24;\"\n\t\t\t\t\t\t\t\tdata-dim=\"w:300px,650px,650px,350px;h:137px,100px,100px,112px;\"\n\t\t\t\t\t\t\t\tdata-padding=\"t:27,19,19,30;r:30,21,21,30;b:17,12,12,30;l:30,21,21,30;\"\n\t\t\t\t\t\t\t\tdata-border=\"bos:solid;bow:2px,2px,2px,2px;\"\n\t\t\t\t\t\t\t\tdata-frame_999=\"o:0;st:w;\"\n\t\t\t\t\t\t\t\tstyle=\"z-index:10;background-color:rgba(231,238,245,0.85);font-family:Arial, Helvetica, sans-serif;\"\n\t\t\t\t\t\t\t>Eilbekkanal: Wohnen auf dem Wasser. \n\t\t\t\t\t\t\t<\/rs-layer><!--\n\n\t\t\t\t\t\t\t--><rs-layer\n\t\t\t\t\t\t\t\tid=\"slider-28-slide-120-layer-5\" \n\t\t\t\t\t\t\t\tdata-type=\"image\"\n\t\t\t\t\t\t\t\tdata-rsp_ch=\"on\"\n\t\t\t\t\t\t\t\tdata-xy=\"x:l,l,l,c;xo:50px,35px,35px,0;yo:50px,35px,35px,0;\"\n\t\t\t\t\t\t\t\tdata-text=\"w:normal;s:20,14,14,4;l:0,17,17,6;\"\n\t\t\t\t\t\t\t\tdata-dim=\"w:300px,213px,213px,389px;h:352px,250px,250px,456px;\"\n\t\t\t\t\t\t\t\tdata-vbility=\"f,f,f,t\"\n\t\t\t\t\t\t\t\tdata-frame_999=\"o:0;st:w;\"\n\t\t\t\t\t\t\t\tstyle=\"z-index:8;\"\n\t\t\t\t\t\t\t><img loading=\"lazy\" decoding=\"async\" src=\"\/\/behrendt.hamburg\/371-barmbek-sued\/wp-content\/uploads\/2021\/05\/371-Slider-Umgebung-Mobile-Eilbekkanal.jpg\" class=\"tp-rs-img\" width=\"375\" height=\"440\" data-no-retina> \n\t\t\t\t\t\t\t<\/rs-layer><!--\n-->\t\t\t\t\t\t<\/rs-slide>\n\t\t\t\t\t\t<rs-slide data-key=\"rs-121\" data-title=\"Biedermannplatz\" data-in=\"o:0;\" data-out=\"a:false;\">\n\t\t\t\t\t\t\t<img decoding=\"async\" src=\"\/\/behrendt.hamburg\/371-barmbek-sued\/wp-content\/plugins\/revslider\/public\/assets\/assets\/transparent.png\" alt=\"Biedermannplatz\" title=\"Startseite\" class=\"rev-slidebg tp-rs-img\" data-no-retina>\n<!--\n\t\t\t\t\t\t\t--><rs-layer\n\t\t\t\t\t\t\t\tid=\"slider-28-slide-121-layer-0\" \n\t\t\t\t\t\t\t\tdata-type=\"image\"\n\t\t\t\t\t\t\t\tdata-rsp_ch=\"on\"\n\t\t\t\t\t\t\t\tdata-xy=\"x:c;\"\n\t\t\t\t\t\t\t\tdata-text=\"w:normal;s:20,14,14,4;l:0,17,17,6;\"\n\t\t\t\t\t\t\t\tdata-dim=\"w:1196px,780px,780px,285px;h:660px,430px,430px,157px;\"\n\t\t\t\t\t\t\t\tdata-vbility=\"t,t,t,f\"\n\t\t\t\t\t\t\t\tdata-frame_999=\"o:0;st:w;\"\n\t\t\t\t\t\t\t\tstyle=\"z-index:9;\"\n\t\t\t\t\t\t\t><img loading=\"lazy\" decoding=\"async\" src=\"\/\/behrendt.hamburg\/371-barmbek-sued\/wp-content\/uploads\/2021\/05\/371-Slider-Umgebung-Desktop-Biedermannplatz.jpg\" class=\"tp-rs-img\" width=\"1196\" height=\"660\" data-no-retina> \n\t\t\t\t\t\t\t<\/rs-layer><!--\n\n\t\t\t\t\t\t\t--><rs-layer\n\t\t\t\t\t\t\t\tid=\"slider-28-slide-121-layer-1\" \n\t\t\t\t\t\t\t\tclass=\"text-shape\"\n\t\t\t\t\t\t\t\tdata-type=\"text\"\n\t\t\t\t\t\t\t\tdata-color=\"#808180\"\n\t\t\t\t\t\t\t\tdata-rsp_ch=\"on\"\n\t\t\t\t\t\t\t\tdata-xy=\"x:c;xo:-380px,0,-380px,1px;y:b;yo:9px,175px,175px,150px;\"\n\t\t\t\t\t\t\t\tdata-text=\"w:normal;s:14;l:24;\"\n\t\t\t\t\t\t\t\tdata-dim=\"w:300px,650px,650px,350px;h:137px,100px,100px,112px;\"\n\t\t\t\t\t\t\t\tdata-padding=\"t:30,21,21,30;r:30,21,21,30;b:30,21,21,30;l:30,21,21,30;\"\n\t\t\t\t\t\t\t\tdata-border=\"bos:solid;bow:2px,2px,2px,2px;\"\n\t\t\t\t\t\t\t\tdata-frame_999=\"o:0;st:w;\"\n\t\t\t\t\t\t\t\tstyle=\"z-index:10;background-color:rgba(231,238,245,0.85);font-family:Arial, Helvetica, sans-serif;\"\n\t\t\t\t\t\t\t>Kirche am Biedermannplatz: heute ein Theater.  \n\t\t\t\t\t\t\t<\/rs-layer><!--\n\n\t\t\t\t\t\t\t--><rs-layer\n\t\t\t\t\t\t\t\tid=\"slider-28-slide-121-layer-5\" \n\t\t\t\t\t\t\t\tdata-type=\"image\"\n\t\t\t\t\t\t\t\tdata-rsp_ch=\"on\"\n\t\t\t\t\t\t\t\tdata-xy=\"x:l,l,l,c;xo:50px,35px,35px,0;yo:50px,35px,35px,0;\"\n\t\t\t\t\t\t\t\tdata-text=\"w:normal;s:20,14,14,4;l:0,17,17,6;\"\n\t\t\t\t\t\t\t\tdata-dim=\"w:300px,213px,213px,389px;h:352px,250px,250px,456px;\"\n\t\t\t\t\t\t\t\tdata-vbility=\"f,f,f,t\"\n\t\t\t\t\t\t\t\tdata-frame_999=\"o:0;st:w;\"\n\t\t\t\t\t\t\t\tstyle=\"z-index:8;\"\n\t\t\t\t\t\t\t><img loading=\"lazy\" decoding=\"async\" src=\"\/\/behrendt.hamburg\/371-barmbek-sued\/wp-content\/uploads\/2021\/05\/371-Slider-Umgebung-Mobile-Biedermannplatz.jpg\" class=\"tp-rs-img\" width=\"375\" height=\"440\" data-no-retina> \n\t\t\t\t\t\t\t<\/rs-layer><!--\n-->\t\t\t\t\t\t<\/rs-slide>\n\t\t\t\t\t\t<rs-slide data-key=\"rs-122\" data-title=\"Osterbekkanal\" data-in=\"o:0;\" data-out=\"a:false;\">\n\t\t\t\t\t\t\t<img decoding=\"async\" src=\"\/\/behrendt.hamburg\/371-barmbek-sued\/wp-content\/plugins\/revslider\/public\/assets\/assets\/transparent.png\" alt=\"Osterbekkanal\" title=\"Startseite\" class=\"rev-slidebg tp-rs-img\" data-no-retina>\n<!--\n\t\t\t\t\t\t\t--><rs-layer\n\t\t\t\t\t\t\t\tid=\"slider-28-slide-122-layer-0\" \n\t\t\t\t\t\t\t\tdata-type=\"image\"\n\t\t\t\t\t\t\t\tdata-rsp_ch=\"on\"\n\t\t\t\t\t\t\t\tdata-xy=\"x:c;\"\n\t\t\t\t\t\t\t\tdata-text=\"w:normal;s:20,14,14,4;l:0,17,17,6;\"\n\t\t\t\t\t\t\t\tdata-dim=\"w:1196px,780px,780px,285px;h:660px,430px,430px,157px;\"\n\t\t\t\t\t\t\t\tdata-vbility=\"t,t,t,f\"\n\t\t\t\t\t\t\t\tdata-frame_999=\"o:0;st:w;\"\n\t\t\t\t\t\t\t\tstyle=\"z-index:9;\"\n\t\t\t\t\t\t\t><img loading=\"lazy\" decoding=\"async\" src=\"\/\/behrendt.hamburg\/371-barmbek-sued\/wp-content\/uploads\/2021\/05\/371-Slider-Umgebung-Desktop-Osterbekkanal.jpg\" class=\"tp-rs-img\" width=\"1196\" height=\"660\" data-no-retina> \n\t\t\t\t\t\t\t<\/rs-layer><!--\n\n\t\t\t\t\t\t\t--><rs-layer\n\t\t\t\t\t\t\t\tid=\"slider-28-slide-122-layer-1\" \n\t\t\t\t\t\t\t\tclass=\"text-shape\"\n\t\t\t\t\t\t\t\tdata-type=\"text\"\n\t\t\t\t\t\t\t\tdata-color=\"#808180\"\n\t\t\t\t\t\t\t\tdata-rsp_ch=\"on\"\n\t\t\t\t\t\t\t\tdata-xy=\"x:c;xo:-380px,0,-380px,0;y:b;yo:9px,175px,175px,150px;\"\n\t\t\t\t\t\t\t\tdata-text=\"w:normal;s:14;l:24;\"\n\t\t\t\t\t\t\t\tdata-dim=\"w:300px,650px,650px,350px;h:137px,100px,100px,112px;\"\n\t\t\t\t\t\t\t\tdata-padding=\"t:30,21,21,30;r:30,21,21,30;b:30,21,21,30;l:30,21,21,30;\"\n\t\t\t\t\t\t\t\tdata-border=\"bos:solid;bow:2px,2px,2px,2px;\"\n\t\t\t\t\t\t\t\tdata-frame_999=\"o:0;st:w;\"\n\t\t\t\t\t\t\t\tstyle=\"z-index:10;background-color:rgba(231,238,245,0.85);font-family:Arial, Helvetica, sans-serif;\"\n\t\t\t\t\t\t\t>Osterbekkanal: die n\u00f6rdliche Grenze des Viertels. \n\t\t\t\t\t\t\t<\/rs-layer><!--\n\n\t\t\t\t\t\t\t--><rs-layer\n\t\t\t\t\t\t\t\tid=\"slider-28-slide-122-layer-5\" \n\t\t\t\t\t\t\t\tdata-type=\"image\"\n\t\t\t\t\t\t\t\tdata-rsp_ch=\"on\"\n\t\t\t\t\t\t\t\tdata-xy=\"x:l,l,l,c;xo:50px,35px,35px,0;yo:50px,35px,35px,0;\"\n\t\t\t\t\t\t\t\tdata-text=\"w:normal;s:20,14,14,4;l:0,17,17,6;\"\n\t\t\t\t\t\t\t\tdata-dim=\"w:300px,213px,213px,389px;h:352px,250px,250px,456px;\"\n\t\t\t\t\t\t\t\tdata-vbility=\"f,f,f,t\"\n\t\t\t\t\t\t\t\tdata-frame_999=\"o:0;st:w;\"\n\t\t\t\t\t\t\t\tstyle=\"z-index:8;\"\n\t\t\t\t\t\t\t><img loading=\"lazy\" decoding=\"async\" src=\"\/\/behrendt.hamburg\/371-barmbek-sued\/wp-content\/uploads\/2021\/05\/371-Slider-Umgebung-Mobile-Osterbekkanal.jpg\" class=\"tp-rs-img\" width=\"375\" height=\"440\" data-no-retina> \n\t\t\t\t\t\t\t<\/rs-layer><!--\n-->\t\t\t\t\t\t<\/rs-slide>\n\t\t\t\t\t\t<rs-slide data-key=\"rs-123\" data-title=\"Hufnerstra\u00dfe\" data-in=\"o:0;\" data-out=\"a:false;\">\n\t\t\t\t\t\t\t<img decoding=\"async\" src=\"\/\/behrendt.hamburg\/371-barmbek-sued\/wp-content\/plugins\/revslider\/public\/assets\/assets\/transparent.png\" alt=\"Hufnerstra\u00dfe\" title=\"Startseite\" class=\"rev-slidebg tp-rs-img\" data-no-retina>\n<!--\n\t\t\t\t\t\t\t--><rs-layer\n\t\t\t\t\t\t\t\tid=\"slider-28-slide-123-layer-0\" \n\t\t\t\t\t\t\t\tdata-type=\"image\"\n\t\t\t\t\t\t\t\tdata-rsp_ch=\"on\"\n\t\t\t\t\t\t\t\tdata-xy=\"x:c;xo:0,1px,1px,0;\"\n\t\t\t\t\t\t\t\tdata-text=\"w:normal;s:20,14,14,4;l:0,17,17,6;\"\n\t\t\t\t\t\t\t\tdata-dim=\"w:1196px,780px,780px,285px;h:660px,430px,430px,157px;\"\n\t\t\t\t\t\t\t\tdata-vbility=\"t,t,t,f\"\n\t\t\t\t\t\t\t\tdata-frame_999=\"o:0;st:w;\"\n\t\t\t\t\t\t\t\tstyle=\"z-index:9;\"\n\t\t\t\t\t\t\t><img loading=\"lazy\" decoding=\"async\" src=\"\/\/behrendt.hamburg\/371-barmbek-sued\/wp-content\/uploads\/2021\/05\/371-Slider-Umgebung-Desktop-Hufnerstrasse.jpg\" class=\"tp-rs-img\" width=\"1196\" height=\"660\" data-no-retina> \n\t\t\t\t\t\t\t<\/rs-layer><!--\n\n\t\t\t\t\t\t\t--><rs-layer\n\t\t\t\t\t\t\t\tid=\"slider-28-slide-123-layer-1\" \n\t\t\t\t\t\t\t\tclass=\"text-shape\"\n\t\t\t\t\t\t\t\tdata-type=\"text\"\n\t\t\t\t\t\t\t\tdata-color=\"#808180\"\n\t\t\t\t\t\t\t\tdata-rsp_ch=\"on\"\n\t\t\t\t\t\t\t\tdata-xy=\"x:c;xo:-379px,0,-379px,0;y:b;yo:9px,175px,175px,150px;\"\n\t\t\t\t\t\t\t\tdata-text=\"w:normal;s:14;l:24;\"\n\t\t\t\t\t\t\t\tdata-dim=\"w:300px,650px,650px,350px;h:137px,100px,100px,112px;\"\n\t\t\t\t\t\t\t\tdata-padding=\"t:30,21,21,5;r:30,21,21,10;b:30,21,21,30;l:30,21,21,30;\"\n\t\t\t\t\t\t\t\tdata-border=\"bos:solid;bow:2px,2px,2px,2px;\"\n\t\t\t\t\t\t\t\tdata-frame_999=\"o:0;st:w;\"\n\t\t\t\t\t\t\t\tstyle=\"z-index:10;background-color:rgba(231,238,245,0.85);font-family:Arial, Helvetica, sans-serif;\"\n\t\t\t\t\t\t\t>In Barmbek \u2013 von Behrendt: von uns entwickeltes und gebautes Wohnhaus mit integriertem Teil einer alten Kirche in der Hufnerstra\u00dfe. \n\t\t\t\t\t\t\t<\/rs-layer><!--\n\n\t\t\t\t\t\t\t--><rs-layer\n\t\t\t\t\t\t\t\tid=\"slider-28-slide-123-layer-5\" \n\t\t\t\t\t\t\t\tdata-type=\"image\"\n\t\t\t\t\t\t\t\tdata-rsp_ch=\"on\"\n\t\t\t\t\t\t\t\tdata-xy=\"x:l,l,l,c;xo:50px,35px,35px,0;yo:50px,35px,35px,0;\"\n\t\t\t\t\t\t\t\tdata-text=\"w:normal;s:20,14,14,4;l:0,17,17,6;\"\n\t\t\t\t\t\t\t\tdata-dim=\"w:300px,213px,213px,389px;h:352px,250px,250px,456px;\"\n\t\t\t\t\t\t\t\tdata-vbility=\"f,f,f,t\"\n\t\t\t\t\t\t\t\tdata-frame_999=\"o:0;st:w;\"\n\t\t\t\t\t\t\t\tstyle=\"z-index:8;\"\n\t\t\t\t\t\t\t><img loading=\"lazy\" decoding=\"async\" src=\"\/\/behrendt.hamburg\/371-barmbek-sued\/wp-content\/uploads\/2021\/05\/371-Slider-Umgebung-Mobile-Hufnerstrasse.jpg\" class=\"tp-rs-img\" width=\"375\" height=\"440\" data-no-retina> \n\t\t\t\t\t\t\t<\/rs-layer><!--\n-->\t\t\t\t\t\t<\/rs-slide>\n\t\t\t\t\t\t<rs-slide data-key=\"rs-124\" data-title=\"Hamburger Meile\" data-in=\"o:0;\" data-out=\"a:false;\">\n\t\t\t\t\t\t\t<img decoding=\"async\" src=\"\/\/behrendt.hamburg\/371-barmbek-sued\/wp-content\/plugins\/revslider\/public\/assets\/assets\/transparent.png\" alt=\"Hamburger Meile\" title=\"Startseite\" class=\"rev-slidebg tp-rs-img\" data-no-retina>\n<!--\n\t\t\t\t\t\t\t--><rs-layer\n\t\t\t\t\t\t\t\tid=\"slider-28-slide-124-layer-0\" \n\t\t\t\t\t\t\t\tdata-type=\"image\"\n\t\t\t\t\t\t\t\tdata-rsp_ch=\"on\"\n\t\t\t\t\t\t\t\tdata-xy=\"x:c;\"\n\t\t\t\t\t\t\t\tdata-text=\"w:normal;s:20,14,14,4;l:0,17,17,6;\"\n\t\t\t\t\t\t\t\tdata-dim=\"w:1196px,780px,780px,285px;h:660px,430px,430px,157px;\"\n\t\t\t\t\t\t\t\tdata-vbility=\"t,t,t,f\"\n\t\t\t\t\t\t\t\tdata-frame_999=\"o:0;st:w;\"\n\t\t\t\t\t\t\t\tstyle=\"z-index:9;\"\n\t\t\t\t\t\t\t><img loading=\"lazy\" decoding=\"async\" src=\"\/\/behrendt.hamburg\/371-barmbek-sued\/wp-content\/uploads\/2021\/05\/371-Slider-Umgebung-Desktop-HamburgerMeile.jpg\" class=\"tp-rs-img\" width=\"1196\" height=\"660\" data-no-retina> \n\t\t\t\t\t\t\t<\/rs-layer><!--\n\n\t\t\t\t\t\t\t--><rs-layer\n\t\t\t\t\t\t\t\tid=\"slider-28-slide-124-layer-1\" \n\t\t\t\t\t\t\t\tclass=\"text-shape\"\n\t\t\t\t\t\t\t\tdata-type=\"text\"\n\t\t\t\t\t\t\t\tdata-color=\"#808180\"\n\t\t\t\t\t\t\t\tdata-rsp_ch=\"on\"\n\t\t\t\t\t\t\t\tdata-xy=\"x:c;xo:-380px,0,-380px,0;y:b;yo:9px,175px,175px,150px;\"\n\t\t\t\t\t\t\t\tdata-text=\"w:normal;s:14;l:24;\"\n\t\t\t\t\t\t\t\tdata-dim=\"w:300px,650px,650px,350px;h:137px,100px,100px,112px;\"\n\t\t\t\t\t\t\t\tdata-padding=\"t:30,21,21,30;r:30,21,21,30;b:30,21,21,30;l:30,21,21,30;\"\n\t\t\t\t\t\t\t\tdata-border=\"bos:solid;bow:2px,2px,2px,2px;\"\n\t\t\t\t\t\t\t\tdata-frame_999=\"o:0;st:w;\"\n\t\t\t\t\t\t\t\tstyle=\"z-index:10;background-color:rgba(231,238,245,0.85);font-family:Arial, Helvetica, sans-serif;\"\n\t\t\t\t\t\t\t>Hamburger Meile: Shopping in Hamburgs l\u00e4ngstem Einkaufszentrum. \n\t\t\t\t\t\t\t<\/rs-layer><!--\n\n\t\t\t\t\t\t\t--><rs-layer\n\t\t\t\t\t\t\t\tid=\"slider-28-slide-124-layer-5\" \n\t\t\t\t\t\t\t\tdata-type=\"image\"\n\t\t\t\t\t\t\t\tdata-rsp_ch=\"on\"\n\t\t\t\t\t\t\t\tdata-xy=\"x:l,l,l,c;xo:50px,35px,35px,0;yo:50px,35px,35px,0;\"\n\t\t\t\t\t\t\t\tdata-text=\"w:normal;s:20,14,14,4;l:0,17,17,6;\"\n\t\t\t\t\t\t\t\tdata-dim=\"w:300px,213px,213px,389px;h:352px,250px,250px,456px;\"\n\t\t\t\t\t\t\t\tdata-vbility=\"f,f,f,t\"\n\t\t\t\t\t\t\t\tdata-frame_999=\"o:0;st:w;\"\n\t\t\t\t\t\t\t\tstyle=\"z-index:8;\"\n\t\t\t\t\t\t\t><img loading=\"lazy\" decoding=\"async\" src=\"\/\/behrendt.hamburg\/371-barmbek-sued\/wp-content\/uploads\/2021\/05\/371-Slider-Umgebung-Mobile-HamburgerMeile.jpg\" class=\"tp-rs-img\" width=\"375\" height=\"440\" data-no-retina> \n\t\t\t\t\t\t\t<\/rs-layer><!--\n-->\t\t\t\t\t\t<\/rs-slide>\n\t\t\t\t\t\t<rs-slide data-key=\"rs-125\" data-title=\"Starker Kontrast\" data-in=\"o:0;\" data-out=\"a:false;\">\n\t\t\t\t\t\t\t<img decoding=\"async\" src=\"\/\/behrendt.hamburg\/371-barmbek-sued\/wp-content\/plugins\/revslider\/public\/assets\/assets\/transparent.png\" alt=\"Starker Kontrast\" title=\"Startseite\" class=\"rev-slidebg tp-rs-img\" data-no-retina>\n<!--\n\t\t\t\t\t\t\t--><rs-layer\n\t\t\t\t\t\t\t\tid=\"slider-28-slide-125-layer-0\" \n\t\t\t\t\t\t\t\tdata-type=\"image\"\n\t\t\t\t\t\t\t\tdata-rsp_ch=\"on\"\n\t\t\t\t\t\t\t\tdata-xy=\"x:c;\"\n\t\t\t\t\t\t\t\tdata-text=\"w:normal;s:20,14,14,4;l:0,17,17,6;\"\n\t\t\t\t\t\t\t\tdata-dim=\"w:1196px,780px,780px,285px;h:660px,430px,430px,157px;\"\n\t\t\t\t\t\t\t\tdata-vbility=\"t,t,t,f\"\n\t\t\t\t\t\t\t\tdata-frame_999=\"o:0;st:w;\"\n\t\t\t\t\t\t\t\tstyle=\"z-index:9;\"\n\t\t\t\t\t\t\t><img loading=\"lazy\" decoding=\"async\" src=\"\/\/behrendt.hamburg\/371-barmbek-sued\/wp-content\/uploads\/2021\/06\/371-Slider-Umgebung-Desktop-KontrasteMundsburg.jpg\" class=\"tp-rs-img\" width=\"1196\" height=\"660\" data-no-retina> \n\t\t\t\t\t\t\t<\/rs-layer><!--\n\n\t\t\t\t\t\t\t--><rs-layer\n\t\t\t\t\t\t\t\tid=\"slider-28-slide-125-layer-1\" \n\t\t\t\t\t\t\t\tclass=\"text-shape\"\n\t\t\t\t\t\t\t\tdata-type=\"text\"\n\t\t\t\t\t\t\t\tdata-color=\"#808180\"\n\t\t\t\t\t\t\t\tdata-rsp_ch=\"on\"\n\t\t\t\t\t\t\t\tdata-xy=\"x:c;xo:-380px,0,-380px,0;y:b;yo:9px,175px,175px,150px;\"\n\t\t\t\t\t\t\t\tdata-text=\"w:normal;s:14;l:24;\"\n\t\t\t\t\t\t\t\tdata-dim=\"w:300px,650px,650px,350px;h:137px,100px,100px,112px;\"\n\t\t\t\t\t\t\t\tdata-padding=\"t:30,21,21,30;r:30,21,21,30;b:30,21,21,30;l:30,21,21,30;\"\n\t\t\t\t\t\t\t\tdata-border=\"bos:solid;bow:2px,2px,2px,2px;\"\n\t\t\t\t\t\t\t\tdata-frame_999=\"o:0;st:w;\"\n\t\t\t\t\t\t\t\tstyle=\"z-index:10;background-color:rgba(231,238,245,0.85);font-family:Arial, Helvetica, sans-serif;\"\n\t\t\t\t\t\t\t>Barmbeker Kontraste: Mundsburg Drillinge mit bunten Altbauten gleich nebenan. \n\t\t\t\t\t\t\t<\/rs-layer><!--\n\n\t\t\t\t\t\t\t--><rs-layer\n\t\t\t\t\t\t\t\tid=\"slider-28-slide-125-layer-5\" \n\t\t\t\t\t\t\t\tdata-type=\"image\"\n\t\t\t\t\t\t\t\tdata-rsp_ch=\"on\"\n\t\t\t\t\t\t\t\tdata-xy=\"x:l,l,l,c;xo:50px,35px,35px,0;yo:50px,35px,35px,0;\"\n\t\t\t\t\t\t\t\tdata-text=\"w:normal;s:20,14,14,4;l:0,17,17,6;\"\n\t\t\t\t\t\t\t\tdata-dim=\"w:300px,213px,213px,389px;h:352px,250px,250px,456px;\"\n\t\t\t\t\t\t\t\tdata-vbility=\"f,f,f,t\"\n\t\t\t\t\t\t\t\tdata-frame_999=\"o:0;st:w;\"\n\t\t\t\t\t\t\t\tstyle=\"z-index:8;\"\n\t\t\t\t\t\t\t><img loading=\"lazy\" decoding=\"async\" src=\"\/\/behrendt.hamburg\/371-barmbek-sued\/wp-content\/uploads\/2021\/06\/371-Slider-Umgebung-Mobile-KontrastMundsburg.jpg\" class=\"tp-rs-img\" width=\"375\" height=\"440\" data-no-retina> \n\t\t\t\t\t\t\t<\/rs-layer><!--\n-->\t\t\t\t\t\t<\/rs-slide>\n\t\t\t\t\t\t<rs-slide data-key=\"rs-148\" data-title=\"Kampnagel\" data-in=\"o:0;\" data-out=\"a:false;\">\n\t\t\t\t\t\t\t<img decoding=\"async\" src=\"\/\/behrendt.hamburg\/371-barmbek-sued\/wp-content\/plugins\/revslider\/public\/assets\/assets\/transparent.png\" alt=\"Kampnagel\" title=\"Startseite\" class=\"rev-slidebg tp-rs-img\" data-no-retina>\n<!--\n\t\t\t\t\t\t\t--><rs-layer\n\t\t\t\t\t\t\t\tid=\"slider-28-slide-148-layer-0\" \n\t\t\t\t\t\t\t\tdata-type=\"image\"\n\t\t\t\t\t\t\t\tdata-rsp_ch=\"on\"\n\t\t\t\t\t\t\t\tdata-xy=\"x:c;\"\n\t\t\t\t\t\t\t\tdata-text=\"w:normal;s:20,14,14,4;l:0,17,17,6;\"\n\t\t\t\t\t\t\t\tdata-dim=\"w:1196px,780px,780px,285px;h:660px,430px,430px,157px;\"\n\t\t\t\t\t\t\t\tdata-vbility=\"t,t,t,f\"\n\t\t\t\t\t\t\t\tdata-frame_999=\"o:0;st:w;\"\n\t\t\t\t\t\t\t\tstyle=\"z-index:9;\"\n\t\t\t\t\t\t\t><img loading=\"lazy\" decoding=\"async\" src=\"\/\/behrendt.hamburg\/371-barmbek-sued\/wp-content\/uploads\/2021\/06\/371-Slider-Umgebung-Desktop-Kampnagel.jpg\" class=\"tp-rs-img\" width=\"1196\" height=\"660\" data-no-retina> \n\t\t\t\t\t\t\t<\/rs-layer><!--\n\n\t\t\t\t\t\t\t--><rs-layer\n\t\t\t\t\t\t\t\tid=\"slider-28-slide-148-layer-1\" \n\t\t\t\t\t\t\t\tclass=\"text-shape\"\n\t\t\t\t\t\t\t\tdata-type=\"text\"\n\t\t\t\t\t\t\t\tdata-color=\"#808180\"\n\t\t\t\t\t\t\t\tdata-rsp_ch=\"on\"\n\t\t\t\t\t\t\t\tdata-xy=\"x:c;xo:-380px,0,-380px,0;y:b;yo:9px,175px,175px,150px;\"\n\t\t\t\t\t\t\t\tdata-text=\"w:normal;s:14;l:24;\"\n\t\t\t\t\t\t\t\tdata-dim=\"w:300px,650px,650px,350px;h:137px,100px,100px,112px;\"\n\t\t\t\t\t\t\t\tdata-padding=\"t:27,19,19,30;r:30,21,21,30;b:17,12,12,30;l:30,21,21,30;\"\n\t\t\t\t\t\t\t\tdata-border=\"bos:solid;bow:2px,2px,2px,2px;\"\n\t\t\t\t\t\t\t\tdata-frame_999=\"o:0;st:w;\"\n\t\t\t\t\t\t\t\tstyle=\"z-index:10;background-color:rgba(231,238,245,0.85);font-family:Arial, Helvetica, sans-serif;\"\n\t\t\t\t\t\t\t>Kampnagel: anspruchsvolles, k\u00fcnstlerisches Programm in unmittelbarer N\u00e4he. \n\t\t\t\t\t\t\t<\/rs-layer><!--\n\n\t\t\t\t\t\t\t--><rs-layer\n\t\t\t\t\t\t\t\tid=\"slider-28-slide-148-layer-5\" \n\t\t\t\t\t\t\t\tdata-type=\"image\"\n\t\t\t\t\t\t\t\tdata-rsp_ch=\"on\"\n\t\t\t\t\t\t\t\tdata-xy=\"x:l,l,l,c;xo:50px,35px,35px,0;yo:50px,35px,35px,0;\"\n\t\t\t\t\t\t\t\tdata-text=\"w:normal;s:20,14,14,4;l:0,17,17,6;\"\n\t\t\t\t\t\t\t\tdata-dim=\"w:300px,213px,213px,389px;h:352px,250px,250px,456px;\"\n\t\t\t\t\t\t\t\tdata-vbility=\"f,f,f,t\"\n\t\t\t\t\t\t\t\tdata-frame_999=\"o:0;st:w;\"\n\t\t\t\t\t\t\t\tstyle=\"z-index:8;\"\n\t\t\t\t\t\t\t><img loading=\"lazy\" decoding=\"async\" src=\"\/\/behrendt.hamburg\/371-barmbek-sued\/wp-content\/uploads\/2021\/06\/371-Slider-Umgebung-Mobile-Kampnagel.jpg\" class=\"tp-rs-img\" width=\"375\" height=\"440\" data-no-retina> \n\t\t\t\t\t\t\t<\/rs-layer><!--\n-->\t\t\t\t\t\t<\/rs-slide>\n\t\t\t\t\t\t<rs-slide data-key=\"rs-147\" data-title=\"Beim Alten Sch\u00fctzenhof\" data-in=\"o:0;\" data-out=\"a:false;\">\n\t\t\t\t\t\t\t<img decoding=\"async\" src=\"\/\/behrendt.hamburg\/371-barmbek-sued\/wp-content\/plugins\/revslider\/public\/assets\/assets\/transparent.png\" alt=\"Beim Alten Sch\u00fctzenhof\" title=\"Startseite\" class=\"rev-slidebg tp-rs-img\" data-no-retina>\n<!--\n\t\t\t\t\t\t\t--><rs-layer\n\t\t\t\t\t\t\t\tid=\"slider-28-slide-147-layer-0\" \n\t\t\t\t\t\t\t\tdata-type=\"image\"\n\t\t\t\t\t\t\t\tdata-rsp_ch=\"on\"\n\t\t\t\t\t\t\t\tdata-xy=\"x:c;\"\n\t\t\t\t\t\t\t\tdata-text=\"w:normal;s:20,14,14,4;l:0,17,17,6;\"\n\t\t\t\t\t\t\t\tdata-dim=\"w:1196px,780px,780px,285px;h:660px,430px,430px,157px;\"\n\t\t\t\t\t\t\t\tdata-vbility=\"t,t,t,f\"\n\t\t\t\t\t\t\t\tdata-frame_999=\"o:0;st:w;\"\n\t\t\t\t\t\t\t\tstyle=\"z-index:9;\"\n\t\t\t\t\t\t\t><img loading=\"lazy\" decoding=\"async\" src=\"\/\/behrendt.hamburg\/371-barmbek-sued\/wp-content\/uploads\/2021\/06\/371-Slider-Umgebung-Desktop-Schuetzenhof.jpg\" class=\"tp-rs-img\" width=\"1196\" height=\"660\" data-no-retina> \n\t\t\t\t\t\t\t<\/rs-layer><!--\n\n\t\t\t\t\t\t\t--><rs-layer\n\t\t\t\t\t\t\t\tid=\"slider-28-slide-147-layer-1\" \n\t\t\t\t\t\t\t\tclass=\"text-shape\"\n\t\t\t\t\t\t\t\tdata-type=\"text\"\n\t\t\t\t\t\t\t\tdata-color=\"#808180\"\n\t\t\t\t\t\t\t\tdata-rsp_ch=\"on\"\n\t\t\t\t\t\t\t\tdata-xy=\"x:c;xo:-380px,0,-380px,0;y:b;yo:9px,175px,175px,150px;\"\n\t\t\t\t\t\t\t\tdata-text=\"w:normal;s:14;l:24;\"\n\t\t\t\t\t\t\t\tdata-dim=\"w:300px,650px,650px,350px;h:137px,100px,100px,112px;\"\n\t\t\t\t\t\t\t\tdata-padding=\"t:27,19,19,30;r:30,21,21,30;b:17,12,12,30;l:30,21,21,30;\"\n\t\t\t\t\t\t\t\tdata-border=\"bos:solid;bow:2px,2px,2px,2px;\"\n\t\t\t\t\t\t\t\tdata-frame_999=\"o:0;st:w;\"\n\t\t\t\t\t\t\t\tstyle=\"z-index:10;background-color:rgba(231,238,245,0.85);font-family:Arial, Helvetica, sans-serif;\"\n\t\t\t\t\t\t\t>Beim Alten Sch\u00fctzenhof: \u00e4ltestes Wohnhaus in Barmbek-S\u00fcd. \n\t\t\t\t\t\t\t<\/rs-layer><!--\n\n\t\t\t\t\t\t\t--><rs-layer\n\t\t\t\t\t\t\t\tid=\"slider-28-slide-147-layer-5\" \n\t\t\t\t\t\t\t\tdata-type=\"image\"\n\t\t\t\t\t\t\t\tdata-rsp_ch=\"on\"\n\t\t\t\t\t\t\t\tdata-xy=\"x:l,l,l,c;xo:50px,35px,35px,0;yo:50px,35px,35px,0;\"\n\t\t\t\t\t\t\t\tdata-text=\"w:normal;s:20,14,14,4;l:0,17,17,6;\"\n\t\t\t\t\t\t\t\tdata-dim=\"w:300px,213px,213px,389px;h:352px,250px,250px,456px;\"\n\t\t\t\t\t\t\t\tdata-vbility=\"f,f,f,t\"\n\t\t\t\t\t\t\t\tdata-frame_999=\"o:0;st:w;\"\n\t\t\t\t\t\t\t\tstyle=\"z-index:8;\"\n\t\t\t\t\t\t\t><img loading=\"lazy\" decoding=\"async\" src=\"\/\/behrendt.hamburg\/371-barmbek-sued\/wp-content\/uploads\/2021\/06\/371-Slider-Umgebung-Mobile-Schuetzenhof.jpg\" class=\"tp-rs-img\" width=\"375\" height=\"440\" data-no-retina> \n\t\t\t\t\t\t\t<\/rs-layer><!--\n-->\t\t\t\t\t\t<\/rs-slide>\n\t\t\t\t\t\t<rs-slide data-key=\"rs-149\" data-title=\"Alsterperle\" data-in=\"o:0;\" data-out=\"a:false;\">\n\t\t\t\t\t\t\t<img decoding=\"async\" src=\"\/\/behrendt.hamburg\/371-barmbek-sued\/wp-content\/plugins\/revslider\/public\/assets\/assets\/transparent.png\" alt=\"Alsterperle\" title=\"Startseite\" class=\"rev-slidebg tp-rs-img\" data-no-retina>\n<!--\n\t\t\t\t\t\t\t--><rs-layer\n\t\t\t\t\t\t\t\tid=\"slider-28-slide-149-layer-0\" \n\t\t\t\t\t\t\t\tdata-type=\"image\"\n\t\t\t\t\t\t\t\tdata-rsp_ch=\"on\"\n\t\t\t\t\t\t\t\tdata-xy=\"x:c;\"\n\t\t\t\t\t\t\t\tdata-text=\"w:normal;s:20,14,14,4;l:0,17,17,6;\"\n\t\t\t\t\t\t\t\tdata-dim=\"w:1196px,780px,780px,285px;h:660px,430px,430px,157px;\"\n\t\t\t\t\t\t\t\tdata-vbility=\"t,t,t,f\"\n\t\t\t\t\t\t\t\tdata-frame_999=\"o:0;st:w;\"\n\t\t\t\t\t\t\t\tstyle=\"z-index:9;\"\n\t\t\t\t\t\t\t><img loading=\"lazy\" decoding=\"async\" src=\"\/\/behrendt.hamburg\/371-barmbek-sued\/wp-content\/uploads\/2021\/06\/371-Slider-Umgebung-Desktop-Alsterblick.jpg\" class=\"tp-rs-img\" width=\"1196\" height=\"660\" data-no-retina> \n\t\t\t\t\t\t\t<\/rs-layer><!--\n\n\t\t\t\t\t\t\t--><rs-layer\n\t\t\t\t\t\t\t\tid=\"slider-28-slide-149-layer-1\" \n\t\t\t\t\t\t\t\tclass=\"text-shape\"\n\t\t\t\t\t\t\t\tdata-type=\"text\"\n\t\t\t\t\t\t\t\tdata-color=\"#808180\"\n\t\t\t\t\t\t\t\tdata-rsp_ch=\"on\"\n\t\t\t\t\t\t\t\tdata-xy=\"x:c;xo:-380px,0,-380px,0;y:b;yo:9px,175px,175px,150px;\"\n\t\t\t\t\t\t\t\tdata-text=\"w:normal;s:14;l:24;\"\n\t\t\t\t\t\t\t\tdata-dim=\"w:300px,650px,650px,350px;h:137px,100px,100px,112px;\"\n\t\t\t\t\t\t\t\tdata-padding=\"t:27,19,19,30;r:30,21,21,30;b:17,12,12,30;l:30,21,21,30;\"\n\t\t\t\t\t\t\t\tdata-border=\"bos:solid;bow:2px,2px,2px,2px;\"\n\t\t\t\t\t\t\t\tdata-frame_999=\"o:0;st:w;\"\n\t\t\t\t\t\t\t\tstyle=\"z-index:10;background-color:rgba(231,238,245,0.85);font-family:Arial, Helvetica, sans-serif;\"\n\t\t\t\t\t\t\t>Alsterperle: Den Blick schweifen lassen und den Feierabend genie\u00dfen. \n\t\t\t\t\t\t\t<\/rs-layer><!--\n\n\t\t\t\t\t\t\t--><rs-layer\n\t\t\t\t\t\t\t\tid=\"slider-28-slide-149-layer-5\" \n\t\t\t\t\t\t\t\tdata-type=\"image\"\n\t\t\t\t\t\t\t\tdata-rsp_ch=\"on\"\n\t\t\t\t\t\t\t\tdata-xy=\"x:l,l,l,c;xo:50px,35px,35px,0;yo:50px,35px,35px,0;\"\n\t\t\t\t\t\t\t\tdata-text=\"w:normal;s:20,14,14,4;l:0,17,17,6;\"\n\t\t\t\t\t\t\t\tdata-dim=\"w:300px,213px,213px,389px;h:352px,250px,250px,456px;\"\n\t\t\t\t\t\t\t\tdata-vbility=\"f,f,f,t\"\n\t\t\t\t\t\t\t\tdata-frame_999=\"o:0;st:w;\"\n\t\t\t\t\t\t\t\tstyle=\"z-index:8;\"\n\t\t\t\t\t\t\t><img loading=\"lazy\" decoding=\"async\" src=\"\/\/behrendt.hamburg\/371-barmbek-sued\/wp-content\/uploads\/2021\/06\/371-Slider-Umgebung-Mobile-Alsterblick.jpg\" class=\"tp-rs-img\" width=\"375\" height=\"440\" data-no-retina> \n\t\t\t\t\t\t\t<\/rs-layer><!--\n-->\t\t\t\t\t\t<\/rs-slide>\n\t\t\t\t\t\t<rs-slide data-key=\"rs-150\" data-title=\"Alsterwiese Schwanenwik\" data-in=\"o:0;\" data-out=\"a:false;\">\n\t\t\t\t\t\t\t<img decoding=\"async\" src=\"\/\/behrendt.hamburg\/371-barmbek-sued\/wp-content\/plugins\/revslider\/public\/assets\/assets\/transparent.png\" alt=\"Alsterwiese Schwanenwik\" title=\"Startseite\" class=\"rev-slidebg tp-rs-img\" data-no-retina>\n<!--\n\t\t\t\t\t\t\t--><rs-layer\n\t\t\t\t\t\t\t\tid=\"slider-28-slide-150-layer-0\" \n\t\t\t\t\t\t\t\tdata-type=\"image\"\n\t\t\t\t\t\t\t\tdata-rsp_ch=\"on\"\n\t\t\t\t\t\t\t\tdata-xy=\"x:c;\"\n\t\t\t\t\t\t\t\tdata-text=\"w:normal;s:20,14,14,4;l:0,17,17,6;\"\n\t\t\t\t\t\t\t\tdata-dim=\"w:1196px,780px,780px,285px;h:660px,430px,430px,157px;\"\n\t\t\t\t\t\t\t\tdata-vbility=\"t,t,t,f\"\n\t\t\t\t\t\t\t\tdata-frame_999=\"o:0;st:w;\"\n\t\t\t\t\t\t\t\tstyle=\"z-index:9;\"\n\t\t\t\t\t\t\t><img loading=\"lazy\" decoding=\"async\" src=\"\/\/behrendt.hamburg\/371-barmbek-sued\/wp-content\/uploads\/2021\/06\/371-Slider-Umgebung-Desktop-Alsterwiese.jpg\" class=\"tp-rs-img\" width=\"1196\" height=\"660\" data-no-retina> \n\t\t\t\t\t\t\t<\/rs-layer><!--\n\n\t\t\t\t\t\t\t--><rs-layer\n\t\t\t\t\t\t\t\tid=\"slider-28-slide-150-layer-1\" \n\t\t\t\t\t\t\t\tclass=\"text-shape\"\n\t\t\t\t\t\t\t\tdata-type=\"text\"\n\t\t\t\t\t\t\t\tdata-color=\"#808180\"\n\t\t\t\t\t\t\t\tdata-rsp_ch=\"on\"\n\t\t\t\t\t\t\t\tdata-xy=\"x:c;xo:-380px,0,-380px,0;y:b;yo:9px,175px,175px,150px;\"\n\t\t\t\t\t\t\t\tdata-text=\"w:normal;s:14;l:24;\"\n\t\t\t\t\t\t\t\tdata-dim=\"w:300px,650px,650px,350px;h:137px,100px,100px,112px;\"\n\t\t\t\t\t\t\t\tdata-padding=\"t:27,19,19,30;r:30,21,21,30;b:17,12,12,30;l:30,21,21,30;\"\n\t\t\t\t\t\t\t\tdata-border=\"bos:solid;bow:2px,2px,2px,2px;\"\n\t\t\t\t\t\t\t\tdata-frame_999=\"o:0;st:w;\"\n\t\t\t\t\t\t\t\tstyle=\"z-index:10;background-color:rgba(231,238,245,0.85);font-family:Arial, Helvetica, sans-serif;\"\n\t\t\t\t\t\t\t>Alsterwiese Schwanenwik: Freunde treffen, joggen gehen oder einfach nur chillen. \n\t\t\t\t\t\t\t<\/rs-layer><!--\n\n\t\t\t\t\t\t\t--><rs-layer\n\t\t\t\t\t\t\t\tid=\"slider-28-slide-150-layer-5\" \n\t\t\t\t\t\t\t\tdata-type=\"image\"\n\t\t\t\t\t\t\t\tdata-rsp_ch=\"on\"\n\t\t\t\t\t\t\t\tdata-xy=\"x:l,l,l,c;xo:50px,35px,35px,0;yo:50px,35px,35px,0;\"\n\t\t\t\t\t\t\t\tdata-text=\"w:normal;s:20,14,14,4;l:0,17,17,6;\"\n\t\t\t\t\t\t\t\tdata-dim=\"w:300px,213px,213px,389px;h:352px,250px,250px,456px;\"\n\t\t\t\t\t\t\t\tdata-vbility=\"f,f,f,t\"\n\t\t\t\t\t\t\t\tdata-frame_999=\"o:0;st:w;\"\n\t\t\t\t\t\t\t\tstyle=\"z-index:8;\"\n\t\t\t\t\t\t\t><img loading=\"lazy\" decoding=\"async\" src=\"\/\/behrendt.hamburg\/371-barmbek-sued\/wp-content\/uploads\/2021\/06\/371-Slider-Umgebung-Mobile-Alsterwiese.jpg\" class=\"tp-rs-img\" width=\"375\" height=\"440\" data-no-retina> \n\t\t\t\t\t\t\t<\/rs-layer><!--\n-->\t\t\t\t\t\t<\/rs-slide>\n\t\t\t\t\t\t<rs-slide data-key=\"rs-151\" data-title=\"Stadtpark\" data-in=\"o:0;\" data-out=\"a:false;\">\n\t\t\t\t\t\t\t<img decoding=\"async\" src=\"\/\/behrendt.hamburg\/371-barmbek-sued\/wp-content\/plugins\/revslider\/public\/assets\/assets\/transparent.png\" alt=\"Stadtpark\" title=\"Startseite\" class=\"rev-slidebg tp-rs-img\" data-no-retina>\n<!--\n\t\t\t\t\t\t\t--><rs-layer\n\t\t\t\t\t\t\t\tid=\"slider-28-slide-151-layer-0\" \n\t\t\t\t\t\t\t\tdata-type=\"image\"\n\t\t\t\t\t\t\t\tdata-rsp_ch=\"on\"\n\t\t\t\t\t\t\t\tdata-xy=\"x:c;\"\n\t\t\t\t\t\t\t\tdata-text=\"w:normal;s:20,14,14,4;l:0,17,17,6;\"\n\t\t\t\t\t\t\t\tdata-dim=\"w:1196px,780px,780px,285px;h:660px,430px,430px,157px;\"\n\t\t\t\t\t\t\t\tdata-vbility=\"t,t,t,f\"\n\t\t\t\t\t\t\t\tdata-frame_999=\"o:0;st:w;\"\n\t\t\t\t\t\t\t\tstyle=\"z-index:9;\"\n\t\t\t\t\t\t\t><img loading=\"lazy\" decoding=\"async\" src=\"\/\/behrendt.hamburg\/371-barmbek-sued\/wp-content\/uploads\/2021\/06\/371-Slider-Umgebung-Desktop-Stadtpark.jpg\" class=\"tp-rs-img\" width=\"1196\" height=\"660\" data-no-retina> \n\t\t\t\t\t\t\t<\/rs-layer><!--\n\n\t\t\t\t\t\t\t--><rs-layer\n\t\t\t\t\t\t\t\tid=\"slider-28-slide-151-layer-1\" \n\t\t\t\t\t\t\t\tclass=\"text-shape\"\n\t\t\t\t\t\t\t\tdata-type=\"text\"\n\t\t\t\t\t\t\t\tdata-color=\"#808180\"\n\t\t\t\t\t\t\t\tdata-rsp_ch=\"on\"\n\t\t\t\t\t\t\t\tdata-xy=\"x:c;xo:-379px,0,-379px,0;y:b;yo:9px,175px,175px,150px;\"\n\t\t\t\t\t\t\t\tdata-text=\"w:normal;s:14;l:24;\"\n\t\t\t\t\t\t\t\tdata-dim=\"w:300px,650px,650px,350px;h:137px,100px,100px,112px;\"\n\t\t\t\t\t\t\t\tdata-padding=\"t:27,19,19,30;r:30,21,21,30;b:17,12,12,30;l:30,21,21,30;\"\n\t\t\t\t\t\t\t\tdata-border=\"bos:solid;bow:2px,2px,2px,2px;\"\n\t\t\t\t\t\t\t\tdata-frame_999=\"o:0;st:w;\"\n\t\t\t\t\t\t\t\tstyle=\"z-index:10;background-color:rgba(231,238,245,0.85);font-family:Arial, Helvetica, sans-serif;\"\n\t\t\t\t\t\t\t>Stadtpark: fast 150 Hektar Gr\u00fcnfl\u00e4che in Fahrradreichweite. \n\t\t\t\t\t\t\t<\/rs-layer><!--\n\n\t\t\t\t\t\t\t--><rs-layer\n\t\t\t\t\t\t\t\tid=\"slider-28-slide-151-layer-5\" \n\t\t\t\t\t\t\t\tdata-type=\"image\"\n\t\t\t\t\t\t\t\tdata-rsp_ch=\"on\"\n\t\t\t\t\t\t\t\tdata-xy=\"x:l,l,l,c;xo:50px,35px,35px,0;yo:50px,35px,35px,0;\"\n\t\t\t\t\t\t\t\tdata-text=\"w:normal;s:20,14,14,4;l:0,17,17,6;\"\n\t\t\t\t\t\t\t\tdata-dim=\"w:300px,213px,213px,389px;h:352px,250px,250px,456px;\"\n\t\t\t\t\t\t\t\tdata-vbility=\"f,f,f,t\"\n\t\t\t\t\t\t\t\tdata-frame_999=\"o:0;st:w;\"\n\t\t\t\t\t\t\t\tstyle=\"z-index:8;\"\n\t\t\t\t\t\t\t><img loading=\"lazy\" decoding=\"async\" src=\"\/\/behrendt.hamburg\/371-barmbek-sued\/wp-content\/uploads\/2021\/06\/371-Slider-Umgebung-Mobile-Stadtpark.jpg\" class=\"tp-rs-img\" width=\"375\" height=\"440\" data-no-retina> \n\t\t\t\t\t\t\t<\/rs-layer><!--\n-->\t\t\t\t\t\t<\/rs-slide>\n\t\t\t\t\t\t<rs-slide data-key=\"rs-152\" data-title=\"Komponistenviertel\" data-in=\"o:0;\" data-out=\"a:false;\">\n\t\t\t\t\t\t\t<img decoding=\"async\" src=\"\/\/behrendt.hamburg\/371-barmbek-sued\/wp-content\/plugins\/revslider\/public\/assets\/assets\/transparent.png\" alt=\"Komponistenviertel\" title=\"Startseite\" class=\"rev-slidebg tp-rs-img\" data-no-retina>\n<!--\n\t\t\t\t\t\t\t--><rs-layer\n\t\t\t\t\t\t\t\tid=\"slider-28-slide-152-layer-0\" \n\t\t\t\t\t\t\t\tdata-type=\"image\"\n\t\t\t\t\t\t\t\tdata-rsp_ch=\"on\"\n\t\t\t\t\t\t\t\tdata-xy=\"x:c;\"\n\t\t\t\t\t\t\t\tdata-text=\"w:normal;s:20,14,14,4;l:0,17,17,6;\"\n\t\t\t\t\t\t\t\tdata-dim=\"w:1196px,780px,780px,285px;h:660px,430px,430px,157px;\"\n\t\t\t\t\t\t\t\tdata-vbility=\"t,t,t,f\"\n\t\t\t\t\t\t\t\tdata-frame_999=\"o:0;st:w;\"\n\t\t\t\t\t\t\t\tstyle=\"z-index:9;\"\n\t\t\t\t\t\t\t><img loading=\"lazy\" decoding=\"async\" src=\"\/\/behrendt.hamburg\/371-barmbek-sued\/wp-content\/uploads\/2021\/06\/371-Slider-Umgebung-Desktop-Komponistenviertel.jpg\" class=\"tp-rs-img\" width=\"1196\" height=\"660\" data-no-retina> \n\t\t\t\t\t\t\t<\/rs-layer><!--\n\n\t\t\t\t\t\t\t--><rs-layer\n\t\t\t\t\t\t\t\tid=\"slider-28-slide-152-layer-1\" \n\t\t\t\t\t\t\t\tclass=\"text-shape\"\n\t\t\t\t\t\t\t\tdata-type=\"text\"\n\t\t\t\t\t\t\t\tdata-color=\"#808180\"\n\t\t\t\t\t\t\t\tdata-rsp_ch=\"on\"\n\t\t\t\t\t\t\t\tdata-xy=\"x:c;xo:-380px,0,-380px,0;y:b;yo:9px,175px,175px,150px;\"\n\t\t\t\t\t\t\t\tdata-text=\"w:normal;s:14;l:24;\"\n\t\t\t\t\t\t\t\tdata-dim=\"w:300px,650px,650px,350px;h:137px,100px,100px,112px;\"\n\t\t\t\t\t\t\t\tdata-padding=\"t:27,19,19,30;r:30,21,21,30;b:17,12,12,30;l:30,21,21,30;\"\n\t\t\t\t\t\t\t\tdata-border=\"bos:solid;bow:2px,2px,2px,2px;\"\n\t\t\t\t\t\t\t\tdata-frame_999=\"o:0;st:w;\"\n\t\t\t\t\t\t\t\tstyle=\"z-index:10;background-color:rgba(231,238,245,0.85);font-family:Arial, Helvetica, sans-serif;\"\n\t\t\t\t\t\t\t>Komponistenviertel: gepr\u00e4gt von wundersch\u00f6nen Altbauten.  \n\t\t\t\t\t\t\t<\/rs-layer><!--\n\n\t\t\t\t\t\t\t--><rs-layer\n\t\t\t\t\t\t\t\tid=\"slider-28-slide-152-layer-5\" \n\t\t\t\t\t\t\t\tdata-type=\"image\"\n\t\t\t\t\t\t\t\tdata-rsp_ch=\"on\"\n\t\t\t\t\t\t\t\tdata-xy=\"x:l,l,l,c;xo:50px,35px,35px,0;yo:50px,35px,35px,0;\"\n\t\t\t\t\t\t\t\tdata-text=\"w:normal;s:20,14,14,4;l:0,17,17,6;\"\n\t\t\t\t\t\t\t\tdata-dim=\"w:300px,213px,213px,389px;h:352px,250px,250px,456px;\"\n\t\t\t\t\t\t\t\tdata-vbility=\"f,f,f,t\"\n\t\t\t\t\t\t\t\tdata-frame_999=\"o:0;st:w;\"\n\t\t\t\t\t\t\t\tstyle=\"z-index:8;\"\n\t\t\t\t\t\t\t><img loading=\"lazy\" decoding=\"async\" src=\"\/\/behrendt.hamburg\/371-barmbek-sued\/wp-content\/uploads\/2021\/06\/371-Slider-Umgebung-Mobile-Komponistenviertel.jpg\" class=\"tp-rs-img\" width=\"375\" height=\"440\" data-no-retina> \n\t\t\t\t\t\t\t<\/rs-layer><!--\n-->\t\t\t\t\t\t<\/rs-slide>\n\t\t\t\t\t\t<rs-slide data-key=\"rs-153\" data-title=\"Finkenau\" data-in=\"o:0;\" data-out=\"a:false;\">\n\t\t\t\t\t\t\t<img decoding=\"async\" src=\"\/\/behrendt.hamburg\/371-barmbek-sued\/wp-content\/plugins\/revslider\/public\/assets\/assets\/transparent.png\" alt=\"Finkenau\" title=\"Startseite\" class=\"rev-slidebg tp-rs-img\" data-no-retina>\n<!--\n\t\t\t\t\t\t\t--><rs-layer\n\t\t\t\t\t\t\t\tid=\"slider-28-slide-153-layer-0\" \n\t\t\t\t\t\t\t\tdata-type=\"image\"\n\t\t\t\t\t\t\t\tdata-rsp_ch=\"on\"\n\t\t\t\t\t\t\t\tdata-xy=\"x:c;\"\n\t\t\t\t\t\t\t\tdata-text=\"w:normal;s:20,14,14,4;l:0,17,17,6;\"\n\t\t\t\t\t\t\t\tdata-dim=\"w:1196px,780px,780px,285px;h:660px,430px,430px,157px;\"\n\t\t\t\t\t\t\t\tdata-vbility=\"t,t,t,f\"\n\t\t\t\t\t\t\t\tdata-frame_999=\"o:0;st:w;\"\n\t\t\t\t\t\t\t\tstyle=\"z-index:9;\"\n\t\t\t\t\t\t\t><img loading=\"lazy\" decoding=\"async\" src=\"\/\/behrendt.hamburg\/371-barmbek-sued\/wp-content\/uploads\/2021\/06\/371-Slider-Umgebung-Desktop-Finkenau.jpg\" class=\"tp-rs-img\" width=\"1196\" height=\"660\" data-no-retina> \n\t\t\t\t\t\t\t<\/rs-layer><!--\n\n\t\t\t\t\t\t\t--><rs-layer\n\t\t\t\t\t\t\t\tid=\"slider-28-slide-153-layer-1\" \n\t\t\t\t\t\t\t\tclass=\"text-shape\"\n\t\t\t\t\t\t\t\tdata-type=\"text\"\n\t\t\t\t\t\t\t\tdata-color=\"#808180\"\n\t\t\t\t\t\t\t\tdata-rsp_ch=\"on\"\n\t\t\t\t\t\t\t\tdata-xy=\"x:c;xo:-380px,0,-380px,0;y:b;yo:9px,175px,175px,150px;\"\n\t\t\t\t\t\t\t\tdata-text=\"w:normal;s:14;l:24;\"\n\t\t\t\t\t\t\t\tdata-dim=\"w:300px,650px,650px,350px;h:137px,100px,100px,112px;\"\n\t\t\t\t\t\t\t\tdata-padding=\"t:27,19,19,20;r:30,21,21,30;b:17,12,12,30;l:30,21,21,30;\"\n\t\t\t\t\t\t\t\tdata-border=\"bos:solid;bow:2px,2px,2px,2px;\"\n\t\t\t\t\t\t\t\tdata-frame_999=\"o:0;st:w;\"\n\t\t\t\t\t\t\t\tstyle=\"z-index:10;background-color:rgba(231,238,245,0.85);font-family:Arial, Helvetica, sans-serif;\"\n\t\t\t\t\t\t\t>Katholisch-Apostolische Kirche Finkenau: au\u00dfergew\u00f6hnlich zwischen den H\u00e4usern versteckt. \n\t\t\t\t\t\t\t<\/rs-layer><!--\n\n\t\t\t\t\t\t\t--><rs-layer\n\t\t\t\t\t\t\t\tid=\"slider-28-slide-153-layer-5\" \n\t\t\t\t\t\t\t\tdata-type=\"image\"\n\t\t\t\t\t\t\t\tdata-rsp_ch=\"on\"\n\t\t\t\t\t\t\t\tdata-xy=\"x:l,l,l,c;xo:50px,35px,35px,0;yo:50px,35px,35px,0;\"\n\t\t\t\t\t\t\t\tdata-text=\"w:normal;s:20,14,14,4;l:0,17,17,6;\"\n\t\t\t\t\t\t\t\tdata-dim=\"w:300px,213px,213px,389px;h:352px,250px,250px,456px;\"\n\t\t\t\t\t\t\t\tdata-vbility=\"f,f,f,t\"\n\t\t\t\t\t\t\t\tdata-frame_999=\"o:0;st:w;\"\n\t\t\t\t\t\t\t\tstyle=\"z-index:8;\"\n\t\t\t\t\t\t\t><img loading=\"lazy\" decoding=\"async\" src=\"\/\/behrendt.hamburg\/371-barmbek-sued\/wp-content\/uploads\/2021\/06\/371-Slider-Umgebung-Mobile-Finkenau.jpg\" class=\"tp-rs-img\" width=\"375\" height=\"440\" data-no-retina> \n\t\t\t\t\t\t\t<\/rs-layer><!--\n-->\t\t\t\t\t\t<\/rs-slide>\n\t\t\t\t\t\t<rs-slide data-key=\"rs-156\" data-title=\"Schmidtchen\" data-in=\"o:0;\" data-out=\"a:false;\">\n\t\t\t\t\t\t\t<img decoding=\"async\" src=\"\/\/behrendt.hamburg\/371-barmbek-sued\/wp-content\/plugins\/revslider\/public\/assets\/assets\/transparent.png\" alt=\"Schmidtchen\" title=\"Startseite\" class=\"rev-slidebg tp-rs-img\" data-no-retina>\n<!--\n\t\t\t\t\t\t\t--><rs-layer\n\t\t\t\t\t\t\t\tid=\"slider-28-slide-156-layer-0\" \n\t\t\t\t\t\t\t\tdata-type=\"image\"\n\t\t\t\t\t\t\t\tdata-rsp_ch=\"on\"\n\t\t\t\t\t\t\t\tdata-xy=\"x:c;xo:1px,0,1px,0;\"\n\t\t\t\t\t\t\t\tdata-text=\"w:normal;s:20,14,14,4;l:0,17,17,6;\"\n\t\t\t\t\t\t\t\tdata-dim=\"w:1196px,780px,780px,285px;h:660px,430px,430px,157px;\"\n\t\t\t\t\t\t\t\tdata-vbility=\"t,t,t,f\"\n\t\t\t\t\t\t\t\tdata-frame_999=\"o:0;st:w;\"\n\t\t\t\t\t\t\t\tstyle=\"z-index:9;\"\n\t\t\t\t\t\t\t><img loading=\"lazy\" decoding=\"async\" src=\"\/\/behrendt.hamburg\/371-barmbek-sued\/wp-content\/uploads\/2021\/06\/371-Slider-Umgebung-Desktop-CafeSchmidtchen.jpg\" class=\"tp-rs-img\" width=\"1196\" height=\"660\" data-no-retina> \n\t\t\t\t\t\t\t<\/rs-layer><!--\n\n\t\t\t\t\t\t\t--><rs-layer\n\t\t\t\t\t\t\t\tid=\"slider-28-slide-156-layer-1\" \n\t\t\t\t\t\t\t\tclass=\"text-shape\"\n\t\t\t\t\t\t\t\tdata-type=\"text\"\n\t\t\t\t\t\t\t\tdata-color=\"#808180\"\n\t\t\t\t\t\t\t\tdata-rsp_ch=\"on\"\n\t\t\t\t\t\t\t\tdata-xy=\"x:c;xo:-380px,0,-380px,0;y:b;yo:9px,175px,175px,150px;\"\n\t\t\t\t\t\t\t\tdata-text=\"w:normal;s:14;l:24;\"\n\t\t\t\t\t\t\t\tdata-dim=\"w:300px,650px,650px,350px;h:137px,100px,100px,112px;\"\n\t\t\t\t\t\t\t\tdata-padding=\"t:27,19,19,30;r:30,21,21,30;b:17,12,12,30;l:30,21,21,30;\"\n\t\t\t\t\t\t\t\tdata-border=\"bos:solid;bow:2px,2px,2px,2px;\"\n\t\t\t\t\t\t\t\tdata-frame_999=\"o:0;st:w;\"\n\t\t\t\t\t\t\t\tstyle=\"z-index:10;background-color:rgba(231,238,245,0.85);font-family:Arial, Helvetica, sans-serif;\"\n\t\t\t\t\t\t\t>Cafe Schmidtchen Barmbek: kleine Auszeiten genie\u00dfen. \n\t\t\t\t\t\t\t<\/rs-layer><!--\n\n\t\t\t\t\t\t\t--><rs-layer\n\t\t\t\t\t\t\t\tid=\"slider-28-slide-156-layer-5\" \n\t\t\t\t\t\t\t\tdata-type=\"image\"\n\t\t\t\t\t\t\t\tdata-rsp_ch=\"on\"\n\t\t\t\t\t\t\t\tdata-xy=\"x:l,l,l,c;xo:50px,35px,35px,0;yo:50px,35px,35px,0;\"\n\t\t\t\t\t\t\t\tdata-text=\"w:normal;s:20,14,14,4;l:0,17,17,6;\"\n\t\t\t\t\t\t\t\tdata-dim=\"w:300px,213px,213px,389px;h:352px,250px,250px,456px;\"\n\t\t\t\t\t\t\t\tdata-vbility=\"f,f,f,t\"\n\t\t\t\t\t\t\t\tdata-frame_999=\"o:0;st:w;\"\n\t\t\t\t\t\t\t\tstyle=\"z-index:8;\"\n\t\t\t\t\t\t\t><img loading=\"lazy\" decoding=\"async\" src=\"\/\/behrendt.hamburg\/371-barmbek-sued\/wp-content\/uploads\/2021\/06\/371-Slider-Umgebung-Mobile-CafeSchmidtchen.jpg\" class=\"tp-rs-img\" width=\"375\" height=\"440\" data-no-retina> \n\t\t\t\t\t\t\t<\/rs-layer><!--\n-->\t\t\t\t\t\t<\/rs-slide>\n\t\t\t\t\t\t<rs-slide data-key=\"rs-157\" data-title=\"AlsterCity\" data-in=\"o:0;\" data-out=\"a:false;\">\n\t\t\t\t\t\t\t<img decoding=\"async\" src=\"\/\/behrendt.hamburg\/371-barmbek-sued\/wp-content\/plugins\/revslider\/public\/assets\/assets\/transparent.png\" alt=\"AlsterCity\" title=\"Startseite\" class=\"rev-slidebg tp-rs-img\" data-no-retina>\n<!--\n\t\t\t\t\t\t\t--><rs-layer\n\t\t\t\t\t\t\t\tid=\"slider-28-slide-157-layer-0\" \n\t\t\t\t\t\t\t\tdata-type=\"image\"\n\t\t\t\t\t\t\t\tdata-rsp_ch=\"on\"\n\t\t\t\t\t\t\t\tdata-xy=\"x:c;\"\n\t\t\t\t\t\t\t\tdata-text=\"w:normal;s:20,14,14,4;l:0,17,17,6;\"\n\t\t\t\t\t\t\t\tdata-dim=\"w:1196px,780px,780px,285px;h:660px,430px,430px,157px;\"\n\t\t\t\t\t\t\t\tdata-vbility=\"t,t,t,f\"\n\t\t\t\t\t\t\t\tdata-frame_999=\"o:0;st:w;\"\n\t\t\t\t\t\t\t\tstyle=\"z-index:9;\"\n\t\t\t\t\t\t\t><img loading=\"lazy\" decoding=\"async\" src=\"\/\/behrendt.hamburg\/371-barmbek-sued\/wp-content\/uploads\/2021\/06\/371-Slider-Umgebung-Desktop-Alstercity.jpg\" class=\"tp-rs-img\" width=\"1196\" height=\"660\" data-no-retina> \n\t\t\t\t\t\t\t<\/rs-layer><!--\n\n\t\t\t\t\t\t\t--><rs-layer\n\t\t\t\t\t\t\t\tid=\"slider-28-slide-157-layer-1\" \n\t\t\t\t\t\t\t\tclass=\"text-shape\"\n\t\t\t\t\t\t\t\tdata-type=\"text\"\n\t\t\t\t\t\t\t\tdata-color=\"#808180\"\n\t\t\t\t\t\t\t\tdata-rsp_ch=\"on\"\n\t\t\t\t\t\t\t\tdata-xy=\"x:c;xo:-380px,0,-380px,0;y:b;yo:10px,175px,175px,150px;\"\n\t\t\t\t\t\t\t\tdata-text=\"w:normal;s:14;l:24;\"\n\t\t\t\t\t\t\t\tdata-dim=\"w:300px,650px,650px,350px;h:137px,100px,100px,112px;\"\n\t\t\t\t\t\t\t\tdata-padding=\"t:27,19,19,30;r:30,21,21,30;b:17,12,12,30;l:30,21,21,30;\"\n\t\t\t\t\t\t\t\tdata-border=\"bos:solid;bow:2px,2px,2px,2px;\"\n\t\t\t\t\t\t\t\tdata-frame_999=\"o:0;st:w;\"\n\t\t\t\t\t\t\t\tstyle=\"z-index:10;background-color:rgba(231,238,245,0.85);font-family:Arial, Helvetica, sans-serif;\"\n\t\t\t\t\t\t\t>Johannes Prassek-Park: mit Blick auf die AlsterCity. \n\t\t\t\t\t\t\t<\/rs-layer><!--\n\n\t\t\t\t\t\t\t--><rs-layer\n\t\t\t\t\t\t\t\tid=\"slider-28-slide-157-layer-5\" \n\t\t\t\t\t\t\t\tdata-type=\"image\"\n\t\t\t\t\t\t\t\tdata-rsp_ch=\"on\"\n\t\t\t\t\t\t\t\tdata-xy=\"x:l,l,l,c;xo:50px,35px,35px,0;yo:50px,35px,35px,0;\"\n\t\t\t\t\t\t\t\tdata-text=\"w:normal;s:20,14,14,4;l:0,17,17,6;\"\n\t\t\t\t\t\t\t\tdata-dim=\"w:300px,213px,213px,389px;h:352px,250px,250px,456px;\"\n\t\t\t\t\t\t\t\tdata-vbility=\"f,f,f,t\"\n\t\t\t\t\t\t\t\tdata-frame_999=\"o:0;st:w;\"\n\t\t\t\t\t\t\t\tstyle=\"z-index:8;\"\n\t\t\t\t\t\t\t><img loading=\"lazy\" decoding=\"async\" src=\"\/\/behrendt.hamburg\/371-barmbek-sued\/wp-content\/uploads\/2021\/06\/371-Slider-Umgebung-Mobile-Alstercity.jpg\" class=\"tp-rs-img\" width=\"375\" height=\"440\" data-no-retina> \n\t\t\t\t\t\t\t<\/rs-layer><!--\n-->\t\t\t\t\t\t<\/rs-slide>\n\t\t\t\t\t\t<rs-slide data-key=\"rs-158\" data-title=\"Naschhafen\" data-in=\"o:0;\" data-out=\"a:false;\">\n\t\t\t\t\t\t\t<img decoding=\"async\" src=\"\/\/behrendt.hamburg\/371-barmbek-sued\/wp-content\/plugins\/revslider\/public\/assets\/assets\/transparent.png\" alt=\"Naschhafen\" title=\"Startseite\" class=\"rev-slidebg tp-rs-img\" data-no-retina>\n<!--\n\t\t\t\t\t\t\t--><rs-layer\n\t\t\t\t\t\t\t\tid=\"slider-28-slide-158-layer-0\" \n\t\t\t\t\t\t\t\tdata-type=\"image\"\n\t\t\t\t\t\t\t\tdata-rsp_ch=\"on\"\n\t\t\t\t\t\t\t\tdata-xy=\"x:c;\"\n\t\t\t\t\t\t\t\tdata-text=\"w:normal;s:20,14,14,4;l:0,17,17,6;\"\n\t\t\t\t\t\t\t\tdata-dim=\"w:1196px,780px,780px,285px;h:660px,430px,430px,157px;\"\n\t\t\t\t\t\t\t\tdata-vbility=\"t,t,t,f\"\n\t\t\t\t\t\t\t\tdata-frame_999=\"o:0;st:w;\"\n\t\t\t\t\t\t\t\tstyle=\"z-index:9;\"\n\t\t\t\t\t\t\t><img loading=\"lazy\" decoding=\"async\" src=\"\/\/behrendt.hamburg\/371-barmbek-sued\/wp-content\/uploads\/2021\/06\/371-Slider-Umgebung-Desktop-Naschhafen.jpg\" class=\"tp-rs-img\" width=\"1196\" height=\"660\" data-no-retina> \n\t\t\t\t\t\t\t<\/rs-layer><!--\n\n\t\t\t\t\t\t\t--><rs-layer\n\t\t\t\t\t\t\t\tid=\"slider-28-slide-158-layer-1\" \n\t\t\t\t\t\t\t\tclass=\"text-shape\"\n\t\t\t\t\t\t\t\tdata-type=\"text\"\n\t\t\t\t\t\t\t\tdata-color=\"#808180\"\n\t\t\t\t\t\t\t\tdata-rsp_ch=\"on\"\n\t\t\t\t\t\t\t\tdata-xy=\"x:c;xo:-380px,0,-380px,0;y:b;yo:9px,175px,175px,150px;\"\n\t\t\t\t\t\t\t\tdata-text=\"w:normal;s:14;l:24;\"\n\t\t\t\t\t\t\t\tdata-dim=\"w:300px,650px,650px,350px;h:137px,100px,100px,112px;\"\n\t\t\t\t\t\t\t\tdata-padding=\"t:27,19,19,30;r:30,21,21,30;b:17,12,12,30;l:30,21,21,30;\"\n\t\t\t\t\t\t\t\tdata-border=\"bos:solid;bow:2px,2px,2px,2px;\"\n\t\t\t\t\t\t\t\tdata-frame_999=\"o:0;st:w;\"\n\t\t\t\t\t\t\t\tstyle=\"z-index:10;background-color:rgba(231,238,245,0.85);font-family:Arial, Helvetica, sans-serif;\"\n\t\t\t\t\t\t\t>Konditorei Naschhafen: Naschen auf die feinste Art. \n\t\t\t\t\t\t\t<\/rs-layer><!--\n\n\t\t\t\t\t\t\t--><rs-layer\n\t\t\t\t\t\t\t\tid=\"slider-28-slide-158-layer-5\" \n\t\t\t\t\t\t\t\tdata-type=\"image\"\n\t\t\t\t\t\t\t\tdata-rsp_ch=\"on\"\n\t\t\t\t\t\t\t\tdata-xy=\"x:l,l,l,c;xo:50px,35px,35px,0;yo:50px,35px,35px,0;\"\n\t\t\t\t\t\t\t\tdata-text=\"w:normal;s:20,14,14,4;l:0,17,17,6;\"\n\t\t\t\t\t\t\t\tdata-dim=\"w:300px,213px,213px,389px;h:352px,250px,250px,456px;\"\n\t\t\t\t\t\t\t\tdata-vbility=\"f,f,f,t\"\n\t\t\t\t\t\t\t\tdata-frame_999=\"o:0;st:w;\"\n\t\t\t\t\t\t\t\tstyle=\"z-index:8;\"\n\t\t\t\t\t\t\t><img loading=\"lazy\" decoding=\"async\" src=\"\/\/behrendt.hamburg\/371-barmbek-sued\/wp-content\/uploads\/2021\/06\/371-Slider-Umgebung-Mobile-Naschhafen.jpg\" class=\"tp-rs-img\" width=\"375\" height=\"440\" data-no-retina> \n\t\t\t\t\t\t\t<\/rs-layer><!--\n-->\t\t\t\t\t\t<\/rs-slide>\n\t\t\t\t\t\t<rs-slide data-key=\"rs-159\" data-title=\"FuK\" data-in=\"o:0;\" data-out=\"a:false;\">\n\t\t\t\t\t\t\t<img decoding=\"async\" src=\"\/\/behrendt.hamburg\/371-barmbek-sued\/wp-content\/plugins\/revslider\/public\/assets\/assets\/transparent.png\" alt=\"FuK\" title=\"Startseite\" class=\"rev-slidebg tp-rs-img\" data-no-retina>\n<!--\n\t\t\t\t\t\t\t--><rs-layer\n\t\t\t\t\t\t\t\tid=\"slider-28-slide-159-layer-0\" \n\t\t\t\t\t\t\t\tdata-type=\"image\"\n\t\t\t\t\t\t\t\tdata-rsp_ch=\"on\"\n\t\t\t\t\t\t\t\tdata-xy=\"x:c;\"\n\t\t\t\t\t\t\t\tdata-text=\"w:normal;s:20,14,14,4;l:0,17,17,6;\"\n\t\t\t\t\t\t\t\tdata-dim=\"w:1196px,780px,780px,285px;h:660px,430px,430px,157px;\"\n\t\t\t\t\t\t\t\tdata-vbility=\"t,t,t,f\"\n\t\t\t\t\t\t\t\tdata-frame_999=\"o:0;st:w;\"\n\t\t\t\t\t\t\t\tstyle=\"z-index:9;\"\n\t\t\t\t\t\t\t><img loading=\"lazy\" decoding=\"async\" src=\"\/\/behrendt.hamburg\/371-barmbek-sued\/wp-content\/uploads\/2021\/06\/371-Slider-Umgebung-Desktop-FuK.jpg\" class=\"tp-rs-img\" width=\"1196\" height=\"660\" data-no-retina> \n\t\t\t\t\t\t\t<\/rs-layer><!--\n\n\t\t\t\t\t\t\t--><rs-layer\n\t\t\t\t\t\t\t\tid=\"slider-28-slide-159-layer-1\" \n\t\t\t\t\t\t\t\tclass=\"text-shape\"\n\t\t\t\t\t\t\t\tdata-type=\"text\"\n\t\t\t\t\t\t\t\tdata-color=\"#808180\"\n\t\t\t\t\t\t\t\tdata-rsp_ch=\"on\"\n\t\t\t\t\t\t\t\tdata-xy=\"x:c;xo:-380px,0,-380px,0;y:b;yo:9px,175px,175px,150px;\"\n\t\t\t\t\t\t\t\tdata-text=\"w:normal;s:14;l:24;\"\n\t\t\t\t\t\t\t\tdata-dim=\"w:300px,650px,650px,350px;h:137px,100px,100px,112px;\"\n\t\t\t\t\t\t\t\tdata-padding=\"t:27,19,19,30;r:30,21,21,30;b:17,12,12,30;l:30,21,21,30;\"\n\t\t\t\t\t\t\t\tdata-border=\"bos:solid;bow:2px,2px,2px,2px;\"\n\t\t\t\t\t\t\t\tdata-frame_999=\"o:0;st:w;\"\n\t\t\t\t\t\t\t\tstyle=\"z-index:10;background-color:rgba(231,238,245,0.85);font-family:Arial, Helvetica, sans-serif;\"\n\t\t\t\t\t\t\t>Freundlich & Kompetent: Party, gute Drinks und Live Musik. \n\t\t\t\t\t\t\t<\/rs-layer><!--\n\n\t\t\t\t\t\t\t--><rs-layer\n\t\t\t\t\t\t\t\tid=\"slider-28-slide-159-layer-5\" \n\t\t\t\t\t\t\t\tdata-type=\"image\"\n\t\t\t\t\t\t\t\tdata-rsp_ch=\"on\"\n\t\t\t\t\t\t\t\tdata-xy=\"x:l,l,l,c;xo:50px,35px,35px,0;yo:50px,35px,35px,0;\"\n\t\t\t\t\t\t\t\tdata-text=\"w:normal;s:20,14,14,4;l:0,17,17,6;\"\n\t\t\t\t\t\t\t\tdata-dim=\"w:300px,213px,213px,389px;h:352px,250px,250px,456px;\"\n\t\t\t\t\t\t\t\tdata-vbility=\"f,f,f,t\"\n\t\t\t\t\t\t\t\tdata-frame_999=\"o:0;st:w;\"\n\t\t\t\t\t\t\t\tstyle=\"z-index:8;\"\n\t\t\t\t\t\t\t><img loading=\"lazy\" decoding=\"async\" src=\"\/\/behrendt.hamburg\/371-barmbek-sued\/wp-content\/uploads\/2021\/06\/371-Slider-Umgebung-Mobile-FuK.jpg\" class=\"tp-rs-img\" width=\"375\" height=\"440\" data-no-retina> \n\t\t\t\t\t\t\t<\/rs-layer><!--\n-->\t\t\t\t\t\t<\/rs-slide>\n\t\t\t\t\t\t<rs-slide data-key=\"rs-160\" data-title=\"Eilbekpark\" data-in=\"o:0;\" data-out=\"a:false;\">\n\t\t\t\t\t\t\t<img decoding=\"async\" src=\"\/\/behrendt.hamburg\/371-barmbek-sued\/wp-content\/plugins\/revslider\/public\/assets\/assets\/transparent.png\" alt=\"Eilbekpark\" title=\"Startseite\" class=\"rev-slidebg tp-rs-img\" data-no-retina>\n<!--\n\t\t\t\t\t\t\t--><rs-layer\n\t\t\t\t\t\t\t\tid=\"slider-28-slide-160-layer-0\" \n\t\t\t\t\t\t\t\tdata-type=\"image\"\n\t\t\t\t\t\t\t\tdata-rsp_ch=\"on\"\n\t\t\t\t\t\t\t\tdata-xy=\"x:c;\"\n\t\t\t\t\t\t\t\tdata-text=\"w:normal;s:20,14,14,4;l:0,17,17,6;\"\n\t\t\t\t\t\t\t\tdata-dim=\"w:1196px,780px,780px,285px;h:660px,430px,430px,157px;\"\n\t\t\t\t\t\t\t\tdata-vbility=\"t,t,t,f\"\n\t\t\t\t\t\t\t\tdata-frame_999=\"o:0;st:w;\"\n\t\t\t\t\t\t\t\tstyle=\"z-index:9;\"\n\t\t\t\t\t\t\t><img loading=\"lazy\" decoding=\"async\" src=\"\/\/behrendt.hamburg\/371-barmbek-sued\/wp-content\/uploads\/2021\/06\/371-Slider-Umgebung-Desktop-Eilbekpark.jpg\" class=\"tp-rs-img\" width=\"1196\" height=\"660\" data-no-retina> \n\t\t\t\t\t\t\t<\/rs-layer><!--\n\n\t\t\t\t\t\t\t--><rs-layer\n\t\t\t\t\t\t\t\tid=\"slider-28-slide-160-layer-1\" \n\t\t\t\t\t\t\t\tclass=\"text-shape\"\n\t\t\t\t\t\t\t\tdata-type=\"text\"\n\t\t\t\t\t\t\t\tdata-color=\"#808180\"\n\t\t\t\t\t\t\t\tdata-rsp_ch=\"on\"\n\t\t\t\t\t\t\t\tdata-xy=\"x:c;xo:-380px,0,-380px,0;y:b;yo:9px,175px,175px,150px;\"\n\t\t\t\t\t\t\t\tdata-text=\"w:normal;s:14;l:24;\"\n\t\t\t\t\t\t\t\tdata-dim=\"w:300px,650px,650px,350px;h:137px,100px,100px,112px;\"\n\t\t\t\t\t\t\t\tdata-padding=\"t:30,21,21,20;r:15,11,11,30;b:17,12,12,30;l:30,21,21,30;\"\n\t\t\t\t\t\t\t\tdata-border=\"bos:solid;bow:2px,2px,2px,2px;\"\n\t\t\t\t\t\t\t\tdata-frame_999=\"o:0;st:w;\"\n\t\t\t\t\t\t\t\tstyle=\"z-index:10;background-color:rgba(231,238,245,0.85);font-family:Arial, Helvetica, sans-serif;\"\n\t\t\t\t\t\t\t>Eilbekpark: gen\u00fcgend Raum zur Entspannung und viel Altbaumbestand, im Hintergrund die Sch\u00f6n Klinik. \n\t\t\t\t\t\t\t<\/rs-layer><!--\n\n\t\t\t\t\t\t\t--><rs-layer\n\t\t\t\t\t\t\t\tid=\"slider-28-slide-160-layer-5\" \n\t\t\t\t\t\t\t\tdata-type=\"image\"\n\t\t\t\t\t\t\t\tdata-rsp_ch=\"on\"\n\t\t\t\t\t\t\t\tdata-xy=\"x:l,l,l,c;xo:50px,35px,35px,0;yo:50px,35px,35px,0;\"\n\t\t\t\t\t\t\t\tdata-text=\"w:normal;s:20,14,14,4;l:0,17,17,6;\"\n\t\t\t\t\t\t\t\tdata-dim=\"w:300px,213px,213px,389px;h:352px,250px,250px,456px;\"\n\t\t\t\t\t\t\t\tdata-vbility=\"f,f,f,t\"\n\t\t\t\t\t\t\t\tdata-frame_999=\"o:0;st:w;\"\n\t\t\t\t\t\t\t\tstyle=\"z-index:8;\"\n\t\t\t\t\t\t\t><img loading=\"lazy\" decoding=\"async\" src=\"\/\/behrendt.hamburg\/371-barmbek-sued\/wp-content\/uploads\/2021\/06\/371-Slider-Umgebung-Mobile-Eilbekpark.jpg\" class=\"tp-rs-img\" width=\"375\" height=\"440\" data-no-retina> \n\t\t\t\t\t\t\t<\/rs-layer><!--\n-->\t\t\t\t\t\t<\/rs-slide>\n\t\t\t\t\t<\/rs-slides>\n\t\t\t\t\t<rs-static-layers><!--\n\n\t\t\t\t\t\t\t--><a\n\t\t\t\t\t\t\t\tid=\"slider-28-slide-27-layer-2\" \n\t\t\t\t\t\t\t\tclass=\"rs-layer btn-mr-right rev-btn rs-layer-static\"\n\t\t\t\t\t\t\t\thref=\"#gewerbeflachen\" target=\"_self\" rel=\"nofollow\"\n\t\t\t\t\t\t\t\tdata-type=\"button\"\n\t\t\t\t\t\t\t\tdata-rsp_ch=\"on\"\n\t\t\t\t\t\t\t\tdata-xy=\"x:c;xo:345px,-9px,-9px,-3px;y:b;yo:9px,25px,25px,17px;\"\n\t\t\t\t\t\t\t\tdata-text=\"w:normal;s:14,9,9,14;l:28,19,19,32;ls:2px,1px,1px,2px;a:center;\"\n\t\t\t\t\t\t\t\tdata-dim=\"w:300px,213px,213px,245px;h:auto,45px,45px,38px;minh:0px,none,0px,none;\"\n\t\t\t\t\t\t\t\tdata-onslides=\"s:1;\"\n\t\t\t\t\t\t\t\tdata-padding=\"r:20,14,14,20;l:20,14,14,20;\"\n\t\t\t\t\t\t\t\tdata-border=\"bor:30px,30px,30px,30px;\"\n\t\t\t\t\t\t\t\tdata-frame_999=\"o:0;st:8900;\"\n\t\t\t\t\t\t\t\tdata-frame_hover=\"c:#fff;bgc:#c3a484;bor:30px,30px,30px,30px;\"\n\t\t\t\t\t\t\t\tstyle=\"z-index:7;background-color:rgba(195,164,132,0.8);font-family:Montserrat;text-transform:uppercase;min-width:280px;\"\n\t\t\t\t\t\t\t>ZU den Gewerbefl\u00e4chen \n\t\t\t\t\t\t\t<\/a><!--\n\n\t\t\t\t\t\t\t--><a\n\t\t\t\t\t\t\t\tid=\"slider-28-slide-27-layer-47\" \n\t\t\t\t\t\t\t\tclass=\"rs-layer rev-btn rs-layer-static\"\n\t\t\t\t\t\t\t\thref=\"#wohnungen\" target=\"_self\" rel=\"nofollow\"\n\t\t\t\t\t\t\t\tdata-type=\"button\"\n\t\t\t\t\t\t\t\tdata-rsp_ch=\"on\"\n\t\t\t\t\t\t\t\tdata-xy=\"x:c;xo:12px,-12px,-12px,-5px;y:b;yo:9px,90px,90px,75px;\"\n\t\t\t\t\t\t\t\tdata-text=\"w:normal;s:14,9,9,14;l:28,19,19,32;ls:2px,1px,1px,2px;a:center;\"\n\t\t\t\t\t\t\t\tdata-dim=\"w:300px,213px,213px,245px;h:auto,45px,45px,38px;minh:0px,none,0px,none;\"\n\t\t\t\t\t\t\t\tdata-onslides=\"s:1;\"\n\t\t\t\t\t\t\t\tdata-padding=\"r:20,14,14,20;l:20,14,14,20;\"\n\t\t\t\t\t\t\t\tdata-border=\"bor:30px,30px,30px,30px;\"\n\t\t\t\t\t\t\t\tdata-frame_999=\"o:0;st:8900;\"\n\t\t\t\t\t\t\t\tdata-frame_hover=\"c:#fff;bgc:#c3a484;bor:30px,30px,30px,30px;\"\n\t\t\t\t\t\t\t\tstyle=\"z-index:6;background-color:rgba(195,164,132,0.8);font-family:Montserrat;text-transform:uppercase;min-width:280px;\"\n\t\t\t\t\t\t\t>Zu den Wohnungen \n\t\t\t\t\t\t\t<\/a><!--\n\t\t\t\t\t--><\/rs-static-layers>\n\t\t\t\t<\/rs-module>\n\t\t\t\t<script>\n\t\t\t\t\tvar htmlDivCss = unescape(\"%23rev_slider_28_1%5Bdata-slideactive%3D%22rs-119%22%5D%20.hesperiden.tparrows.tp-leftarrow%3Abefore%7B%0Acontent%3A%20%22%5Ce819%22%20%21important%3B%0A%7D%0A%0A%0A%0A%0A%0A%0A%0A%0A%0A%0A%0A%0A%0A%0A%23rev_slider_28_1%5Bdata-slideactive%3D%22rs-148%22%5D%20.hesperiden.tparrows.tp-leftarrow%3Abefore%7B%0Acontent%3A%20%22%5Ce819%22%20%21important%3B%0A%7D%0A%0A%0A%23rev_slider_28_1%5Bdata-slideactive%3D%22rs-147%22%5D%20.hesperiden.tparrows.tp-leftarrow%3Abefore%7B%0Acontent%3A%20%22%5Ce819%22%20%21important%3B%0A%7D%0A%0A%0A%23rev_slider_28_1%5Bdata-slideactive%3D%22rs-149%22%5D%20.hesperiden.tparrows.tp-leftarrow%3Abefore%7B%0Acontent%3A%20%22%5Ce819%22%20%21important%3B%0A%7D%0A%0A%0A%23rev_slider_28_1%5Bdata-slideactive%3D%22rs-150%22%5D%20.hesperiden.tparrows.tp-leftarrow%3Abefore%7B%0Acontent%3A%20%22%5Ce819%22%20%21important%3B%0A%7D%0A%0A%0A%23rev_slider_28_1%5Bdata-slideactive%3D%22rs-151%22%5D%20.hesperiden.tparrows.tp-leftarrow%3Abefore%7B%0Acontent%3A%20%22%5Ce819%22%20%21important%3B%0A%7D%0A%0A%0A%23rev_slider_28_1%5Bdata-slideactive%3D%22rs-152%22%5D%20.hesperiden.tparrows.tp-leftarrow%3Abefore%7B%0Acontent%3A%20%22%5Ce819%22%20%21important%3B%0A%7D%0A%0A%0A%23rev_slider_28_1%5Bdata-slideactive%3D%22rs-153%22%5D%20.hesperiden.tparrows.tp-leftarrow%3Abefore%7B%0Acontent%3A%20%22%5Ce819%22%20%21important%3B%0A%7D%0A%0A%0A%23rev_slider_28_1%5Bdata-slideactive%3D%22rs-156%22%5D%20.hesperiden.tparrows.tp-leftarrow%3Abefore%7B%0Acontent%3A%20%22%5Ce819%22%20%21important%3B%0A%7D%0A%0A%0A%23rev_slider_28_1%5Bdata-slideactive%3D%22rs-157%22%5D%20.hesperiden.tparrows.tp-leftarrow%3Abefore%7B%0Acontent%3A%20%22%5Ce819%22%20%21important%3B%0A%7D%0A%0A%0A%23rev_slider_28_1%5Bdata-slideactive%3D%22rs-158%22%5D%20.hesperiden.tparrows.tp-leftarrow%3Abefore%7B%0Acontent%3A%20%22%5Ce819%22%20%21important%3B%0A%7D%0A%0A%0A%23rev_slider_28_1%5Bdata-slideactive%3D%22rs-159%22%5D%20.hesperiden.tparrows.tp-leftarrow%3Abefore%7B%0Acontent%3A%20%22%5Ce819%22%20%21important%3B%0A%7D%0A%0A%0A%23rev_slider_28_1%5Bdata-slideactive%3D%22rs-160%22%5D%20.hesperiden.tparrows.tp-leftarrow%3Abefore%7B%0Acontent%3A%20%22%5Ce819%22%20%21important%3B%0A%7D%0A%0A%0A\");\n\t\t\t\t\tvar htmlDiv = document.getElementById('rs-plugin-settings-inline-css');\n\t\t\t\t\tif(htmlDiv) {\n\t\t\t\t\t\thtmlDiv.innerHTML = htmlDiv.innerHTML + htmlDivCss;\n\t\t\t\t\t}else{\n\t\t\t\t\t\tvar htmlDiv = document.createElement('div');\n\t\t\t\t\t\thtmlDiv.innerHTML = '<style>' + htmlDivCss + '<\/style>';\n\t\t\t\t\t\tdocument.getElementsByTagName('head')[0].appendChild(htmlDiv.childNodes[0]);\n\t\t\t\t\t}\n\t\t\t\t<\/script>\n\t\t\t<\/rs-module-wrap>\n\t\t\t<!-- END REVOLUTION SLIDER -->\n[\/vc_column_inner][\/vc_row_inner][\/vc_column][\/vc_row][vc_row el_class=&#8220;slider-gallery&#8220;][vc_column][\/vc_column][\/vc_row][\/vc_section][vc_section][vc_row full_width=&#8220;stretch_row&#8220; el_id=&#8220;anlage&#8220;][vc_column el_class=&#8220;overview-wrapper&#8220;][vc_empty_space height=&#8220;&#8220;][\/vc_column][\/vc_row][vc_row el_class=&#8220;right-copy-text-wrapper narrow section-content titel&#8220;][vc_column][vc_column_text el_class=&#8220;h3-text-box&#8220;]<\/p>\n<h3>Die anlage<\/h3>\n<p>[\/vc_column_text][vc_column_text css_animation=&#8220;fadeInRight&#8220; el_class=&#8220;main-headline&#8220;]<\/p>\n<h2>Umgeben vom Leben.<\/h2>\n<p>[\/vc_column_text][vc_row_inner el_class=&#8220;block-chage&#8220;][vc_column_inner el_class=&#8220;order-1 column-right&#8220; width=&#8220;1\/2&#8243;][vc_single_image image=&#8220;3097&#8243; img_size=&#8220;full&#8220;][vc_empty_space height=&#8220;50px&#8220; el_class=&#8220;spacer_10&#8243;][\/vc_column_inner][vc_column_inner el_class=&#8220;order-2&#8243; width=&#8220;1\/2&#8243;][vc_column_text css_animation=&#8220;fadeInUp&#8220; el_class=&#8220;copy-text rm-box&#8220;]Immer mehr Menschen zieht es nach Hamburg. Immer weniger Raum f\u00fcr Wohnungen ist verf\u00fcgbar. Darum haben wir den <strong>TAKT DER STADT <\/strong>aufs Wesentliche reduziert, ohne Kompromisse bei Architektur, Ausstattung oder Wohnraum zu machen. Das Ergebnis: Ein Geb\u00e4ude im Einklang mit der Umgebung und Platz genug f\u00fcr 20 \u201estadtliche\u201c Wohnungen, die speziell f\u00fcr Singles, Paare und Senioren entwickelt wurde. Helle, flexibel gestaltbare Gewerbefl\u00e4chen im Erdgeschoss mit gro\u00dfen Schaufenstern zur Stra\u00dfe sind zudem ein idealer Standort f\u00fcr B\u00fcros, Friseursalons, Galerien uvm.<\/p>\n<p><span><a onclick=\"read_toggle(353119252, '+', '-'); return false;\" class=\"read-link\" id=\"readlink353119252\" style=\"readlink\" href=\"#\">+<\/a><\/span>\n<div class=\"read_div\" id=\"read353119252\" style=\"display: none;\">Der <strong>TAKT DER STADT<\/strong> ist in zwei Geb\u00e4udeh\u00e4lften mit je einem eigenen Eingang unterteilt. Sowohl das Satteldach mit Gauben als auch die vier Geschosse und die Fassade in Klingeroptik f\u00fcgen sich harmonisch in die bestehende Architektur des Viertels ein. Eine moderne Interpretation der klassischen Umgebung auf dem neusten Stand gebaut: mit bodentiefen Fenstern, barrierefreien Hauseing\u00e4nge uvm. Statt Tiefgarage gibt\u2019s eine gro\u00dfe innenliegende Abstellfl\u00e4che f\u00fcr Fahrr\u00e4der. Die Gr\u00fcnfl\u00e4che hinter dem Haus steht allen Bewohnern offen und wird als Freizeit- und Entspannungsfl\u00e4che angelegt. Fertig ist ein modernes, urbanes Wohnhaus, wo es sich trotz der begrenzten Grundst\u00fccksgr\u00f6\u00dfe \u00fcberraschend vielseitig, offen und komfortabel wohnen und arbeiten l\u00e4sst. Am besten, Sie \u00fcberzeugen sich selbst.<\/p>\n<p><\/div>[\/vc_column_text][\/vc_column_inner][\/vc_row_inner][\/vc_column][\/vc_row][vc_row full_width=&#8220;stretch_row_content_no_spaces&#8220; el_class=&#8220;show-overflow&#8220;][vc_column el_class=&#8220;full-size-slider-wapper&#8220;][vc_row_inner][vc_column_inner]\n\t\t\t<!-- START Lageplan Slider REVOLUTION SLIDER 6.4.6 --><p class=\"rs-p-wp-fix\"><\/p>\n\t\t\t<rs-module-wrap id=\"rev_slider_29_2_wrapper\" data-source=\"gallery\" style=\"background:transparent;padding:0;margin:0px auto;margin-top:0;margin-bottom:0;\">\n\t\t\t\t<rs-module id=\"rev_slider_29_2\" style=\"\" data-version=\"6.4.6\">\n\t\t\t\t\t<rs-slides>\n\t\t\t\t\t\t<rs-slide data-key=\"rs-135\" data-title=\"Slide\" data-in=\"o:0;\" data-out=\"a:false;\">\n\t\t\t\t\t\t\t<img loading=\"lazy\" decoding=\"async\" src=\"\/\/behrendt.hamburg\/371-barmbek-sued\/wp-content\/uploads\/2021\/06\/371-Barmbek-Sued-Lageplan-2.png\" title=\"371-Barmbek-Sued-Lageplan\" width=\"1984\" height=\"1455\" class=\"rev-slidebg tp-rs-img\" data-no-retina>\n<!--\n\t\t\t\t\t\t\t--><rs-layer\n\t\t\t\t\t\t\t\tid=\"slider-29-slide-135-layer-0\" \n\t\t\t\t\t\t\t\tdata-type=\"image\"\n\t\t\t\t\t\t\t\tdata-rsp_ch=\"on\"\n\t\t\t\t\t\t\t\tdata-xy=\"x:l,l,l,c;xo:50px,-250px,-250px,4px;y:t,t,t,m;yo:50px,-216px,-216px,-11px;\"\n\t\t\t\t\t\t\t\tdata-text=\"w:normal;s:20,10,10,4;l:0,13,13,6;\"\n\t\t\t\t\t\t\t\tdata-dim=\"w:300px,1410px,1410px,419px;h:271px,1034px,1034px,745px;\"\n\t\t\t\t\t\t\t\tdata-vbility=\"f,t,f,f\"\n\t\t\t\t\t\t\t\tdata-frame_999=\"o:0;st:w;\"\n\t\t\t\t\t\t\t\tstyle=\"z-index:8;\"\n\t\t\t\t\t\t\t><img loading=\"lazy\" decoding=\"async\" src=\"\/\/behrendt.hamburg\/371-barmbek-sued\/wp-content\/uploads\/2021\/06\/371-Barmbek-Sued-Lageplan-2.png\" class=\"tp-rs-img\" width=\"1984\" height=\"1455\" data-no-retina> \n\t\t\t\t\t\t\t<\/rs-layer><!--\n\n\t\t\t\t\t\t\t--><rs-layer\n\t\t\t\t\t\t\t\tid=\"slider-29-slide-135-layer-6\" \n\t\t\t\t\t\t\t\tdata-type=\"image\"\n\t\t\t\t\t\t\t\tdata-rsp_ch=\"on\"\n\t\t\t\t\t\t\t\tdata-xy=\"x:c;xo:1px,0,1px,0;y:m;yo:1px,0,1px,0;\"\n\t\t\t\t\t\t\t\tdata-text=\"w:normal;s:20,10,10,4;l:0,13,13,6;\"\n\t\t\t\t\t\t\t\tdata-dim=\"w:955px,764px,764px,412px;h:569px,430px,430px,245px;\"\n\t\t\t\t\t\t\t\tdata-frame_1=\"st:a;\"\n\t\t\t\t\t\t\t\tdata-frame_999=\"o:0;st:w;sR:8700;\"\n\t\t\t\t\t\t\t\tstyle=\"z-index:15;\"\n\t\t\t\t\t\t\t><img loading=\"lazy\" decoding=\"async\" src=\"\/\/behrendt.hamburg\/371-barmbek-sued\/wp-content\/uploads\/2021\/06\/371-Barmbek-Sued-Visu-2.jpg\" class=\"tp-rs-img\" width=\"2350\" height=\"1400\" data-no-retina> \n\t\t\t\t\t\t\t<\/rs-layer><!--\n\n\t\t\t\t\t\t\t--><rs-layer\n\t\t\t\t\t\t\t\tid=\"slider-29-slide-135-layer-10\" \n\t\t\t\t\t\t\t\tdata-type=\"image\"\n\t\t\t\t\t\t\t\tdata-rsp_ch=\"on\"\n\t\t\t\t\t\t\t\tdata-xy=\"x:c;xo:477px,375px,375px,0;y:m,m,m,b;yo:-332px,-258px,-258px,150px;\"\n\t\t\t\t\t\t\t\tdata-text=\"w:normal;s:20,10,10,4;l:0,13,13,6;\"\n\t\t\t\t\t\t\t\tdata-dim=\"w:46px,42px,42px,40px;h:46px,42px,42px,40px;\"\n\t\t\t\t\t\t\t\tdata-actions='o:click;a:stoplayer;layer:slider-29-slide-135-layer-10;ch:true;||o:click;a:stoplayer;layer:slider-29-slide-135-layer-15;ch:true;||o:click;a:stoplayer;layer:slider-29-slide-135-layer-6;ch:true;'\n\t\t\t\t\t\t\t\tdata-frame_1=\"st:a;\"\n\t\t\t\t\t\t\t\tdata-frame_999=\"o:0;st:w;sR:8700;\"\n\t\t\t\t\t\t\t\tdata-frame_hover=\"sX:1.2;sY:1.2;\"\n\t\t\t\t\t\t\t\tstyle=\"z-index:16;cursor:pointer;\"\n\t\t\t\t\t\t\t><img loading=\"lazy\" decoding=\"async\" src=\"\/\/behrendt.hamburg\/371-barmbek-sued\/wp-content\/uploads\/2021\/05\/Bla\u0308ttern.png\" class=\"tp-rs-img\" width=\"35\" height=\"35\" data-no-retina> \n\t\t\t\t\t\t\t<\/rs-layer><!--\n\n\t\t\t\t\t\t\t--><rs-layer\n\t\t\t\t\t\t\t\tid=\"slider-29-slide-135-layer-11\" \n\t\t\t\t\t\t\t\tdata-type=\"image\"\n\t\t\t\t\t\t\t\tdata-rsp_ch=\"on\"\n\t\t\t\t\t\t\t\tdata-xy=\"xo:1212px,215px,215px,309px;yo:436px,462px,462px,376px;\"\n\t\t\t\t\t\t\t\tdata-text=\"w:normal;s:20,10,10,4;l:0,13,13,6;\"\n\t\t\t\t\t\t\t\tdata-dim=\"w:46px,42px,42px,46px;h:46px,42px,42px,46px;\"\n\t\t\t\t\t\t\t\tdata-actions='o:click;a:startlayer;layer:slider-29-slide-135-layer-6;||o:click;a:startlayer;layer:slider-29-slide-135-layer-15;||o:click;a:startlayer;layer:slider-29-slide-135-layer-10;'\n\t\t\t\t\t\t\t\tdata-frame_999=\"o:0;st:w;sR:8700;\"\n\t\t\t\t\t\t\t\tdata-frame_hover=\"sX:1.1;sY:1.1;\"\n\t\t\t\t\t\t\t\tstyle=\"z-index:13;cursor:pointer;\"\n\t\t\t\t\t\t\t><img loading=\"lazy\" decoding=\"async\" src=\"\/\/behrendt.hamburg\/371-barmbek-sued\/wp-content\/uploads\/2019\/11\/Iserbrook-icons-10.svg\" class=\"tp-rs-img\" width=\"39\" height=\"39\" data-no-retina> \n\t\t\t\t\t\t\t<\/rs-layer><!--\n\n\t\t\t\t\t\t\t--><rs-layer\n\t\t\t\t\t\t\t\tid=\"slider-29-slide-135-layer-15\" \n\t\t\t\t\t\t\t\tdata-type=\"shape\"\n\t\t\t\t\t\t\t\tdata-rsp_ch=\"on\"\n\t\t\t\t\t\t\t\tdata-xy=\"xo:1px,0,1px,0;\"\n\t\t\t\t\t\t\t\tdata-text=\"w:normal;s:20,10,10,4;l:0,13,13,6;\"\n\t\t\t\t\t\t\t\tdata-dim=\"w:100%;h:100%;\"\n\t\t\t\t\t\t\t\tdata-basealign=\"slide\"\n\t\t\t\t\t\t\t\tdata-frame_1=\"st:a;\"\n\t\t\t\t\t\t\t\tdata-frame_999=\"o:0;st:a;sR:8700;\"\n\t\t\t\t\t\t\t\tstyle=\"z-index:14;background-color:rgba(255,255,255,0.8);\"\n\t\t\t\t\t\t\t> \n\t\t\t\t\t\t\t<\/rs-layer><!--\n\n\t\t\t\t\t\t\t--><rs-layer\n\t\t\t\t\t\t\t\tid=\"slider-29-slide-135-layer-17\" \n\t\t\t\t\t\t\t\tdata-type=\"image\"\n\t\t\t\t\t\t\t\tdata-rsp_ch=\"on\"\n\t\t\t\t\t\t\t\tdata-xy=\"xo:642px,627px,627px,39px;yo:591px,346px,346px,441px;\"\n\t\t\t\t\t\t\t\tdata-text=\"w:normal;s:20,10,10,4;l:0,13,13,6;\"\n\t\t\t\t\t\t\t\tdata-dim=\"w:45px,42px,42px,45px;h:45px,42px,42px,45px;\"\n\t\t\t\t\t\t\t\tdata-actions='o:click;a:startlayer;layer:slider-29-slide-135-layer-19;||o:click;a:startlayer;layer:slider-29-slide-135-layer-15;||o:click;a:startlayer;layer:slider-29-slide-135-layer-18;'\n\t\t\t\t\t\t\t\tdata-frame_999=\"o:0;st:w;sR:8700;\"\n\t\t\t\t\t\t\t\tdata-frame_hover=\"sX:1.1;sY:1.1;\"\n\t\t\t\t\t\t\t\tstyle=\"z-index:12;cursor:pointer;\"\n\t\t\t\t\t\t\t><img loading=\"lazy\" decoding=\"async\" src=\"\/\/behrendt.hamburg\/371-barmbek-sued\/wp-content\/uploads\/2019\/11\/Iserbrook-icons-10.svg\" class=\"tp-rs-img\" width=\"39\" height=\"39\" data-no-retina> \n\t\t\t\t\t\t\t<\/rs-layer><!--\n\n\t\t\t\t\t\t\t--><rs-layer\n\t\t\t\t\t\t\t\tid=\"slider-29-slide-135-layer-18\" \n\t\t\t\t\t\t\t\tdata-type=\"image\"\n\t\t\t\t\t\t\t\tdata-rsp_ch=\"on\"\n\t\t\t\t\t\t\t\tdata-xy=\"x:c;xo:476px,374px,374px,1px;y:m,m,m,b;yo:-332px,-259px,-259px,137px;\"\n\t\t\t\t\t\t\t\tdata-text=\"w:normal;s:20,10,10,4;l:0,13,13,6;\"\n\t\t\t\t\t\t\t\tdata-dim=\"w:46px,42px,42px,40px;h:46px,42px,42px,40px;\"\n\t\t\t\t\t\t\t\tdata-actions='o:click;a:stoplayer;layer:slider-29-slide-135-layer-18;ch:true;||o:click;a:stoplayer;layer:slider-29-slide-135-layer-15;ch:true;||o:click;a:stoplayer;layer:slider-29-slide-135-layer-19;ch:true;'\n\t\t\t\t\t\t\t\tdata-frame_1=\"st:a;\"\n\t\t\t\t\t\t\t\tdata-frame_999=\"o:0;st:w;sR:8700;\"\n\t\t\t\t\t\t\t\tdata-frame_hover=\"sX:1.2;sY:1.2;\"\n\t\t\t\t\t\t\t\tstyle=\"z-index:18;cursor:pointer;\"\n\t\t\t\t\t\t\t><img loading=\"lazy\" decoding=\"async\" src=\"\/\/behrendt.hamburg\/371-barmbek-sued\/wp-content\/uploads\/2021\/05\/Bla\u0308ttern.png\" class=\"tp-rs-img\" width=\"35\" height=\"35\" data-no-retina> \n\t\t\t\t\t\t\t<\/rs-layer><!--\n\n\t\t\t\t\t\t\t--><rs-layer\n\t\t\t\t\t\t\t\tid=\"slider-29-slide-135-layer-19\" \n\t\t\t\t\t\t\t\tdata-type=\"image\"\n\t\t\t\t\t\t\t\tdata-rsp_ch=\"on\"\n\t\t\t\t\t\t\t\tdata-xy=\"x:c;xo:1px,0,1px,0;y:m;yo:1px,0,1px,0;\"\n\t\t\t\t\t\t\t\tdata-text=\"w:normal;s:20,10,10,4;l:0,13,13,6;\"\n\t\t\t\t\t\t\t\tdata-dim=\"w:955px,764px,764px,413px;h:569px,455px,455px,288px;\"\n\t\t\t\t\t\t\t\tdata-frame_1=\"st:a;\"\n\t\t\t\t\t\t\t\tdata-frame_999=\"o:0;st:w;sR:8700;\"\n\t\t\t\t\t\t\t\tstyle=\"z-index:17;\"\n\t\t\t\t\t\t\t><img loading=\"lazy\" decoding=\"async\" src=\"\/\/behrendt.hamburg\/371-barmbek-sued\/wp-content\/uploads\/2021\/06\/371-Barmbek-Sued-Visu-1.jpg\" class=\"tp-rs-img\" width=\"2350\" height=\"1400\" data-no-retina> \n\t\t\t\t\t\t\t<\/rs-layer><!--\n\n\t\t\t\t\t\t\t--><rs-layer\n\t\t\t\t\t\t\t\tid=\"slider-29-slide-135-layer-24\" \n\t\t\t\t\t\t\t\tdata-type=\"image\"\n\t\t\t\t\t\t\t\tdata-rsp_ch=\"on\"\n\t\t\t\t\t\t\t\tdata-xy=\"xo:1125px,542px,542px,238px;yo:403px,308px,308px,341px;\"\n\t\t\t\t\t\t\t\tdata-text=\"w:normal;s:20,10,10,4;l:0,13,13,6;\"\n\t\t\t\t\t\t\t\tdata-dim=\"w:111px,109px,109px,102px;h:111px,109px,109px,102px;\"\n\t\t\t\t\t\t\t\tdata-btrans=\"rZ:94;\"\n\t\t\t\t\t\t\t\tdata-frame_999=\"o:0;st:w;\"\n\t\t\t\t\t\t\t\tstyle=\"z-index:11;\"\n\t\t\t\t\t\t\t><img loading=\"lazy\" decoding=\"async\" src=\"\/\/behrendt.hamburg\/371-barmbek-sued\/wp-content\/uploads\/2019\/11\/Icon-Blickwinkel.png\" class=\"tp-rs-img\" width=\"1417\" height=\"1417\" data-no-retina> \n\t\t\t\t\t\t\t<\/rs-layer><!--\n\n\t\t\t\t\t\t\t--><rs-layer\n\t\t\t\t\t\t\t\tid=\"slider-29-slide-135-layer-25\" \n\t\t\t\t\t\t\t\tdata-type=\"image\"\n\t\t\t\t\t\t\t\tdata-rsp_ch=\"on\"\n\t\t\t\t\t\t\t\tdata-xy=\"xo:639px,220px,220px,41px;yo:516px,391px,391px,357px;\"\n\t\t\t\t\t\t\t\tdata-text=\"w:normal;s:20,10,10,4;l:0,13,13,6;\"\n\t\t\t\t\t\t\t\tdata-dim=\"w:115px,105px,105px,121px;h:115px,105px,105px,121px;\"\n\t\t\t\t\t\t\t\tdata-btrans=\"rZ:-140;\"\n\t\t\t\t\t\t\t\tdata-frame_999=\"o:0;st:w;\"\n\t\t\t\t\t\t\t\tstyle=\"z-index:10;\"\n\t\t\t\t\t\t\t><img loading=\"lazy\" decoding=\"async\" src=\"\/\/behrendt.hamburg\/371-barmbek-sued\/wp-content\/uploads\/2019\/11\/Icon-Blickwinkel.png\" class=\"tp-rs-img\" width=\"1417\" height=\"1417\" data-no-retina> \n\t\t\t\t\t\t\t<\/rs-layer><!--\n\n\t\t\t\t\t\t\t--><rs-layer\n\t\t\t\t\t\t\t\tid=\"slider-29-slide-135-layer-26\" \n\t\t\t\t\t\t\t\tdata-type=\"image\"\n\t\t\t\t\t\t\t\tdata-rsp_ch=\"on\"\n\t\t\t\t\t\t\t\tdata-xy=\"x:l,l,l,c;xo:50px,26px,26px,0;y:t,t,t,m;yo:50px,26px,26px,17px;\"\n\t\t\t\t\t\t\t\tdata-text=\"w:normal;s:20,10,10,4;l:0,13,13,6;\"\n\t\t\t\t\t\t\t\tdata-dim=\"w:300px,160px,160px,969px;h:220px,117px,117px,711px;\"\n\t\t\t\t\t\t\t\tdata-vbility=\"f,f,f,t\"\n\t\t\t\t\t\t\t\tdata-frame_999=\"o:0;st:w;\"\n\t\t\t\t\t\t\t\tstyle=\"z-index:7;\"\n\t\t\t\t\t\t\t><img loading=\"lazy\" decoding=\"async\" src=\"\/\/behrendt.hamburg\/371-barmbek-sued\/wp-content\/uploads\/2021\/06\/371-Barmbek-Sued-Lageplan-2.png\" class=\"tp-rs-img\" width=\"1984\" height=\"1455\" data-no-retina> \n\t\t\t\t\t\t\t<\/rs-layer><!--\n-->\t\t\t\t\t\t<\/rs-slide>\n\t\t\t\t\t<\/rs-slides>\n\t\t\t\t\t<rs-static-layers><!--\n\t\t\t\t\t--><\/rs-static-layers>\n\t\t\t\t<\/rs-module>\n\t\t\t<\/rs-module-wrap>\n\t\t\t<!-- END REVOLUTION SLIDER -->\n[\/vc_column_inner][\/vc_row_inner][\/vc_column][\/vc_row][vc_row el_class=&#8220;rev-tool-tip slider-second&#8220;][vc_column][vc_empty_space height=&#8220;6em&#8220;]\n\t\t\t<!-- START Anlage Slider REVOLUTION SLIDER 6.4.6 --><p class=\"rs-p-wp-fix\"><\/p>\n\t\t\t<rs-module-wrap id=\"rev_slider_30_3_wrapper\" data-source=\"gallery\" style=\"background:transparent;padding:0;margin:0px auto;margin-top:0;margin-bottom:0;\">\n\t\t\t\t<rs-module id=\"rev_slider_30_3\" style=\"\" data-version=\"6.4.6\">\n\t\t\t\t\t<rs-slides>\n\t\t\t\t\t\t<rs-slide data-key=\"rs-136\" data-title=\"Nordansicht\" data-thumb=\"\/\/behrendt.hamburg\/371-barmbek-sued\/wp-content\/uploads\/2019\/11\/354-Iserbrook-Elbe-Slider.jpg\" data-in=\"o:0;\" data-out=\"a:false;\">\n\t\t\t\t\t\t\t<img decoding=\"async\" src=\"\/\/behrendt.hamburg\/371-barmbek-sued\/wp-content\/plugins\/revslider\/public\/assets\/assets\/transparent.png\" alt=\"Nordansicht\" class=\"rev-slidebg tp-rs-img\" data-no-retina>\n<!--\n\t\t\t\t\t\t\t--><rs-layer\n\t\t\t\t\t\t\t\tid=\"slider-30-slide-136-layer-0\" \n\t\t\t\t\t\t\t\tdata-type=\"image\"\n\t\t\t\t\t\t\t\tdata-rsp_ch=\"on\"\n\t\t\t\t\t\t\t\tdata-xy=\"xo:122px,115px,115px,41px;yo:0,-1px,-1px,0;\"\n\t\t\t\t\t\t\t\tdata-text=\"w:normal;s:20,14,14,4;l:0,17,17,6;\"\n\t\t\t\t\t\t\t\tdata-dim=\"w:947px,800px,800px,292px;h:660px,558px,558px,203px;\"\n\t\t\t\t\t\t\t\tdata-vbility=\"t,t,t,f\"\n\t\t\t\t\t\t\t\tdata-frame_999=\"o:0;st:w;\"\n\t\t\t\t\t\t\t\tstyle=\"z-index:9;\"\n\t\t\t\t\t\t\t><img loading=\"lazy\" decoding=\"async\" src=\"\/\/behrendt.hamburg\/371-barmbek-sued\/wp-content\/uploads\/2021\/06\/371-Slider-Anlage-Desktop-1.jpg\" class=\"tp-rs-img\" width=\"947\" height=\"660\" data-no-retina> \n\t\t\t\t\t\t\t<\/rs-layer><!--\n\n\t\t\t\t\t\t\t--><rs-layer\n\t\t\t\t\t\t\t\tid=\"slider-30-slide-136-layer-1\" \n\t\t\t\t\t\t\t\tclass=\"text-shape\"\n\t\t\t\t\t\t\t\tdata-type=\"text\"\n\t\t\t\t\t\t\t\tdata-color=\"#808180\"\n\t\t\t\t\t\t\t\tdata-rsp_ch=\"on\"\n\t\t\t\t\t\t\t\tdata-xy=\"x:r,r,r,c;xo:122px,180px,180px,0;y:m,b,b,t;yo:-70px,167px,167px,387px;\"\n\t\t\t\t\t\t\t\tdata-text=\"w:normal;s:14,18,18,14;l:24,31,31,24;\"\n\t\t\t\t\t\t\t\tdata-dim=\"w:330px,650px,650px,350px;h:167px,110px,110px,137px;\"\n\t\t\t\t\t\t\t\tdata-padding=\"t:30,21,21,30;r:30,21,21,30;b:30,21,21,30;l:30,21,21,30;\"\n\t\t\t\t\t\t\t\tdata-border=\"bos:solid;boc:rgba(255, 255, 255, 0.02);bow:2px,2px,2px,2px;\"\n\t\t\t\t\t\t\t\tdata-frame_999=\"o:0;st:w;\"\n\t\t\t\t\t\t\t\tstyle=\"z-index:10;background-color:rgba(231,238,245,0.85);font-family:Arial, Helvetica, sans-serif;\"\n\t\t\t\t\t\t\t>Barmbek-S\u00fcd in nagelneu: Blick von S\u00fcd-West auf das Geb\u00e4ude mit den Eigentumswohnungen \u2013 rechts vorgelagert die Gewerbeeinheiten. \n\t\t\t\t\t\t\t<\/rs-layer><!--\n\n\t\t\t\t\t\t\t--><rs-layer\n\t\t\t\t\t\t\t\tid=\"slider-30-slide-136-layer-5\" \n\t\t\t\t\t\t\t\tdata-type=\"image\"\n\t\t\t\t\t\t\t\tdata-rsp_ch=\"on\"\n\t\t\t\t\t\t\t\tdata-xy=\"x:l,l,l,c;xo:50px,35px,35px,0;yo:50px,35px,35px,0;\"\n\t\t\t\t\t\t\t\tdata-text=\"w:normal;s:20,14,14,4;l:0,17,17,6;\"\n\t\t\t\t\t\t\t\tdata-dim=\"w:225px,160px,160px,389px;h:264px,187px,187px,456px;\"\n\t\t\t\t\t\t\t\tdata-vbility=\"f,f,f,t\"\n\t\t\t\t\t\t\t\tdata-frame_999=\"o:0;st:w;\"\n\t\t\t\t\t\t\t\tstyle=\"z-index:8;\"\n\t\t\t\t\t\t\t><img loading=\"lazy\" decoding=\"async\" src=\"\/\/behrendt.hamburg\/371-barmbek-sued\/wp-content\/uploads\/2021\/06\/371-Slider-Anlage-Mobile-1-1.jpg\" class=\"tp-rs-img\" width=\"375\" height=\"440\" data-no-retina> \n\t\t\t\t\t\t\t<\/rs-layer><!--\n-->\t\t\t\t\t\t<\/rs-slide>\n\t\t\t\t\t\t<rs-slide data-key=\"rs-137\" data-title=\"S\u00fcdansicht\" data-thumb=\"\/\/behrendt.hamburg\/371-barmbek-sued\/wp-content\/uploads\/2019\/11\/354-Iserbrook-Elbe-Slider.jpg\" data-in=\"o:0;\" data-out=\"a:false;\">\n\t\t\t\t\t\t\t<img decoding=\"async\" src=\"\/\/behrendt.hamburg\/371-barmbek-sued\/wp-content\/plugins\/revslider\/public\/assets\/assets\/transparent.png\" alt=\"S\u00fcdansicht\" class=\"rev-slidebg tp-rs-img\" data-no-retina>\n<!--\n\t\t\t\t\t\t\t--><rs-layer\n\t\t\t\t\t\t\t\tid=\"slider-30-slide-137-layer-0\" \n\t\t\t\t\t\t\t\tdata-type=\"image\"\n\t\t\t\t\t\t\t\tdata-rsp_ch=\"on\"\n\t\t\t\t\t\t\t\tdata-xy=\"xo:122px,115px,115px,42px;yo:0,-1px,-1px,0;\"\n\t\t\t\t\t\t\t\tdata-text=\"w:normal;s:20,14,14,4;l:0,17,17,6;\"\n\t\t\t\t\t\t\t\tdata-dim=\"w:947px,800px,800px,292px;h:660px,558px,558px,343px;\"\n\t\t\t\t\t\t\t\tdata-vbility=\"t,t,t,f\"\n\t\t\t\t\t\t\t\tdata-frame_999=\"o:0;st:w;\"\n\t\t\t\t\t\t\t\tstyle=\"z-index:9;\"\n\t\t\t\t\t\t\t><img loading=\"lazy\" decoding=\"async\" src=\"\/\/behrendt.hamburg\/371-barmbek-sued\/wp-content\/uploads\/2021\/06\/371-Slider-Anlage-Desktop-2.jpg\" class=\"tp-rs-img\" width=\"947\" height=\"660\" data-no-retina> \n\t\t\t\t\t\t\t<\/rs-layer><!--\n\n\t\t\t\t\t\t\t--><rs-layer\n\t\t\t\t\t\t\t\tid=\"slider-30-slide-137-layer-1\" \n\t\t\t\t\t\t\t\tclass=\"text-shape\"\n\t\t\t\t\t\t\t\tdata-type=\"text\"\n\t\t\t\t\t\t\t\tdata-color=\"#808180\"\n\t\t\t\t\t\t\t\tdata-rsp_ch=\"on\"\n\t\t\t\t\t\t\t\tdata-xy=\"x:r,r,r,c;xo:121px,180px,180px,0;y:m,b,b,t;yo:-70px,167px,167px,387px;\"\n\t\t\t\t\t\t\t\tdata-text=\"w:normal;s:14,18,18,14;l:24,31,31,24;\"\n\t\t\t\t\t\t\t\tdata-dim=\"w:332px,650px,650px,350px;h:167px,110px,110px,137px;\"\n\t\t\t\t\t\t\t\tdata-padding=\"t:30,21,21,30;r:30,21,21,30;b:30,21,21,30;l:30,21,21,30;\"\n\t\t\t\t\t\t\t\tdata-border=\"bos:solid;boc:rgba(255, 255, 255, 0);bow:2px,2px,2px,2px;\"\n\t\t\t\t\t\t\t\tdata-frame_999=\"o:0;st:w;\"\n\t\t\t\t\t\t\t\tstyle=\"z-index:10;background-color:rgba(231,238,245,0.85);font-family:Arial, Helvetica, sans-serif;\"\n\t\t\t\t\t\t\t>Endlich ankommen: Blick auf den Eingangsbereich von Haus 1. \n\t\t\t\t\t\t\t<\/rs-layer><!--\n\n\t\t\t\t\t\t\t--><rs-layer\n\t\t\t\t\t\t\t\tid=\"slider-30-slide-137-layer-5\" \n\t\t\t\t\t\t\t\tdata-type=\"image\"\n\t\t\t\t\t\t\t\tdata-rsp_ch=\"on\"\n\t\t\t\t\t\t\t\tdata-xy=\"x:l,l,l,c;xo:50px,35px,35px,0;yo:50px,35px,35px,0;\"\n\t\t\t\t\t\t\t\tdata-text=\"w:normal;s:20,14,14,4;l:0,17,17,6;\"\n\t\t\t\t\t\t\t\tdata-dim=\"w:225px,160px,160px,389px;h:264px,187px,187px,456px;\"\n\t\t\t\t\t\t\t\tdata-vbility=\"f,f,f,t\"\n\t\t\t\t\t\t\t\tdata-frame_999=\"o:0;st:w;\"\n\t\t\t\t\t\t\t\tstyle=\"z-index:8;\"\n\t\t\t\t\t\t\t><img loading=\"lazy\" decoding=\"async\" src=\"\/\/behrendt.hamburg\/371-barmbek-sued\/wp-content\/uploads\/2021\/06\/371-Slider-Anlage-Mobile-2-1.jpg\" class=\"tp-rs-img\" width=\"375\" height=\"440\" data-no-retina> \n\t\t\t\t\t\t\t<\/rs-layer><!--\n-->\t\t\t\t\t\t<\/rs-slide>\n\t\t\t\t\t\t<rs-slide data-key=\"rs-138\" data-title=\"Ostansicht\" data-thumb=\"\/\/behrendt.hamburg\/371-barmbek-sued\/wp-content\/uploads\/2019\/11\/354-Iserbrook-Elbe-Slider.jpg\" data-in=\"o:0;\" data-out=\"a:false;\">\n\t\t\t\t\t\t\t<img decoding=\"async\" src=\"\/\/behrendt.hamburg\/371-barmbek-sued\/wp-content\/plugins\/revslider\/public\/assets\/assets\/transparent.png\" alt=\"Ostansicht\" class=\"rev-slidebg tp-rs-img\" data-no-retina>\n<!--\n\t\t\t\t\t\t\t--><rs-layer\n\t\t\t\t\t\t\t\tid=\"slider-30-slide-138-layer-0\" \n\t\t\t\t\t\t\t\tdata-type=\"image\"\n\t\t\t\t\t\t\t\tdata-rsp_ch=\"on\"\n\t\t\t\t\t\t\t\tdata-xy=\"xo:122px,115px,115px,41px;yo:0,-1px,-1px,0;\"\n\t\t\t\t\t\t\t\tdata-text=\"w:normal;s:20,14,14,4;l:0,17,17,6;\"\n\t\t\t\t\t\t\t\tdata-dim=\"w:947px,800px,800px,292px;h:660px,558px,558px,203px;\"\n\t\t\t\t\t\t\t\tdata-vbility=\"t,t,t,f\"\n\t\t\t\t\t\t\t\tdata-frame_999=\"o:0;st:w;\"\n\t\t\t\t\t\t\t\tstyle=\"z-index:9;\"\n\t\t\t\t\t\t\t><img loading=\"lazy\" decoding=\"async\" src=\"\/\/behrendt.hamburg\/371-barmbek-sued\/wp-content\/uploads\/2021\/06\/371-Slider-Anlage-Desktop-3.jpg\" class=\"tp-rs-img\" width=\"947\" height=\"660\" data-no-retina> \n\t\t\t\t\t\t\t<\/rs-layer><!--\n\n\t\t\t\t\t\t\t--><rs-layer\n\t\t\t\t\t\t\t\tid=\"slider-30-slide-138-layer-1\" \n\t\t\t\t\t\t\t\tclass=\"text-shape\"\n\t\t\t\t\t\t\t\tdata-type=\"text\"\n\t\t\t\t\t\t\t\tdata-color=\"#808180\"\n\t\t\t\t\t\t\t\tdata-rsp_ch=\"on\"\n\t\t\t\t\t\t\t\tdata-xy=\"x:r,r,r,c;xo:122px,180px,180px,0;y:m,m,m,t;yo:-70px,167px,167px,387px;\"\n\t\t\t\t\t\t\t\tdata-text=\"w:normal;s:14,18,18,14;l:24,31,31,24;\"\n\t\t\t\t\t\t\t\tdata-dim=\"w:330px,650px,650px,350px;h:167px,110px,110px,137px;\"\n\t\t\t\t\t\t\t\tdata-padding=\"t:30,21,21,30;r:30,21,21,30;b:30,21,21,30;l:30,21,21,30;\"\n\t\t\t\t\t\t\t\tdata-border=\"bos:solid;boc:rgba(255, 255, 255, 0);bow:2px,2px,2px,2px;\"\n\t\t\t\t\t\t\t\tdata-frame_999=\"o:0;st:w;\"\n\t\t\t\t\t\t\t\tstyle=\"z-index:10;background-color:rgba(231,238,245,0.85);font-family:Arial, Helvetica, sans-serif;\"\n\t\t\t\t\t\t\t>Standortvorteil inklusive: F\u00fcnf Gewerbeeinheiten bilden den Abschluss Richtung Osten. \n\t\t\t\t\t\t\t<\/rs-layer><!--\n\n\t\t\t\t\t\t\t--><rs-layer\n\t\t\t\t\t\t\t\tid=\"slider-30-slide-138-layer-5\" \n\t\t\t\t\t\t\t\tdata-type=\"image\"\n\t\t\t\t\t\t\t\tdata-rsp_ch=\"on\"\n\t\t\t\t\t\t\t\tdata-xy=\"x:l,l,l,c;xo:50px,35px,35px,0;yo:50px,35px,35px,0;\"\n\t\t\t\t\t\t\t\tdata-text=\"w:normal;s:20,14,14,4;l:0,17,17,6;\"\n\t\t\t\t\t\t\t\tdata-dim=\"w:225px,160px,160px,389px;h:264px,187px,187px,456px;\"\n\t\t\t\t\t\t\t\tdata-vbility=\"f,f,f,t\"\n\t\t\t\t\t\t\t\tdata-frame_999=\"o:0;st:w;\"\n\t\t\t\t\t\t\t\tstyle=\"z-index:8;\"\n\t\t\t\t\t\t\t><img loading=\"lazy\" decoding=\"async\" src=\"\/\/behrendt.hamburg\/371-barmbek-sued\/wp-content\/uploads\/2021\/06\/371-Slider-Anlage-Mobile-3-1.jpg\" class=\"tp-rs-img\" width=\"375\" height=\"440\" data-no-retina> \n\t\t\t\t\t\t\t<\/rs-layer><!--\n-->\t\t\t\t\t\t<\/rs-slide>\n\t\t\t\t\t\t<rs-slide data-key=\"rs-139\" data-title=\"Lageplan\" data-thumb=\"\/\/behrendt.hamburg\/371-barmbek-sued\/wp-content\/uploads\/2019\/11\/354-Iserbrook-Elbe-Slider.jpg\" data-in=\"o:0;\" data-out=\"a:false;\">\n\t\t\t\t\t\t\t<img decoding=\"async\" src=\"\/\/behrendt.hamburg\/371-barmbek-sued\/wp-content\/plugins\/revslider\/public\/assets\/assets\/transparent.png\" alt=\"Lageplan\" class=\"rev-slidebg tp-rs-img\" data-no-retina>\n<!--\n\t\t\t\t\t\t\t--><rs-layer\n\t\t\t\t\t\t\t\tid=\"slider-30-slide-139-layer-0\" \n\t\t\t\t\t\t\t\tdata-type=\"image\"\n\t\t\t\t\t\t\t\tdata-rsp_ch=\"on\"\n\t\t\t\t\t\t\t\tdata-xy=\"xo:122px,115px,115px,41px;yo:0,-1px,-1px,0;\"\n\t\t\t\t\t\t\t\tdata-text=\"w:normal;s:20,14,14,4;l:0,17,17,6;\"\n\t\t\t\t\t\t\t\tdata-dim=\"w:947px,800px,800px,292px;h:660px,558px,558px,203px;\"\n\t\t\t\t\t\t\t\tdata-vbility=\"t,t,t,f\"\n\t\t\t\t\t\t\t\tdata-frame_999=\"o:0;st:w;\"\n\t\t\t\t\t\t\t\tstyle=\"z-index:9;\"\n\t\t\t\t\t\t\t><img loading=\"lazy\" decoding=\"async\" src=\"\/\/behrendt.hamburg\/371-barmbek-sued\/wp-content\/uploads\/2021\/06\/371-Slider-Anlage-Desktop-4.jpg\" class=\"tp-rs-img\" width=\"947\" height=\"660\" data-no-retina> \n\t\t\t\t\t\t\t<\/rs-layer><!--\n\n\t\t\t\t\t\t\t--><rs-layer\n\t\t\t\t\t\t\t\tid=\"slider-30-slide-139-layer-1\" \n\t\t\t\t\t\t\t\tclass=\"text-shape\"\n\t\t\t\t\t\t\t\tdata-type=\"text\"\n\t\t\t\t\t\t\t\tdata-color=\"#808180\"\n\t\t\t\t\t\t\t\tdata-rsp_ch=\"on\"\n\t\t\t\t\t\t\t\tdata-xy=\"x:r,r,r,c;xo:122px,180px,180px,0;y:m,m,m,t;yo:-70px,167px,167px,387px;\"\n\t\t\t\t\t\t\t\tdata-text=\"w:normal;s:14,18,18,14;l:24,31,31,24;\"\n\t\t\t\t\t\t\t\tdata-dim=\"w:332px,650px,650px,350px;h:167px,110px,110px,137px;\"\n\t\t\t\t\t\t\t\tdata-padding=\"t:30,21,21,30;r:30,21,21,30;b:30,21,21,30;l:30,21,21,30;\"\n\t\t\t\t\t\t\t\tdata-border=\"bos:solid;boc:rgba(255, 255, 255, 0);bow:2px,2px,2px,2px;\"\n\t\t\t\t\t\t\t\tdata-frame_999=\"o:0;st:w;\"\n\t\t\t\t\t\t\t\tstyle=\"z-index:10;background-color:rgba(231,238,245,0.85);font-family:Arial, Helvetica, sans-serif;\"\n\t\t\t\t\t\t\t>Abendstimmung in der Schmalenbecker Stra\u00dfe: Blick von S\u00fcd-Ost mit den Dachterrassen im 1. OG im Vordergrund. \n\t\t\t\t\t\t\t<\/rs-layer><!--\n\n\t\t\t\t\t\t\t--><rs-layer\n\t\t\t\t\t\t\t\tid=\"slider-30-slide-139-layer-5\" \n\t\t\t\t\t\t\t\tdata-type=\"image\"\n\t\t\t\t\t\t\t\tdata-rsp_ch=\"on\"\n\t\t\t\t\t\t\t\tdata-xy=\"x:l,l,l,c;xo:50px,35px,35px,0;yo:50px,35px,35px,0;\"\n\t\t\t\t\t\t\t\tdata-text=\"w:normal;s:20,14,14,4;l:0,17,17,6;\"\n\t\t\t\t\t\t\t\tdata-dim=\"w:225px,160px,160px,389px;h:264px,187px,187px,456px;\"\n\t\t\t\t\t\t\t\tdata-vbility=\"f,f,f,t\"\n\t\t\t\t\t\t\t\tdata-frame_999=\"o:0;st:w;\"\n\t\t\t\t\t\t\t\tstyle=\"z-index:8;\"\n\t\t\t\t\t\t\t><img loading=\"lazy\" decoding=\"async\" src=\"\/\/behrendt.hamburg\/371-barmbek-sued\/wp-content\/uploads\/2021\/06\/371-Slider-Anlage-Mobile-4.jpg\" class=\"tp-rs-img\" width=\"375\" height=\"440\" data-no-retina> \n\t\t\t\t\t\t\t<\/rs-layer><!--\n-->\t\t\t\t\t\t<\/rs-slide>\n\t\t\t\t\t\t<rs-slide data-key=\"rs-144\" data-title=\"Lageplan\" data-thumb=\"\/\/behrendt.hamburg\/371-barmbek-sued\/wp-content\/uploads\/2019\/11\/354-Iserbrook-Elbe-Slider.jpg\" data-in=\"o:0;\" data-out=\"a:false;\">\n\t\t\t\t\t\t\t<img decoding=\"async\" src=\"\/\/behrendt.hamburg\/371-barmbek-sued\/wp-content\/plugins\/revslider\/public\/assets\/assets\/transparent.png\" alt=\"Lageplan\" class=\"rev-slidebg tp-rs-img\" data-no-retina>\n<!--\n\t\t\t\t\t\t\t--><rs-layer\n\t\t\t\t\t\t\t\tid=\"slider-30-slide-144-layer-0\" \n\t\t\t\t\t\t\t\tdata-type=\"image\"\n\t\t\t\t\t\t\t\tdata-rsp_ch=\"on\"\n\t\t\t\t\t\t\t\tdata-xy=\"xo:122px,115px,115px,41px;yo:0,-1px,-1px,0;\"\n\t\t\t\t\t\t\t\tdata-text=\"w:normal;s:20,14,14,4;l:0,17,17,6;\"\n\t\t\t\t\t\t\t\tdata-dim=\"w:947px,800px,800px,292px;h:660px,558px,558px,203px;\"\n\t\t\t\t\t\t\t\tdata-vbility=\"t,t,t,f\"\n\t\t\t\t\t\t\t\tdata-frame_999=\"o:0;st:w;\"\n\t\t\t\t\t\t\t\tstyle=\"z-index:9;\"\n\t\t\t\t\t\t\t><img loading=\"lazy\" decoding=\"async\" src=\"\/\/behrendt.hamburg\/371-barmbek-sued\/wp-content\/uploads\/2021\/06\/371-Slider-Anlage-Desktop-5.jpg\" class=\"tp-rs-img\" width=\"947\" height=\"660\" data-no-retina> \n\t\t\t\t\t\t\t<\/rs-layer><!--\n\n\t\t\t\t\t\t\t--><rs-layer\n\t\t\t\t\t\t\t\tid=\"slider-30-slide-144-layer-1\" \n\t\t\t\t\t\t\t\tclass=\"text-shape\"\n\t\t\t\t\t\t\t\tdata-type=\"text\"\n\t\t\t\t\t\t\t\tdata-color=\"#808180\"\n\t\t\t\t\t\t\t\tdata-rsp_ch=\"on\"\n\t\t\t\t\t\t\t\tdata-xy=\"x:r,r,r,c;xo:122px,180px,180px,0;y:m,m,m,t;yo:-70px,167px,167px,387px;\"\n\t\t\t\t\t\t\t\tdata-text=\"w:normal;s:14,18,18,14;l:24,31,31,24;\"\n\t\t\t\t\t\t\t\tdata-dim=\"w:332px,650px,650px,350px;h:167px,110px,110px,137px;\"\n\t\t\t\t\t\t\t\tdata-padding=\"t:30,21,21,30;r:30,21,21,30;b:30,21,21,30;l:30,21,21,30;\"\n\t\t\t\t\t\t\t\tdata-border=\"bos:solid;boc:rgba(255, 255, 255, 0);bow:2px,2px,2px,2px;\"\n\t\t\t\t\t\t\t\tdata-frame_999=\"o:0;st:w;\"\n\t\t\t\t\t\t\t\tstyle=\"z-index:10;background-color:rgba(231,238,245,0.85);font-family:Arial, Helvetica, sans-serif;\"\n\t\t\t\t\t\t\t>So l\u00e4sst es sich leben: in der 3-Zimmerwohnung mit der gro\u00dfen Dachterrasse \u00fcber den Gewerbeeinheiten. \n\t\t\t\t\t\t\t<\/rs-layer><!--\n\n\t\t\t\t\t\t\t--><rs-layer\n\t\t\t\t\t\t\t\tid=\"slider-30-slide-144-layer-5\" \n\t\t\t\t\t\t\t\tdata-type=\"image\"\n\t\t\t\t\t\t\t\tdata-rsp_ch=\"on\"\n\t\t\t\t\t\t\t\tdata-xy=\"x:l,l,l,c;xo:50px,35px,35px,0;yo:50px,35px,35px,0;\"\n\t\t\t\t\t\t\t\tdata-text=\"w:normal;s:20,14,14,4;l:0,17,17,6;\"\n\t\t\t\t\t\t\t\tdata-dim=\"w:225px,160px,160px,389px;h:264px,187px,187px,456px;\"\n\t\t\t\t\t\t\t\tdata-vbility=\"f,f,f,t\"\n\t\t\t\t\t\t\t\tdata-frame_999=\"o:0;st:w;\"\n\t\t\t\t\t\t\t\tstyle=\"z-index:8;\"\n\t\t\t\t\t\t\t><img loading=\"lazy\" decoding=\"async\" src=\"\/\/behrendt.hamburg\/371-barmbek-sued\/wp-content\/uploads\/2021\/06\/371-Slider-Anlage-Mobile-5.jpg\" class=\"tp-rs-img\" width=\"375\" height=\"440\" data-no-retina> \n\t\t\t\t\t\t\t<\/rs-layer><!--\n-->\t\t\t\t\t\t<\/rs-slide>\n\t\t\t\t\t\t<rs-slide data-key=\"rs-145\" data-title=\"Lageplan\" data-thumb=\"\/\/behrendt.hamburg\/371-barmbek-sued\/wp-content\/uploads\/2019\/11\/354-Iserbrook-Elbe-Slider.jpg\" data-in=\"o:0;\" data-out=\"a:false;\">\n\t\t\t\t\t\t\t<img decoding=\"async\" src=\"\/\/behrendt.hamburg\/371-barmbek-sued\/wp-content\/plugins\/revslider\/public\/assets\/assets\/transparent.png\" alt=\"Lageplan\" class=\"rev-slidebg tp-rs-img\" data-no-retina>\n<!--\n\t\t\t\t\t\t\t--><rs-layer\n\t\t\t\t\t\t\t\tid=\"slider-30-slide-145-layer-0\" \n\t\t\t\t\t\t\t\tdata-type=\"image\"\n\t\t\t\t\t\t\t\tdata-rsp_ch=\"on\"\n\t\t\t\t\t\t\t\tdata-xy=\"xo:122px,115px,115px,41px;yo:0,-1px,-1px,0;\"\n\t\t\t\t\t\t\t\tdata-text=\"w:normal;s:20,14,14,4;l:0,17,17,6;\"\n\t\t\t\t\t\t\t\tdata-dim=\"w:947px,800px,800px,292px;h:660px,558px,558px,203px;\"\n\t\t\t\t\t\t\t\tdata-vbility=\"t,t,t,f\"\n\t\t\t\t\t\t\t\tdata-frame_999=\"o:0;st:w;\"\n\t\t\t\t\t\t\t\tstyle=\"z-index:9;\"\n\t\t\t\t\t\t\t><img loading=\"lazy\" decoding=\"async\" src=\"\/\/behrendt.hamburg\/371-barmbek-sued\/wp-content\/uploads\/2021\/06\/371-Slider-Anlage-Desktop-6.jpg\" class=\"tp-rs-img\" width=\"947\" height=\"660\" data-no-retina> \n\t\t\t\t\t\t\t<\/rs-layer><!--\n\n\t\t\t\t\t\t\t--><rs-layer\n\t\t\t\t\t\t\t\tid=\"slider-30-slide-145-layer-1\" \n\t\t\t\t\t\t\t\tclass=\"text-shape\"\n\t\t\t\t\t\t\t\tdata-type=\"text\"\n\t\t\t\t\t\t\t\tdata-color=\"#808180\"\n\t\t\t\t\t\t\t\tdata-rsp_ch=\"on\"\n\t\t\t\t\t\t\t\tdata-xy=\"x:r,r,r,c;xo:122px,180px,180px,0;y:m,m,m,t;yo:-70px,167px,167px,387px;\"\n\t\t\t\t\t\t\t\tdata-text=\"w:normal;s:14,18,18,14;l:24,31,31,24;\"\n\t\t\t\t\t\t\t\tdata-dim=\"w:332px,650px,650px,350px;h:167px,110px,110px,137px;\"\n\t\t\t\t\t\t\t\tdata-padding=\"t:30,21,21,30;r:30,21,21,30;b:30,21,21,30;l:30,21,21,30;\"\n\t\t\t\t\t\t\t\tdata-border=\"bos:solid;boc:rgba(255, 255, 255, 0);bow:2px,2px,2px,2px;\"\n\t\t\t\t\t\t\t\tdata-frame_999=\"o:0;st:w;\"\n\t\t\t\t\t\t\t\tstyle=\"z-index:10;background-color:rgba(231,238,245,0.85);font-family:Arial, Helvetica, sans-serif;\"\n\t\t\t\t\t\t\t>Gut geplant und gebaut: Lageplan beider Geb\u00e4udeteile mit zwei Eing\u00e4ngen.<br \/>\n \n\t\t\t\t\t\t\t<\/rs-layer><!--\n\n\t\t\t\t\t\t\t--><rs-layer\n\t\t\t\t\t\t\t\tid=\"slider-30-slide-145-layer-5\" \n\t\t\t\t\t\t\t\tdata-type=\"image\"\n\t\t\t\t\t\t\t\tdata-rsp_ch=\"on\"\n\t\t\t\t\t\t\t\tdata-xy=\"x:l,l,l,c;xo:50px,35px,35px,0;yo:50px,35px,35px,0;\"\n\t\t\t\t\t\t\t\tdata-text=\"w:normal;s:20,14,14,4;l:0,17,17,6;\"\n\t\t\t\t\t\t\t\tdata-dim=\"w:225px,160px,160px,389px;h:264px,187px,187px,456px;\"\n\t\t\t\t\t\t\t\tdata-vbility=\"f,f,f,t\"\n\t\t\t\t\t\t\t\tdata-frame_999=\"o:0;st:w;\"\n\t\t\t\t\t\t\t\tstyle=\"z-index:8;\"\n\t\t\t\t\t\t\t><img loading=\"lazy\" decoding=\"async\" src=\"\/\/behrendt.hamburg\/371-barmbek-sued\/wp-content\/uploads\/2021\/06\/371-Slider-Anlage-Mobile-6.jpg\" class=\"tp-rs-img\" width=\"375\" height=\"440\" data-no-retina> \n\t\t\t\t\t\t\t<\/rs-layer><!--\n-->\t\t\t\t\t\t<\/rs-slide>\n\t\t\t\t\t<\/rs-slides>\n\t\t\t\t\t<rs-static-layers><!--\n\n\t\t\t\t\t\t\t--><a\n\t\t\t\t\t\t\t\tid=\"slider-30-slide-29-layer-2\" \n\t\t\t\t\t\t\t\tclass=\"rs-layer btn-top rev-btn rs-layer-static\"\n\t\t\t\t\t\t\t\thref=\"#gewerbeflachen\" target=\"_self\" rel=\"nofollow\"\n\t\t\t\t\t\t\t\tdata-type=\"button\"\n\t\t\t\t\t\t\t\tdata-rsp_ch=\"on\"\n\t\t\t\t\t\t\t\tdata-xy=\"x:r,r,r,c;xo:124px,354px,354px,2px;y:b;yo:205px,21px,21px,40px;\"\n\t\t\t\t\t\t\t\tdata-text=\"w:normal;s:14;l:28,25,25,32;ls:2px,1px,1px,2px;a:center;\"\n\t\t\t\t\t\t\t\tdata-dim=\"w:330px,249px,249px,245px;h:auto,47px,47px,38px;minh:0px,none,0px,none;\"\n\t\t\t\t\t\t\t\tdata-onslides=\"s:1;\"\n\t\t\t\t\t\t\t\tdata-padding=\"r:20,0,0,20;l:20,0,0,20;\"\n\t\t\t\t\t\t\t\tdata-border=\"bor:30px,30px,30px,30px;\"\n\t\t\t\t\t\t\t\tdata-frame_999=\"o:0;st:w;\"\n\t\t\t\t\t\t\t\tdata-frame_hover=\"c:#fff;bgc:#c3a484;bor:30px,30px,30px,30px;\"\n\t\t\t\t\t\t\t\tstyle=\"z-index:9;background-color:rgba(195,164,132,0.8);font-family:Lato;text-transform:uppercase;\"\n\t\t\t\t\t\t\t>Zu den Gewerbefl\u00e4chen \n\t\t\t\t\t\t\t<\/a><!--\n\n\t\t\t\t\t\t\t--><a\n\t\t\t\t\t\t\t\tid=\"slider-30-slide-29-layer-14\" \n\t\t\t\t\t\t\t\tclass=\"rs-layer rev-btn rs-layer-static\"\n\t\t\t\t\t\t\t\thref=\"#wohnungen\" target=\"_self\" rel=\"nofollow\"\n\t\t\t\t\t\t\t\tdata-type=\"button\"\n\t\t\t\t\t\t\t\tdata-rsp_ch=\"on\"\n\t\t\t\t\t\t\t\tdata-xy=\"x:r,r,r,c;xo:124px,355px,355px,1px;y:b;yo:285px,85px,85px,95px;\"\n\t\t\t\t\t\t\t\tdata-text=\"w:normal;s:14;l:28,25,25,32;ls:2px,1px,1px,2px;a:center;\"\n\t\t\t\t\t\t\t\tdata-dim=\"w:330px,249px,249px,245px;h:auto,48px,48px,38px;minh:0px,none,0px,none;\"\n\t\t\t\t\t\t\t\tdata-onslides=\"s:1;\"\n\t\t\t\t\t\t\t\tdata-padding=\"r:20,14,14,20;l:20,14,14,20;\"\n\t\t\t\t\t\t\t\tdata-border=\"bor:30px,30px,30px,30px;\"\n\t\t\t\t\t\t\t\tdata-frame_999=\"o:0;st:w;\"\n\t\t\t\t\t\t\t\tdata-frame_hover=\"c:#fff;bgc:#c3a484;bor:30px,30px,30px,30px;\"\n\t\t\t\t\t\t\t\tstyle=\"z-index:8;background-color:rgba(195,164,132,0.8);font-family:Lato;text-transform:uppercase;\"\n\t\t\t\t\t\t\t>Zu den Wohnungen \n\t\t\t\t\t\t\t<\/a><!--\n\t\t\t\t\t--><\/rs-static-layers>\n\t\t\t\t<\/rs-module>\n\t\t\t\t<script>\n\t\t\t\t\tvar htmlDivCss = unescape(\"%0A%0A%0A%0A%0A%0A%0A%0A%0A%0A%0A%0A\");\n\t\t\t\t\tvar htmlDiv = document.getElementById('rs-plugin-settings-inline-css');\n\t\t\t\t\tif(htmlDiv) {\n\t\t\t\t\t\thtmlDiv.innerHTML = htmlDiv.innerHTML + htmlDivCss;\n\t\t\t\t\t}else{\n\t\t\t\t\t\tvar htmlDiv = document.createElement('div');\n\t\t\t\t\t\thtmlDiv.innerHTML = '<style>' + htmlDivCss + '<\/style>';\n\t\t\t\t\t\tdocument.getElementsByTagName('head')[0].appendChild(htmlDiv.childNodes[0]);\n\t\t\t\t\t}\n\t\t\t\t<\/script>\n\t\t\t<\/rs-module-wrap>\n\t\t\t<!-- END REVOLUTION SLIDER -->\n[vc_column_text el_class=&#8220;p-information&#8220;]\u00c4NDERUNGEN VORBEHALTEN: alle hier abgebildeten Visualisierungen zeigen den unverbindlichen Planungsstand vom Mai 2021.[\/vc_column_text][\/vc_column][\/vc_row][\/vc_section][vc_section][vc_row full_width=&#8220;stretch_row&#8220; el_id=&#8220;designlinie&#8220;][vc_column el_class=&#8220;overview-wrapper-line&#8220;][vc_empty_space height=&#8220;&#8220;][\/vc_column][\/vc_row][vc_row el_class=&#8220;right-copy-text-wrapper narrow section-content titel&#8220;][vc_column][vc_column_text el_class=&#8220;h3-text-box&#8220;]<\/p>\n<h3>Die Designlinie<\/h3>\n<p>[\/vc_column_text][vc_column_text css_animation=&#8220;fadeInRight&#8220; el_class=&#8220;main-headline&#8220;]<\/p>\n<h2>LIVING CITY: urbanes Ambiente mit moderner, geradliniger Formensprache.<\/h2>\n<p>[\/vc_column_text][vc_row_inner el_class=&#8220;image-size&#8220;][vc_column_inner el_class=&#8220;column-1 column-left&#8220; width=&#8220;1\/2&#8243;][vc_single_image image=&#8220;3099&#8243; img_size=&#8220;full&#8220;][vc_empty_space height=&#8220;50px&#8220; el_class=&#8220;spacer_10&#8243;][\/vc_column_inner][vc_column_inner width=&#8220;1\/2&#8243;][vc_column_text css_animation=&#8220;fadeInUp&#8220; el_class=&#8220;copy-text padding-right&#8220;]Ihre neuen vier W\u00e4nde erwarten Sie bezugsfertig in der Behrendt-Designlinie <b><a href=\"https:\/\/behrendt.hamburg\/wohnung-kaufen\/designlinien\/living-city\/\" target=\"_blank\" rel=\"noopener\">LIVING CITY<\/a>.<\/b> Eine Ausstattung, die von den stilistischen Details der Gro\u00dfstadt inspiriert ist und Ihr neues Zuhause mit einer Symbiose aus Design, Funktionalit\u00e4t sowie dezenter Urbanit\u00e4t veredelt. Geb\u00fcrstete Holzdielen, die wohlige Haptik von mattgrauem Steinzeug flankiert von einem Mix unbunter T\u00f6ne mit individuellen Farbkl\u00e4ngen \u2013 <a href=\"https:\/\/behrendt.hamburg\/wohnung-kaufen\/designlinien\/living-city\/\" target=\"_blank\" rel=\"noopener\"><b>LIVING CITY <\/b><\/a>ist Ihre perfekte Basis f\u00fcr stilvolles Wohnen. Minimalistisch, hochwertig und zeitlos.<\/p>\n<p class=\"p1\">Durchdacht bis ins letzte Detail. Sehen Sie sich <a href=\"https:\/\/behrendt.hamburg\/wohnung-kaufen\/designlinien\/living-city\/\" target=\"_blank\" rel=\"noopener\"><b>hier <\/b><\/a>unsere Ausstattungslinie <a href=\"https:\/\/behrendt.hamburg\/wohnung-kaufen\/designlinien\/living-city\/\" target=\"_blank\" rel=\"noopener\"><b>LIVING CITY <\/b><\/a> genauer an!<\/p>\n<p>[\/vc_column_text][vc_btn title=&#8220;Zu LIVING CITY&#8220; align=&#8220;left&#8220; el_class=&#8220;my-Button padding-top&#8220; link=&#8220;url:https%3A%2F%2Fbehrendt.hamburg%2Fwohnung-kaufen%2Fdesignlinien%2Fliving-city%2F|title:Zu%20Living%20City|target:_blank&#8220;][\/vc_column_inner][\/vc_row_inner][\/vc_column][\/vc_row][vc_row full_width=&#8220;stretch_row_content&#8220; el_class=&#8220;slider-photo&#8220;][vc_column][vc_empty_space height=&#8220;7em&#8220; el_class=&#8220;remove-on-mobile&#8220;]\n\t\t\t<!-- START DL LivingCity REVOLUTION SLIDER 6.4.6 --><p class=\"rs-p-wp-fix\"><\/p>\n\t\t\t<rs-module-wrap id=\"rev_slider_19_4_wrapper\" data-source=\"gallery\" style=\"background:transparent;padding:0;margin:0px auto;margin-top:0;margin-bottom:0;\">\n\t\t\t\t<rs-module id=\"rev_slider_19_4\" style=\"\" data-version=\"6.4.6\">\n\t\t\t\t\t<rs-slides>\n\t\t\t\t\t\t<rs-slide data-key=\"rs-98\" data-title=\"Elbe\" data-thumb=\"\/\/behrendt.hamburg\/371-barmbek-sued\/wp-content\/uploads\/2019\/11\/354-Iserbrook-Elbe-Slider.jpg\" data-in=\"o:0;\" data-out=\"a:false;\">\n\t\t\t\t\t\t\t<img decoding=\"async\" src=\"\/\/behrendt.hamburg\/371-barmbek-sued\/wp-content\/plugins\/revslider\/public\/assets\/assets\/transparent.png\" alt=\"Elbe\" class=\"rev-slidebg tp-rs-img\" data-no-retina>\n<!--\n\t\t\t\t\t\t\t--><rs-layer\n\t\t\t\t\t\t\t\tid=\"slider-19-slide-98-layer-0\" \n\t\t\t\t\t\t\t\tdata-type=\"image\"\n\t\t\t\t\t\t\t\tdata-rsp_ch=\"on\"\n\t\t\t\t\t\t\t\tdata-xy=\"x:c;xo:0,0,0,13px;yo:0,0,0,26px;\"\n\t\t\t\t\t\t\t\tdata-text=\"w:normal;s:20,14,10,4;l:0,17,12,6;\"\n\t\t\t\t\t\t\t\tdata-dim=\"w:1181px,839px,637px,443px;h:773px,549px,417px,290px;\"\n\t\t\t\t\t\t\t\tdata-frame_999=\"o:0;st:w;\"\n\t\t\t\t\t\t\t\tstyle=\"z-index:9;\"\n\t\t\t\t\t\t\t><img loading=\"lazy\" decoding=\"async\" src=\"\/\/behrendt.hamburg\/371-barmbek-sued\/wp-content\/uploads\/2021\/05\/Behrendt-Designlinie-LivingCity-Image-1.jpg\" class=\"tp-rs-img\" width=\"1520\" height=\"995\" data-no-retina> \n\t\t\t\t\t\t\t<\/rs-layer><!--\n\n\t\t\t\t\t\t\t--><rs-layer\n\t\t\t\t\t\t\t\tid=\"slider-19-slide-98-layer-5\" \n\t\t\t\t\t\t\t\tdata-type=\"image\"\n\t\t\t\t\t\t\t\tdata-rsp_ch=\"on\"\n\t\t\t\t\t\t\t\tdata-xy=\"x:l,l,l,c;xo:50px,35px,26px,-1px;yo:50px,35px,26px,77px;\"\n\t\t\t\t\t\t\t\tdata-text=\"w:normal;s:20,14,10,4;l:0,17,12,6;\"\n\t\t\t\t\t\t\t\tdata-dim=\"w:225px,160px,121px,375px;h:150px,106px,80px,250px;\"\n\t\t\t\t\t\t\t\tdata-vbility=\"f,f,f,f\"\n\t\t\t\t\t\t\t\tdata-frame_999=\"o:0;st:w;\"\n\t\t\t\t\t\t\t\tstyle=\"z-index:8;\"\n\t\t\t\t\t\t\t><img loading=\"lazy\" decoding=\"async\" src=\"\/\/behrendt.hamburg\/371-barmbek-sued\/wp-content\/uploads\/2021\/05\/Behrendt-Designlinie-LivingCity-Image-1-1.jpg\" class=\"tp-rs-img\" width=\"375\" height=\"250\" data-no-retina> \n\t\t\t\t\t\t\t<\/rs-layer><!--\n-->\t\t\t\t\t\t<\/rs-slide>\n\t\t\t\t\t\t<rs-slide data-key=\"rs-99\" data-title=\"Elbe\" data-thumb=\"\/\/behrendt.hamburg\/371-barmbek-sued\/wp-content\/uploads\/2019\/11\/354-Iserbrook-Elbe-Slider.jpg\" data-in=\"o:0;\" data-out=\"a:false;\">\n\t\t\t\t\t\t\t<img decoding=\"async\" src=\"\/\/behrendt.hamburg\/371-barmbek-sued\/wp-content\/plugins\/revslider\/public\/assets\/assets\/transparent.png\" alt=\"Elbe\" class=\"rev-slidebg tp-rs-img\" data-no-retina>\n<!--\n\t\t\t\t\t\t\t--><rs-layer\n\t\t\t\t\t\t\t\tid=\"slider-19-slide-99-layer-0\" \n\t\t\t\t\t\t\t\tdata-type=\"image\"\n\t\t\t\t\t\t\t\tdata-rsp_ch=\"on\"\n\t\t\t\t\t\t\t\tdata-xy=\"x:c;xo:0,0,0,18px;yo:0,0,0,-6px;\"\n\t\t\t\t\t\t\t\tdata-text=\"w:normal;s:20,14,10,4;l:0,17,12,6;\"\n\t\t\t\t\t\t\t\tdata-dim=\"w:1181px,839px,637px,475px;h:773px,549px,417px,311px;\"\n\t\t\t\t\t\t\t\tdata-frame_999=\"o:0;st:w;\"\n\t\t\t\t\t\t\t\tstyle=\"z-index:9;\"\n\t\t\t\t\t\t\t><img loading=\"lazy\" decoding=\"async\" src=\"\/\/behrendt.hamburg\/371-barmbek-sued\/wp-content\/uploads\/2021\/05\/Behrendt-Designlinie-LivingCity-Image-3.jpg\" class=\"tp-rs-img\" width=\"1520\" height=\"995\" data-no-retina> \n\t\t\t\t\t\t\t<\/rs-layer><!--\n\n\t\t\t\t\t\t\t--><rs-layer\n\t\t\t\t\t\t\t\tid=\"slider-19-slide-99-layer-5\" \n\t\t\t\t\t\t\t\tdata-type=\"image\"\n\t\t\t\t\t\t\t\tdata-rsp_ch=\"on\"\n\t\t\t\t\t\t\t\tdata-xy=\"x:l,l,l,c;xo:50px,35px,26px,0;yo:50px,35px,26px,0;\"\n\t\t\t\t\t\t\t\tdata-text=\"w:normal;s:20,14,10,4;l:0,17,12,6;\"\n\t\t\t\t\t\t\t\tdata-dim=\"w:225px,160px,121px,375px;h:150px,106px,80px,440px;\"\n\t\t\t\t\t\t\t\tdata-vbility=\"f,f,f,f\"\n\t\t\t\t\t\t\t\tdata-frame_999=\"o:0;st:w;\"\n\t\t\t\t\t\t\t\tstyle=\"z-index:5;\"\n\t\t\t\t\t\t\t><img loading=\"lazy\" decoding=\"async\" src=\"\/\/behrendt.hamburg\/371-barmbek-sued\/wp-content\/uploads\/2021\/05\/Behrendt-Designlinie-LivingCity-Image-3-1.jpg\" class=\"tp-rs-img\" width=\"375\" height=\"250\" data-no-retina> \n\t\t\t\t\t\t\t<\/rs-layer><!--\n-->\t\t\t\t\t\t<\/rs-slide>\n\t\t\t\t\t\t<rs-slide data-key=\"rs-100\" data-title=\"Elbe\" data-thumb=\"\/\/behrendt.hamburg\/371-barmbek-sued\/wp-content\/uploads\/2019\/11\/354-Iserbrook-Elbe-Slider.jpg\" data-in=\"o:0;\" data-out=\"a:false;\">\n\t\t\t\t\t\t\t<img decoding=\"async\" src=\"\/\/behrendt.hamburg\/371-barmbek-sued\/wp-content\/plugins\/revslider\/public\/assets\/assets\/transparent.png\" alt=\"Elbe\" class=\"rev-slidebg tp-rs-img\" data-no-retina>\n<!--\n\t\t\t\t\t\t\t--><rs-layer\n\t\t\t\t\t\t\t\tid=\"slider-19-slide-100-layer-0\" \n\t\t\t\t\t\t\t\tdata-type=\"image\"\n\t\t\t\t\t\t\t\tdata-rsp_ch=\"on\"\n\t\t\t\t\t\t\t\tdata-xy=\"x:c;yo:0,0,0,-1px;\"\n\t\t\t\t\t\t\t\tdata-text=\"w:normal;s:20,14,10,4;l:0,17,12,6;\"\n\t\t\t\t\t\t\t\tdata-dim=\"w:1181px,839px,637px,467px;h:773px,549px,417px,306px;\"\n\t\t\t\t\t\t\t\tdata-frame_999=\"o:0;st:w;\"\n\t\t\t\t\t\t\t\tstyle=\"z-index:9;\"\n\t\t\t\t\t\t\t><img loading=\"lazy\" decoding=\"async\" src=\"\/\/behrendt.hamburg\/371-barmbek-sued\/wp-content\/uploads\/2021\/05\/Behrendt-Designlinie-LivingCity-Image-2.jpg\" class=\"tp-rs-img\" width=\"1520\" height=\"995\" data-no-retina> \n\t\t\t\t\t\t\t<\/rs-layer><!--\n-->\t\t\t\t\t\t<\/rs-slide>\n\t\t\t\t\t<\/rs-slides>\n\t\t\t\t\t<rs-static-layers><!--\n\t\t\t\t\t--><\/rs-static-layers>\n\t\t\t\t<\/rs-module>\n\t\t\t\t<script>\n\t\t\t\t\tvar htmlDivCss = unescape(\"%0A%0A%0A%0A%0A%0A\");\n\t\t\t\t\tvar htmlDiv = document.getElementById('rs-plugin-settings-inline-css');\n\t\t\t\t\tif(htmlDiv) {\n\t\t\t\t\t\thtmlDiv.innerHTML = htmlDiv.innerHTML + htmlDivCss;\n\t\t\t\t\t}else{\n\t\t\t\t\t\tvar htmlDiv = document.createElement('div');\n\t\t\t\t\t\thtmlDiv.innerHTML = '<style>' + htmlDivCss + '<\/style>';\n\t\t\t\t\t\tdocument.getElementsByTagName('head')[0].appendChild(htmlDiv.childNodes[0]);\n\t\t\t\t\t}\n\t\t\t\t<\/script>\n\t\t\t<\/rs-module-wrap>\n\t\t\t<!-- END REVOLUTION SLIDER -->\n[vc_empty_space height=&#8220;&#8220; el_class=&#8220;space-table-desktop&#8220;][vc_btn title=&#8220;Zu den Wohnungen&#8220; align=&#8220;center&#8220; el_class=&#8220;my-Button&#8220; link=&#8220;url:%23wohnungen|||&#8220;][\/vc_column][\/vc_row][\/vc_section][vc_section][vc_row full_width=&#8220;stretch_row&#8220; el_id=&#8220;wohnungen&#8220;][vc_column el_class=&#8220;overview-wrapper-content&#8220;][vc_empty_space height=&#8220;&#8220;][\/vc_column][\/vc_row][vc_row el_class=&#8220;right-copy-text-wrapper narrow section-content titel&#8220;][vc_column][vc_column_text el_class=&#8220;h3-text-box&#8220;]<\/p>\n<h3>Die Wohnungen<\/h3>\n<p>[\/vc_column_text][vc_column_text css_animation=&#8220;fadeInRight&#8220; el_class=&#8220;main-headline&#8220;]<\/p>\n<h2>Musik drin f\u00fcr Anleger. Leben drin f\u00fcr Singles und Paare.<\/h2>\n<p>[\/vc_column_text][vc_row_inner el_class=&#8220;block-chage&#8220;][vc_column_inner el_class=&#8220;order-1 column-right&#8220; width=&#8220;1\/2&#8243;][vc_single_image image=&#8220;3095&#8243; img_size=&#8220;full&#8220;][vc_empty_space height=&#8220;50px&#8220; el_class=&#8220;spacer_10&#8243;][\/vc_column_inner][vc_column_inner el_class=&#8220;order-2&#8243; width=&#8220;1\/2&#8243;][vc_column_text css_animation=&#8220;fadeInUp&#8220; el_class=&#8220;copy-text rm-box&#8220;]Endlich zusammenziehen? Statt Miete zahlen, lieber in Altersvorsorge investieren? Den Ruhestand zentral und barrierefrei zuhause genie\u00dfen? Oder das perfekte Appartement z.B. f\u00fcr Berufseinsteiger kaufen, vermieten und refinanzieren? Egal, aus welchem Grund Sie der <strong>TAKT DER STADT <\/strong>hat aufhorchen lassen: Der f\u00fcr das Leben in der Stadt komponierte Mix aus Wohnungen mit 1 bis 3 Zimmern und 31 bis 95 m<sup>2<\/sup> bietet Ihnen viele M\u00f6glichkeiten.<\/p>\n<p><span><a onclick=\"read_toggle(997026405, '+', '-'); return false;\" class=\"read-link\" id=\"readlink997026405\" style=\"readlink\" href=\"#\">+<\/a><\/span>\n<div class=\"read_div\" id=\"read997026405\" style=\"display: none;\">Moderne Schnitte, qualitative Markenausstattung vom T\u00fcrschloss bis zur Steckdose sowie eine hohe Verarbeitungsqualit\u00e4t zeichnen jede der Wohnungen aus. Die Ein-Zimmer-Wohnungen verf\u00fcgen \u00fcber 31 bis 35 m<sup>2<\/sup>. Zwei-Zimmer-Wohnungen \u00fcber 43 bis 62 m<sup>2<\/sup>. Und Drei-Zimmer-Wohnungen \u00fcber 81 bis 95 m<sup>2<\/sup>. Alle Wohnungen sind mit Balkon, Loggia oder Terrasse ausgestattet, Wohnungen im Erdgeschoss erhalten zu den Terrassen ein Sondernutzungsrecht f\u00fcr kleine G\u00e4rten. In den Dachgeschosswohnungen herrscht durch nach oben offene Giebel mit \u00fcber 4 Metern H\u00f6he ein gro\u00dfartiges Raumgef\u00fchl. Absolutes Highlight ist die Wohnung im 1. OG mit 86 m<sup>2<\/sup>, drei Zimmern, offenem Wohn-Essbereich und gro\u00dfer Dachterrasse.<\/p>\n<p><\/div>[\/vc_column_text][\/vc_column_inner][\/vc_row_inner][\/vc_column][\/vc_row][\/vc_section][vc_section][vc_row full_width=&#8220;stretch_row&#8220; el_id=&#8220;gewerbeflachen&#8220;][vc_column el_class=&#8220;overview-wrapper-content&#8220;][vc_empty_space height=&#8220;&#8220;][\/vc_column][\/vc_row][vc_row el_class=&#8220;right-copy-text-wrapper narrow section-content titel&#8220;][vc_column][vc_column_text el_class=&#8220;h3-text-box&#8220;]<\/p>\n<h3>Die Gewerbefl\u00e4chen<\/h3>\n<p>[\/vc_column_text][vc_column_text css_animation=&#8220;fadeInRight&#8220; el_class=&#8220;main-headline&#8220;]<\/p>\n<h2><strong>Gute Gesch\u00e4fte im Takt der Stadt.<\/strong><\/h2>\n<p>[\/vc_column_text][vc_row_inner el_class=&#8220;image-size&#8220;][vc_column_inner el_class=&#8220;column-left&#8220; width=&#8220;1\/2&#8243;][vc_single_image image=&#8220;3100&#8243; img_size=&#8220;full&#8220;][vc_empty_space height=&#8220;50px&#8220; el_class=&#8220;spacer_10&#8243;][\/vc_column_inner][vc_column_inner width=&#8220;1\/2&#8243;][vc_column_text css_animation=&#8220;fadeInUp&#8220; el_class=&#8220;copy-text rm-box padding-right&#8220;]<strong>Drei bis f\u00fcnf attraktive Gewerbeeinheiten starten bald in den Verkauf:<\/strong><\/p>\n<p>Ein innenstadtnahes B\u00fcro, eine kleine Boutique f\u00fcr die Leute aus dem Viertel oder das Atelier mit Wohnung gleich obendr\u00fcber \u2013 die modern ausgestattete Gewerbefl\u00e4chen im <strong>TAKT DER STADT<\/strong> bieten Platz f\u00fcr zwei bis f\u00fcnf kleinere Gewerbe im Erdgeschoss. An einem f\u00fcr viele verschiedenen Gewerbetreibende aussichtstreichen Standort.<\/p>\n<p><span><a onclick=\"read_toggle(1364705991, '+', '-'); return false;\" class=\"read-link\" id=\"readlink1364705991\" style=\"readlink\" href=\"#\">+<\/a><\/span>\n<div class=\"read_div\" id=\"read1364705991\" style=\"display: none;\">Als Office, Fahrradladen, Friseurgesch\u00e4ft oder Galerie \u2013 die zur Stra\u00dfe in Richtung Hamburger Stra\u00dfe gelegenen Fl\u00e4chen sind mit Eing\u00e4ngen und gro\u00dfen Schaufenstern nach vorn und kleinen Terrassen zum Hof hin ausgestattet. Mittagessen warm machen, Obst f\u00fcr alle bereitstellen oder frischen Kaffee f\u00fcrs n\u00e4chste Kundengespr\u00e4ch kochen \u2013 dank passender Elektroinstallation f\u00fcr eigene kleine Pantry-K\u00fcchen wird es Ihren Mitarbeitern und Ihrer Kundschaft an nichts fehlen.<\/p>\n<p>Die Fl\u00e4chen im Erdgeschoss lassen sich problemlos in zwei gr\u00f6\u00dfere (102 + 120 m<sup>2<\/sup>) oder f\u00fcnf kleinere Fl\u00e4chen (39 &#8211; 56 m\u00b2) aufteilen. Lassen Sie sich von unseren Experten f\u00fcr Gewerbefl\u00e4chen zu Ihren vielf\u00e4ltigen M\u00f6glichkeiten beraten. Gern unterst\u00fctzen wir sie auch bei Ihrer individuellen Aufteilung.<\/p>\n<p>Wenn Sie in Hamburg ein gutes Gesch\u00e4ft (auf-)machen wollen, melden Sie sich gern.<\/p>\n<p><\/div>[\/vc_column_text][\/vc_column_inner][\/vc_row_inner][\/vc_column][\/vc_row][vc_row el_class=&#8220;show-overflow&#8220;][vc_column offset=&#8220;vc_hidden-lg vc_hidden-md vc_hidden-sm vc_hidden-xs&#8220;][\/vc_column][\/vc_row][vc_row el_class=&#8220;gewerbe-wrapper no-break&#8220; css=&#8220;.vc_custom_1632470786400{margin-bottom: 10px !important;}&#8220;][vc_column offset=&#8220;vc_hidden-lg vc_hidden-md vc_hidden-sm vc_hidden-xs&#8220;][vc_row_inner equal_height=&#8220;yes&#8220; el_class=&#8220;office-wrapper no-break&#8220;][vc_column_inner el_class=&#8220;office-col1&#8243; width=&#8220;3\/4&#8243;][vc_column_text el_class=&#8220;office-name&#8220;]Abverkauft![\/vc_column_text][vc_column_text]<\/p>\n<div class=\"wpb_text_column wpb_content_element \">\n<div class=\"wpb_wrapper\">\n<p>Leider sind schon alle unsere Gewerbefl\u00e4chen in Barmbek-S\u00fcd verkauft!<\/p>\n<\/div>\n<\/div>\n<p>[\/vc_column_text][\/vc_column_inner][vc_column_inner el_class=&#8220;office-col2&#8243; width=&#8220;1\/4&#8243;][vc_single_image image=&#8220;3441&#8243; alignment=&#8220;center&#8220; onclick=&#8220;custom_link&#8220; img_link_target=&#8220;_blank&#8220;][\/vc_column_inner][\/vc_row_inner][vc_row_inner el_class=&#8220;gewerbe-button-wrapper no-break share-block&#8220;][vc_column_inner el_class=&#8220;share-block&#8220; width=&#8220;3\/4&#8243;]<div class=\"templatera_shortcode share-buttons\"><div class=\"vc_row wpb_row vc_row-fluid\"><div class=\"share-block wpb_column vc_column_container vc_col-sm-12\"><div class=\"vc_column-inner\"><div class=\"wpb_wrapper\">\n\t<div class=\"wpb_text_column wpb_content_element share-text\" >\n\t\t<div class=\"wpb_wrapper\">\n\t\t\t<p>IMMOBILIE TEILEN:<\/p>\n\n\t\t<\/div>\n\t<\/div>\n<div class=\"vc_btn3-container  share-button vc_btn3-center vc_do_btn\" id=\"share-sms\" ><a class=\"vc_general vc_btn3 vc_btn3-size-md vc_btn3-shape-rounded vc_btn3-style-modern vc_btn3-o-empty vc_btn3-icon-left vc_btn3-color-success\" href=\"#\" title=\"\"><i class=\"vc_btn3-icon typcn typcn-message\"><\/i> <span class=\"vc_btn3-placeholder\">&nbsp;<\/span><\/a><\/div><div class=\"vc_btn3-container  share-button vc_btn3-center vc_do_btn\" id=\"share-whatsapp\" ><a class=\"vc_general vc_btn3 vc_btn3-size-md vc_btn3-shape-rounded vc_btn3-style-modern vc_btn3-o-empty vc_btn3-icon-left vc_btn3-color-green\" href=\"#\" title=\"\"><i class=\"vc_btn3-icon fa fa-whatsapp\"><\/i> <span class=\"vc_btn3-placeholder\">&nbsp;<\/span><\/a><\/div><div class=\"vc_btn3-container  share-button vc_btn3-center vc_do_btn\" id=\"share-mail\" ><a class=\"vc_general vc_btn3 vc_btn3-size-md vc_btn3-shape-rounded vc_btn3-style-modern vc_btn3-o-empty vc_btn3-icon-left vc_btn3-color-warning\" href=\"#\" title=\"\"><i class=\"vc_btn3-icon fa fa-envelope-o\"><\/i> <span class=\"vc_btn3-placeholder\">&nbsp;<\/span><\/a><\/div><div class=\"vc_btn3-container  share-button vc_btn3-center vc_do_btn\" id=\"share-copy\" ><a class=\"vc_general vc_btn3 vc_btn3-size-md vc_btn3-shape-rounded vc_btn3-style-modern vc_btn3-o-empty vc_btn3-icon-left vc_btn3-color-peacoc\" href=\"#\" title=\"\"><i class=\"vc_btn3-icon entypo-icon entypo-icon-link\"><\/i> <span class=\"vc_btn3-placeholder\">&nbsp;<\/span><\/a><\/div><\/div><\/div><\/div><\/div><\/div>[\/vc_column_inner][vc_column_inner width=&#8220;1\/4&#8243;][vc_btn title=&#8220;Kontakt&#8220; style=&#8220;outline-custom&#8220; outline_custom_color=&#8220;#8b8c8b&#8220; outline_custom_hover_background=&#8220;&#8220; outline_custom_hover_text=&#8220;#8b8c8b&#8220; shape=&#8220;round&#8220; align=&#8220;right&#8220; link=&#8220;url:%23kontakt&#8220;][\/vc_column_inner][\/vc_row_inner][\/vc_column][\/vc_row][vc_row el_class=&#8220;show-overflow&#8220;][vc_column offset=&#8220;vc_hidden-lg vc_hidden-md vc_hidden-sm vc_hidden-xs&#8220;][\/vc_column][\/vc_row][vc_row el_class=&#8220;gewerbe-wrapper no-break&#8220; css=&#8220;.vc_custom_1632470800724{margin-bottom: 10px !important;}&#8220;][vc_column offset=&#8220;vc_hidden-lg vc_hidden-md vc_hidden-sm vc_hidden-xs&#8220;][vc_row_inner equal_height=&#8220;yes&#8220; el_class=&#8220;office-wrapper no-break&#8220;][vc_column_inner el_class=&#8220;office-col1&#8243; width=&#8220;3\/4&#8243;][vc_column_text el_class=&#8220;office-name&#8220;]<strong>GE 14<\/strong>[\/vc_column_text][vc_column_text]FL\u00c4CHE: 40 m\u00b2 (GE 13\/14\/15 kombinierbar )<br \/>\nETAGE: EG<br \/>\nPREIS: EUR 250.000,-[\/vc_column_text][\/vc_column_inner][vc_column_inner el_class=&#8220;office-col2&#8243; width=&#8220;1\/4&#8243;][vc_single_image image=&#8220;3441&#8243; alignment=&#8220;center&#8220; onclick=&#8220;custom_link&#8220; img_link_target=&#8220;_blank&#8220; link=&#8220;https:\/\/behrendt.hamburg\/371-barmbek-sued\/wp-content\/uploads\/2021\/09\/Behrendt-371-HamburgBarmbek-Su\u0308d-TaktderStadt-Expose-GE14.pdf&#8220;][\/vc_column_inner][\/vc_row_inner][vc_row_inner el_class=&#8220;gewerbe-button-wrapper no-break share-block&#8220;][vc_column_inner el_class=&#8220;share-block&#8220; width=&#8220;3\/4&#8243;]<div class=\"templatera_shortcode share-buttons\"><div class=\"vc_row wpb_row vc_row-fluid\"><div class=\"share-block wpb_column vc_column_container vc_col-sm-12\"><div class=\"vc_column-inner\"><div class=\"wpb_wrapper\">\n\t<div class=\"wpb_text_column wpb_content_element share-text\" >\n\t\t<div class=\"wpb_wrapper\">\n\t\t\t<p>IMMOBILIE TEILEN:<\/p>\n\n\t\t<\/div>\n\t<\/div>\n<div class=\"vc_btn3-container  share-button vc_btn3-center vc_do_btn\" id=\"share-sms\" ><a class=\"vc_general vc_btn3 vc_btn3-size-md vc_btn3-shape-rounded vc_btn3-style-modern vc_btn3-o-empty vc_btn3-icon-left vc_btn3-color-success\" href=\"#\" title=\"\"><i class=\"vc_btn3-icon typcn typcn-message\"><\/i> <span class=\"vc_btn3-placeholder\">&nbsp;<\/span><\/a><\/div><div class=\"vc_btn3-container  share-button vc_btn3-center vc_do_btn\" id=\"share-whatsapp\" ><a class=\"vc_general vc_btn3 vc_btn3-size-md vc_btn3-shape-rounded vc_btn3-style-modern vc_btn3-o-empty vc_btn3-icon-left vc_btn3-color-green\" href=\"#\" title=\"\"><i class=\"vc_btn3-icon fa fa-whatsapp\"><\/i> <span class=\"vc_btn3-placeholder\">&nbsp;<\/span><\/a><\/div><div class=\"vc_btn3-container  share-button vc_btn3-center vc_do_btn\" id=\"share-mail\" ><a class=\"vc_general vc_btn3 vc_btn3-size-md vc_btn3-shape-rounded vc_btn3-style-modern vc_btn3-o-empty vc_btn3-icon-left vc_btn3-color-warning\" href=\"#\" title=\"\"><i class=\"vc_btn3-icon fa fa-envelope-o\"><\/i> <span class=\"vc_btn3-placeholder\">&nbsp;<\/span><\/a><\/div><div class=\"vc_btn3-container  share-button vc_btn3-center vc_do_btn\" id=\"share-copy\" ><a class=\"vc_general vc_btn3 vc_btn3-size-md vc_btn3-shape-rounded vc_btn3-style-modern vc_btn3-o-empty vc_btn3-icon-left vc_btn3-color-peacoc\" href=\"#\" title=\"\"><i class=\"vc_btn3-icon entypo-icon entypo-icon-link\"><\/i> <span class=\"vc_btn3-placeholder\">&nbsp;<\/span><\/a><\/div><\/div><\/div><\/div><\/div><\/div>[\/vc_column_inner][vc_column_inner width=&#8220;1\/4&#8243;][vc_btn title=&#8220;Kontakt&#8220; style=&#8220;outline-custom&#8220; outline_custom_color=&#8220;#8b8c8b&#8220; outline_custom_hover_background=&#8220;&#8220; outline_custom_hover_text=&#8220;#8b8c8b&#8220; shape=&#8220;round&#8220; align=&#8220;right&#8220; link=&#8220;url:%23kontakt&#8220;][\/vc_column_inner][\/vc_row_inner][\/vc_column][\/vc_row][vc_row el_class=&#8220;show-overflow&#8220;][vc_column offset=&#8220;vc_hidden-lg vc_hidden-md vc_hidden-sm vc_hidden-xs&#8220;][\/vc_column][\/vc_row][vc_row el_class=&#8220;gewerbe-wrapper no-break&#8220; css=&#8220;.vc_custom_1632470813672{margin-bottom: 10px !important;}&#8220;][vc_column offset=&#8220;vc_hidden-lg vc_hidden-md vc_hidden-sm vc_hidden-xs&#8220;][vc_row_inner equal_height=&#8220;yes&#8220; el_class=&#8220;office-wrapper no-break&#8220;][vc_column_inner el_class=&#8220;office-col1&#8243; width=&#8220;3\/4&#8243;][vc_column_text el_class=&#8220;office-name&#8220;]<strong>GE 15<\/strong>[\/vc_column_text][vc_column_text]FL\u00c4CHE: 40 m\u00b2 (GE 13\/14\/15 kombinierbar )<br \/>\nETAGE: EG<br \/>\nPREIS: EUR 250.000,-[\/vc_column_text][\/vc_column_inner][vc_column_inner el_class=&#8220;office-col2&#8243; width=&#8220;1\/4&#8243;][vc_single_image image=&#8220;3441&#8243; alignment=&#8220;center&#8220; onclick=&#8220;custom_link&#8220; img_link_target=&#8220;_blank&#8220; link=&#8220;https:\/\/behrendt.hamburg\/371-barmbek-sued\/wp-content\/uploads\/2021\/09\/Behrendt-371-HamburgBarmbek-Su\u0308d-TaktderStadt-Expose-GE15.pdf&#8220;][\/vc_column_inner][\/vc_row_inner][vc_row_inner el_class=&#8220;gewerbe-button-wrapper no-break share-block&#8220;][vc_column_inner el_class=&#8220;share-block&#8220; width=&#8220;3\/4&#8243;]<div class=\"templatera_shortcode share-buttons\"><div class=\"vc_row wpb_row vc_row-fluid\"><div class=\"share-block wpb_column vc_column_container vc_col-sm-12\"><div class=\"vc_column-inner\"><div class=\"wpb_wrapper\">\n\t<div class=\"wpb_text_column wpb_content_element share-text\" >\n\t\t<div class=\"wpb_wrapper\">\n\t\t\t<p>IMMOBILIE TEILEN:<\/p>\n\n\t\t<\/div>\n\t<\/div>\n<div class=\"vc_btn3-container  share-button vc_btn3-center vc_do_btn\" id=\"share-sms\" ><a class=\"vc_general vc_btn3 vc_btn3-size-md vc_btn3-shape-rounded vc_btn3-style-modern vc_btn3-o-empty vc_btn3-icon-left vc_btn3-color-success\" href=\"#\" title=\"\"><i class=\"vc_btn3-icon typcn typcn-message\"><\/i> <span class=\"vc_btn3-placeholder\">&nbsp;<\/span><\/a><\/div><div class=\"vc_btn3-container  share-button vc_btn3-center vc_do_btn\" id=\"share-whatsapp\" ><a class=\"vc_general vc_btn3 vc_btn3-size-md vc_btn3-shape-rounded vc_btn3-style-modern vc_btn3-o-empty vc_btn3-icon-left vc_btn3-color-green\" href=\"#\" title=\"\"><i class=\"vc_btn3-icon fa fa-whatsapp\"><\/i> <span class=\"vc_btn3-placeholder\">&nbsp;<\/span><\/a><\/div><div class=\"vc_btn3-container  share-button vc_btn3-center vc_do_btn\" id=\"share-mail\" ><a class=\"vc_general vc_btn3 vc_btn3-size-md vc_btn3-shape-rounded vc_btn3-style-modern vc_btn3-o-empty vc_btn3-icon-left vc_btn3-color-warning\" href=\"#\" title=\"\"><i class=\"vc_btn3-icon fa fa-envelope-o\"><\/i> <span class=\"vc_btn3-placeholder\">&nbsp;<\/span><\/a><\/div><div class=\"vc_btn3-container  share-button vc_btn3-center vc_do_btn\" id=\"share-copy\" ><a class=\"vc_general vc_btn3 vc_btn3-size-md vc_btn3-shape-rounded vc_btn3-style-modern vc_btn3-o-empty vc_btn3-icon-left vc_btn3-color-peacoc\" href=\"#\" title=\"\"><i class=\"vc_btn3-icon entypo-icon entypo-icon-link\"><\/i> <span class=\"vc_btn3-placeholder\">&nbsp;<\/span><\/a><\/div><\/div><\/div><\/div><\/div><\/div>[\/vc_column_inner][vc_column_inner width=&#8220;1\/4&#8243;][vc_btn title=&#8220;Kontakt&#8220; style=&#8220;outline-custom&#8220; outline_custom_color=&#8220;#8b8c8b&#8220; outline_custom_hover_background=&#8220;&#8220; outline_custom_hover_text=&#8220;#8b8c8b&#8220; shape=&#8220;round&#8220; align=&#8220;right&#8220; link=&#8220;url:%23kontakt&#8220;][\/vc_column_inner][\/vc_row_inner][\/vc_column][\/vc_row][vc_row el_class=&#8220;show-overflow&#8220;][vc_column offset=&#8220;vc_hidden-lg vc_hidden-md vc_hidden-sm vc_hidden-xs&#8220;][\/vc_column][\/vc_row][vc_row el_class=&#8220;gewerbe-wrapper no-break&#8220; css=&#8220;.vc_custom_1632470833784{margin-bottom: 10px !important;}&#8220;][vc_column offset=&#8220;vc_hidden-lg vc_hidden-md vc_hidden-sm vc_hidden-xs&#8220;][vc_row_inner equal_height=&#8220;yes&#8220; el_class=&#8220;office-wrapper no-break&#8220;][vc_column_inner el_class=&#8220;office-col1&#8243; width=&#8220;3\/4&#8243;][vc_column_text el_class=&#8220;office-name&#8220;]<strong>GE 16<\/strong>[\/vc_column_text][vc_column_text]FL\u00c4CHE: 46 m\u00b2<br \/>\nETAGE: EG<br \/>\nPREIS: EUR 275.000,-[\/vc_column_text][\/vc_column_inner][vc_column_inner el_class=&#8220;office-col2&#8243; width=&#8220;1\/4&#8243;][vc_single_image image=&#8220;3441&#8243; alignment=&#8220;center&#8220; onclick=&#8220;custom_link&#8220; img_link_target=&#8220;_blank&#8220; link=&#8220;https:\/\/behrendt.hamburg\/371-barmbek-sued\/wp-content\/uploads\/2021\/09\/Behrendt-371-HamburgBarmbek-Su\u0308d-TaktderStadt-Expose-GE16.pdf&#8220;][\/vc_column_inner][\/vc_row_inner][vc_row_inner el_class=&#8220;gewerbe-button-wrapper no-break share-block&#8220;][vc_column_inner el_class=&#8220;share-block&#8220; width=&#8220;3\/4&#8243;]<div class=\"templatera_shortcode share-buttons\"><div class=\"vc_row wpb_row vc_row-fluid\"><div class=\"share-block wpb_column vc_column_container vc_col-sm-12\"><div class=\"vc_column-inner\"><div class=\"wpb_wrapper\">\n\t<div class=\"wpb_text_column wpb_content_element share-text\" >\n\t\t<div class=\"wpb_wrapper\">\n\t\t\t<p>IMMOBILIE TEILEN:<\/p>\n\n\t\t<\/div>\n\t<\/div>\n<div class=\"vc_btn3-container  share-button vc_btn3-center vc_do_btn\" id=\"share-sms\" ><a class=\"vc_general vc_btn3 vc_btn3-size-md vc_btn3-shape-rounded vc_btn3-style-modern vc_btn3-o-empty vc_btn3-icon-left vc_btn3-color-success\" href=\"#\" title=\"\"><i class=\"vc_btn3-icon typcn typcn-message\"><\/i> <span class=\"vc_btn3-placeholder\">&nbsp;<\/span><\/a><\/div><div class=\"vc_btn3-container  share-button vc_btn3-center vc_do_btn\" id=\"share-whatsapp\" ><a class=\"vc_general vc_btn3 vc_btn3-size-md vc_btn3-shape-rounded vc_btn3-style-modern vc_btn3-o-empty vc_btn3-icon-left vc_btn3-color-green\" href=\"#\" title=\"\"><i class=\"vc_btn3-icon fa fa-whatsapp\"><\/i> <span class=\"vc_btn3-placeholder\">&nbsp;<\/span><\/a><\/div><div class=\"vc_btn3-container  share-button vc_btn3-center vc_do_btn\" id=\"share-mail\" ><a class=\"vc_general vc_btn3 vc_btn3-size-md vc_btn3-shape-rounded vc_btn3-style-modern vc_btn3-o-empty vc_btn3-icon-left vc_btn3-color-warning\" href=\"#\" title=\"\"><i class=\"vc_btn3-icon fa fa-envelope-o\"><\/i> <span class=\"vc_btn3-placeholder\">&nbsp;<\/span><\/a><\/div><div class=\"vc_btn3-container  share-button vc_btn3-center vc_do_btn\" id=\"share-copy\" ><a class=\"vc_general vc_btn3 vc_btn3-size-md vc_btn3-shape-rounded vc_btn3-style-modern vc_btn3-o-empty vc_btn3-icon-left vc_btn3-color-peacoc\" href=\"#\" title=\"\"><i class=\"vc_btn3-icon entypo-icon entypo-icon-link\"><\/i> <span class=\"vc_btn3-placeholder\">&nbsp;<\/span><\/a><\/div><\/div><\/div><\/div><\/div><\/div>[\/vc_column_inner][vc_column_inner width=&#8220;1\/4&#8243;][vc_btn title=&#8220;Kontakt&#8220; style=&#8220;outline-custom&#8220; outline_custom_color=&#8220;#8b8c8b&#8220; outline_custom_hover_background=&#8220;&#8220; outline_custom_hover_text=&#8220;#8b8c8b&#8220; shape=&#8220;round&#8220; align=&#8220;right&#8220; link=&#8220;url:%23kontakt&#8220;][\/vc_column_inner][\/vc_row_inner][\/vc_column][\/vc_row][vc_row el_class=&#8220;show-overflow&#8220;][vc_column offset=&#8220;vc_hidden-lg vc_hidden-md vc_hidden-sm vc_hidden-xs&#8220;][\/vc_column][\/vc_row][vc_row el_class=&#8220;gewerbe-wrapper no-break&#8220; css=&#8220;.vc_custom_1654694527560{margin-top: -200px !important;}&#8220;][vc_column][vc_row_inner equal_height=&#8220;yes&#8220; el_class=&#8220;office-wrapper no-break&#8220;][vc_column_inner el_class=&#8220;office-col1&#8243; width=&#8220;3\/4&#8243;][vc_column_text el_class=&#8220;office-name&#8220;]<strong>Abverkauft!<\/strong>[\/vc_column_text][vc_column_text]Leider sind schon alle unsere Gewerbefl\u00e4chen in Barmbek-S\u00fcd verkauft!<\/p>\n<p>Vielleicht haben Sie Interesse an einer alternativen Fl\u00e4che in Pinneberg?<br \/>\nDann schauen Sie doch hier vorbei:<\/p>\n<p><a href=\"https:\/\/behrendt.hamburg\/381-pinneberg\/#gewerbeflachen\" target=\"_blank\" rel=\"noopener\">381 Pinneberg\u00a0 |\u00a0 pIN<\/a>[\/vc_column_text][\/vc_column_inner][vc_column_inner el_class=&#8220;office-col2&#8243; width=&#8220;1\/4&#8243;][vc_single_image image=&#8220;3441&#8243; alignment=&#8220;center&#8220; onclick=&#8220;custom_link&#8220; img_link_target=&#8220;_blank&#8220; link=&#8220;https:\/\/behrendt.hamburg\/381-pinneberg\/#gewerbeflachen&#8220;][\/vc_column_inner][\/vc_row_inner][vc_row_inner el_class=&#8220;gewerbe-button-wrapper no-break share-block&#8220;][vc_column_inner el_class=&#8220;share-block&#8220; width=&#8220;3\/4&#8243;]<div class=\"templatera_shortcode share-buttons\"><div class=\"vc_row wpb_row vc_row-fluid\"><div class=\"share-block wpb_column vc_column_container vc_col-sm-12\"><div class=\"vc_column-inner\"><div class=\"wpb_wrapper\">\n\t<div class=\"wpb_text_column wpb_content_element share-text\" >\n\t\t<div class=\"wpb_wrapper\">\n\t\t\t<p>IMMOBILIE TEILEN:<\/p>\n\n\t\t<\/div>\n\t<\/div>\n<div class=\"vc_btn3-container  share-button vc_btn3-center vc_do_btn\" id=\"share-sms\" ><a class=\"vc_general vc_btn3 vc_btn3-size-md vc_btn3-shape-rounded vc_btn3-style-modern vc_btn3-o-empty vc_btn3-icon-left vc_btn3-color-success\" href=\"#\" title=\"\"><i class=\"vc_btn3-icon typcn typcn-message\"><\/i> <span class=\"vc_btn3-placeholder\">&nbsp;<\/span><\/a><\/div><div class=\"vc_btn3-container  share-button vc_btn3-center vc_do_btn\" id=\"share-whatsapp\" ><a class=\"vc_general vc_btn3 vc_btn3-size-md vc_btn3-shape-rounded vc_btn3-style-modern vc_btn3-o-empty vc_btn3-icon-left vc_btn3-color-green\" href=\"#\" title=\"\"><i class=\"vc_btn3-icon fa fa-whatsapp\"><\/i> <span class=\"vc_btn3-placeholder\">&nbsp;<\/span><\/a><\/div><div class=\"vc_btn3-container  share-button vc_btn3-center vc_do_btn\" id=\"share-mail\" ><a class=\"vc_general vc_btn3 vc_btn3-size-md vc_btn3-shape-rounded vc_btn3-style-modern vc_btn3-o-empty vc_btn3-icon-left vc_btn3-color-warning\" href=\"#\" title=\"\"><i class=\"vc_btn3-icon fa fa-envelope-o\"><\/i> <span class=\"vc_btn3-placeholder\">&nbsp;<\/span><\/a><\/div><div class=\"vc_btn3-container  share-button vc_btn3-center vc_do_btn\" id=\"share-copy\" ><a class=\"vc_general vc_btn3 vc_btn3-size-md vc_btn3-shape-rounded vc_btn3-style-modern vc_btn3-o-empty vc_btn3-icon-left vc_btn3-color-peacoc\" href=\"#\" title=\"\"><i class=\"vc_btn3-icon entypo-icon entypo-icon-link\"><\/i> <span class=\"vc_btn3-placeholder\">&nbsp;<\/span><\/a><\/div><\/div><\/div><\/div><\/div><\/div>[\/vc_column_inner][vc_column_inner width=&#8220;1\/4&#8243;][vc_btn title=&#8220;Kontakt&#8220; style=&#8220;outline-custom&#8220; outline_custom_color=&#8220;#8b8c8b&#8220; outline_custom_hover_background=&#8220;&#8220; outline_custom_hover_text=&#8220;#8b8c8b&#8220; shape=&#8220;round&#8220; align=&#8220;right&#8220; link=&#8220;url:https%3A%2F%2Fbehrendt.hamburg%2F381-pinneberg%2F%23gewerbeflachen|target:_blank&#8220;][\/vc_column_inner][\/vc_row_inner][\/vc_column][\/vc_row][vc_row full_width=&#8220;stretch_row&#8220; el_class=&#8220;block_new_form&#8220;][vc_column el_class=&#8220;overview-wrapper-content-block&#8220;][vc_row_inner][vc_column_inner][\/vc_column_inner][\/vc_row_inner][\/vc_column][\/vc_row][vc_row full_width=&#8220;stretch_row&#8220; el_class=&#8220;background-image-second-form&#8220; css=&#8220;.vc_custom_1640633191486{background-position: center !important;background-repeat: no-repeat !important;background-size: cover !important;}&#8220;][vc_column][vc_row_inner][vc_column_inner][vc_empty_space height=&#8220;&#8220;][\/vc_column_inner][\/vc_row_inner][vc_row_inner el_class=&#8220;block_form&#8220;][vc_column_inner el_class=&#8220;infobox style_infobox_content&#8220;][vc_column_text]<\/p>\n<h3>Noch nicht Ihre Traumwohnung gefunden?<\/h3>\n<p><img loading=\"lazy\" decoding=\"async\" class=\"image_show_mobile alignnone size-full wp-image-4198\" src=\"https:\/\/behrendt.hamburg\/371-barmbek-sued\/wp-content\/uploads\/2022\/05\/image_form_mobile.png\" alt=\"\" width=\"118\" height=\"121\" \/>[\/vc_column_text][vc_column_text]<\/p>\n<div class=\"form_flex_content\">\n<p class=\"text_width\">Wenn Sie sich eine Wohnung bauen w\u00fcrden, wie s\u00e4he Sie aus? Gut m\u00f6glich, dass Ihre Vorstellung bereits bei uns in Planung ist. Finden Sie\u2019s mit 6 schnellen Fragen heraus und erhalten Sie Immobilienangebote, die auf Ihre individuellen Bed\u00fcrfnisse abgestimmt sind.<\/p>\n<p class=\"width_image\"><img decoding=\"async\" src=\"https:\/\/behrendt.hamburg\/371-barmbek-sued\/wp-content\/uploads\/2022\/05\/image_form_desktop.png\" alt=\"image_form\" \/><\/p>\n<\/div>\n<p>[\/vc_column_text][vc_btn title=&#8220;Smartes Frage-Tool Starten!&#8220; el_class=&#8220;button_step_form_style&#8220; el_id=&#8220;wpcs_tab_4180&#8243;][\/vc_column_inner][\/vc_row_inner][\/vc_column][\/vc_row][vc_row el_class=&#8220;post-slider&#8220;][vc_column][vc_column_text][\/vc_column_text][vc_column_text el_class=&#8220;titel-post-slider&#8220;]<\/p>\n<h4 style=\"text-align: center;\">Weitere attraktive<br \/>\nEigentumswohnungen von Behrendt.<\/h4>\n<p>[\/vc_column_text][vc_empty_space height=&#8220;&#8220; el_class=&#8220;remove-on-mobile-space&#8220;][vc_row_inner el_class=&#8220;post-carousel-desktop&#8220;][vc_column_inner][na_posts_carousel height=&#8220;450px&#8220; comment=&#8220;none&#8220; catg=&#8220;none&#8220; dot=&#8220;false&#8220; speed=&#8220;3000&#8243; txtclr=&#8220;#000000&#8243; dateclr=&#8220;#000000&#8243; descclr=&#8220;#888888&#8243; settings=&#8220;post_type:eigentumswohnungen&#8220;][\/vc_column_inner][\/vc_row_inner][vc_row_inner el_class=&#8220;post-carousel-tablet&#8220;][vc_column_inner][na_posts_carousel height=&#8220;450px&#8220; comment=&#8220;none&#8220; catg=&#8220;none&#8220; dot=&#8220;false&#8220; speed=&#8220;3000&#8243; slide_visible=&#8220;2&#8243; txtclr=&#8220;#000000&#8243; dateclr=&#8220;#000000&#8243; descclr=&#8220;#888888&#8243; settings=&#8220;post_type:eigentumswohnungen&#8220;][\/vc_column_inner][\/vc_row_inner][vc_btn title=&#8220;ZU Wohnung Kaufen&#8220; align=&#8220;center&#8220; el_class=&#8220;my-Button my-button-slider&#8220; link=&#8220;url:https%3A%2F%2Fbehrendt.hamburg%2Fwohnung-kaufen%2F|target:_blank&#8220;][\/vc_column][\/vc_row][\/vc_section][vc_row full_width=&#8220;stretch_row&#8220; css=&#8220;.vc_custom_1717666826521{background-color: #1b6882 !important;}&#8220; el_class=&#8220;footer-wrapper footer-section&#8220; el_id=&#8220;kontakt&#8220;][vc_column][vc_raw_js]JTNDc2NyaXB0JTNFJTIwJTBBJTBBbGV0JTIwbG9nbyUyMCUzRCUyMGRvY3VtZW50LmdldEVsZW1lbnRCeUlkJTI4JTI3bG9nbyUyNyUyOSUzQiUwQWxldCUyMGJhciUyMCUzRCUyMGRvY3VtZW50LmdldEVsZW1lbnRCeUlkJTI4JTI3YmFyJTI3JTI5JTNCJTBBJTBBJTBBZnVuY3Rpb24lMjB0b2dnbGVMb2dvJTI4JTI5JTdCJTBBbGV0JTIwbG9nb1BvcyUyMCUzRCUyMGxvZ28uZ2V0Qm91bmRpbmdDbGllbnRSZWN0JTI4JTI5LnRvcCUzQiUwQWxldCUyMGJhclBvcyUyMCUzRCUyMGJhci5nZXRCb3VuZGluZ0NsaWVudFJlY3QlMjglMjkudG9wJTBBJTBBJTBBaWYlMjhsb2dvUG9zJTIwJTJCMTMwJTIwJTNFJTNEJTIwYmFyUG9zJTI5JTdCJTBBJTBBbG9nby5zdHlsZS52aXNpYmlsaXR5JTIwJTNEJTIwJTIyaGlkZGVuJTIyJTNCJTBBJTdEJTBBJTBBaWYlMjhsb2dvUG9zJTIwJTJCMTMwJTIwJTNDJTNEJTIwYmFyUG9zJTI5JTdCJTBBbG9nby5zdHlsZS52aXNpYmlsaXR5JTIwJTNEJTIwJTIydmlzaWJsZSUyMiUzQiUwQSUwQSU3RCUwQSUwQSUwQSU3RCUwQSUwQSUyMHdpbmRvdy5hZGRFdmVudExpc3RlbmVyJTI4JTIyc2Nyb2xsJTIyJTJDJTIwZnVuY3Rpb24lMjglMjklMjAlN0IlMEElMjB0b2dnbGVMb2dvJTI4JTI5JTNCJTBBJTdEJTI5JTNCJTBBJTBBJTBBJTNDJTJGc2NyaXB0JTNF[\/vc_raw_js]<div class=\"templatera_shortcode footer-content\"><section class=\"vc_section footer-wrapper vc_custom_1717666714459 vc_section-has-fill\"><div class=\"vc_row wpb_row vc_row-fluid footer-social-wrapper\"><div class=\"wpb_column vc_column_container vc_col-sm-12\"><div class=\"vc_column-inner\"><div class=\"wpb_wrapper\"><div class=\"vc_icon_element vc_icon_element-outer vc_do_icon facebook-icon vc_icon_element-align-left\"><div class=\"vc_icon_element-inner vc_icon_element-color-white vc_icon_element-size-lg vc_icon_element-style- vc_icon_element-background-color-grey\" ><span class=\"vc_icon_element-icon fa fa-facebook-square\" ><\/span><a class=\"vc_icon_element-link\" href=\"https:\/\/www.facebook.com\/BehrendtHamburg\/\"  title=\"\" target=\"_self\"><\/a><\/div><\/div><div class=\"vc_icon_element vc_icon_element-outer vc_do_icon insta-icon vc_icon_element-align-left\"><div class=\"vc_icon_element-inner vc_icon_element-color-white vc_icon_element-size-lg vc_icon_element-style- vc_icon_element-background-color-grey\" ><span class=\"vc_icon_element-icon fa fa-instagram\" ><\/span><a class=\"vc_icon_element-link\" href=\"https:\/\/www.instagram.com\/behrendtgruppe\/\"  title=\"\" target=\"_self\"><\/a><\/div><\/div><\/div><\/div><\/div><\/div><div class=\"vc_row wpb_row vc_row-fluid\"><div class=\"wpb_column vc_column_container vc_col-sm-12\"><div class=\"vc_column-inner\"><div class=\"wpb_wrapper\"><div class=\"vc_separator wpb_content_element vc_separator_align_center vc_sep_width_100 vc_sep_pos_align_center vc_separator_no_text vc_sep_color_grey wpb_content_element  wpb_content_element footer-upper-seperator\" ><span class=\"vc_sep_holder vc_sep_holder_l\"><span class=\"vc_sep_line\"><\/span><\/span><span class=\"vc_sep_holder vc_sep_holder_r\"><span class=\"vc_sep_line\"><\/span><\/span>\n<\/div><\/div><\/div><\/div><\/div><div class=\"vc_row wpb_row vc_row-fluid footer-info\"><div class=\"footer-menu-col wpb_column vc_column_container vc_col-sm-8\"><div class=\"vc_column-inner\"><div class=\"wpb_wrapper\"><div class=\"vc_row wpb_row vc_inner vc_row-fluid footer-menu\"><div class=\"footer-fat-link wpb_column vc_column_container vc_col-sm-6\"><div class=\"vc_column-inner\"><div class=\"wpb_wrapper\">\n\t<div class=\"wpb_text_column wpb_content_element\" >\n\t\t<div class=\"wpb_wrapper\">\n\t\t\t<p style=\"text-align: right;\"><a href=\"https:\/\/behrendt.hamburg\/wohnung-kaufen\/\" target=\"_blank\" rel=\"noopener noreferrer\">Wohnung kaufen<\/a><br \/>\n<a href=\"https:\/\/behrendt.hamburg\/wohnung-mieten\/\" target=\"_blank\" rel=\"noopener noreferrer\">Wohnung mieten<\/a><br \/>\n<a href=\"https:\/\/behrendt.hamburg\/buero-mieten\/\" target=\"_blank\" rel=\"noopener noreferrer\">B\u00fcro mieten<\/a><\/p>\n\n\t\t<\/div>\n\t<\/div>\n<\/div><\/div><\/div><div class=\"footer-link wpb_column vc_column_container vc_col-sm-6\"><div class=\"vc_column-inner\"><div class=\"wpb_wrapper\">\n\t<div class=\"wpb_text_column wpb_content_element\" >\n\t\t<div class=\"wpb_wrapper\">\n\t\t\t<p><a href=\"https:\/\/behrendt.hamburg\/unternehmen\/\" target=\"_blank\" rel=\"noopener noreferrer\">Unternehmen<\/a><br \/>\n<a href=\"https:\/\/behrendt.hamburg\/karriere\/\" target=\"_blank\" rel=\"noopener noreferrer\">Karriere<\/a><br \/>\n<a href=\"https:\/\/behrendt.hamburg\/kontakt\/\" target=\"_blank\" rel=\"noopener noreferrer\">Kontakt<\/a><\/p>\n\n\t\t<\/div>\n\t<\/div>\n<\/div><\/div><\/div><\/div><\/div><\/div><\/div><div class=\"footer-info-col wpb_column vc_column_container vc_col-sm-4\"><div class=\"vc_column-inner\"><div class=\"wpb_wrapper\">\n\t<div  class=\"wpb_single_image wpb_content_element vc_align_left wpb_content_element  footer-behrendt-logo\">\n\t\t\n\t\t<figure class=\"wpb_wrapper vc_figure\">\n\t\t\t<div class=\"vc_single_image-wrapper   vc_box_border_grey\"><img loading=\"lazy\" decoding=\"async\" width=\"264\" height=\"40\" src=\"https:\/\/behrendt.hamburg\/371-barmbek-sued\/wp-content\/uploads\/2019\/11\/behrendt-logo-white.svg\" class=\"vc_single_image-img attachment-thumbnail\" alt=\"\" title=\"behrendt-logo-white\" \/><\/div>\n\t\t<\/figure>\n\t<\/div>\n\n\t<div class=\"wpb_text_column wpb_content_element footer-behrendt-stats\" >\n\t\t<div class=\"wpb_wrapper\">\n\t\t\t<p>Behrendt Gruppe GmbH &amp; Co. KG<br \/>\nFriedensallee 271, 22763 Hamburg<br \/>\nTelefon: +49 40 380 219 0<br \/>\n<a href=\"mailto:info@behrendt.hamburg\">info@behrendt.hamburg<\/a><\/p>\n\n\t\t<\/div>\n\t<\/div>\n<\/div><\/div><\/div><\/div><div class=\"vc_row wpb_row vc_row-fluid\"><div class=\"wpb_column vc_column_container vc_col-sm-12\"><div class=\"vc_column-inner\"><div class=\"wpb_wrapper\"><div class=\"vc_separator wpb_content_element vc_separator_align_center vc_sep_width_100 vc_sep_pos_align_center vc_separator_no_text vc_sep_color_grey wpb_content_element  wpb_content_element footer-lower-seperator\" ><span class=\"vc_sep_holder vc_sep_holder_l\"><span class=\"vc_sep_line\"><\/span><\/span><span class=\"vc_sep_holder vc_sep_holder_r\"><span class=\"vc_sep_line\"><\/span><\/span>\n<\/div><\/div><\/div><\/div><\/div><div class=\"vc_row wpb_row vc_row-fluid footer-sub-menu-wrapper\"><div class=\"wpb_column vc_column_container vc_col-sm-12\"><div class=\"vc_column-inner\"><div class=\"wpb_wrapper\"><div class=\"vc_row wpb_row vc_inner vc_row-fluid footer-sub-menu-inner\"><div class=\"footer-sub-menu wpb_column vc_column_container vc_col-sm-12\"><div class=\"vc_column-inner\"><div class=\"wpb_wrapper\">\n\t<div class=\"wpb_text_column wpb_content_element\" >\n\t\t<div class=\"wpb_wrapper\">\n\t\t\t<p><a href=\"https:\/\/behrendt.hamburg\/datenschutz\" target=\"_blank\" rel=\"noopener noreferrer\">Datenschutz<\/a> | <a href=\"https:\/\/behrendt.hamburg\/impressum\/\" target=\"_blank\" rel=\"noopener noreferrer\">Impressum<\/a><\/p>\n\n\t\t<\/div>\n\t<\/div>\n<\/div><\/div><\/div><\/div><\/div><\/div><\/div><\/div><\/section><\/div>[\/vc_column][\/vc_row][vc_section el_class=&#8220;section-none&#8220;][vc_row el_class=&#8220;block-btn&#8220;][vc_column width=&#8220;1\/3&#8243; css=&#8220;.vc_custom_1620202749802{background-color: #e2e3e3 !important;}&#8220;][vc_row_inner][vc_column_inner width=&#8220;1\/2&#8243;][vc_single_image image=&#8220;2808&#8243; img_size=&#8220;full&#8220;][\/vc_column_inner][vc_column_inner width=&#8220;1\/2&#8243;][vc_column_text]Sie haben <strong>Fragen zu Mietangeboten f\u00fcr Wohnungen oder B\u00fcros?<\/strong> Hier finden sie alle Ansprechpartner.[\/vc_column_text][\/vc_column_inner][\/vc_row_inner][vc_btn title=&#8220;ZU KONTAKT VERMIETUNG&#8220; link=&#8220;url:https%3A%2F%2Fbehrendt.hamburg%2Fkontakt%2Fvermietung%2F|title:Zu%20Kontakt%20Vermietung|target:_blank&#8220; el_class=&#8220;btn-gray&#8220;][\/vc_column][vc_column width=&#8220;1\/3&#8243; css=&#8220;.vc_custom_1620203153445{background-color: #e2e3e3 !important;}&#8220;][vc_row_inner][vc_column_inner width=&#8220;1\/2&#8243;][vc_single_image image=&#8220;2818&#8243; img_size=&#8220;full&#8220;][\/vc_column_inner][vc_column_inner width=&#8220;1\/2&#8243;][vc_column_text]Moderner Wohnraum f\u00fcr Familien, Paare oder Singles &#8211; hier geht\u2019s zu unseren <strong>Mietangeboten.<\/strong>[\/vc_column_text][\/vc_column_inner][\/vc_row_inner][vc_btn title=&#8220;ZU WOHNUNG MIETEN&#8220; link=&#8220;url:https%3A%2F%2Fbehrendt.hamburg%2Fwohnung-mieten%2F|title:Zu%20Wohnung%20Mieten|target:_blank&#8220; el_class=&#8220;btn-gray&#8220;][\/vc_column][vc_column width=&#8220;1\/3&#8243; css=&#8220;.vc_custom_1620203161572{background-color: #e2e3e3 !important;}&#8220;][vc_row_inner][vc_column_inner width=&#8220;1\/2&#8243;][vc_single_image image=&#8220;2809&#8243; img_size=&#8220;full&#8220;][\/vc_column_inner][vc_column_inner width=&#8220;1\/2&#8243;][vc_column_text]Lernen Sie die <strong>Behrendt Gruppe<\/strong> und unser umfangreiches Leistungsspektrum n\u00e4her kennen.[\/vc_column_text][\/vc_column_inner][\/vc_row_inner][vc_btn title=&#8220;ZU UNTERNEHMEN&#8220; link=&#8220;url:https%3A%2F%2Fbehrendt.hamburg%2Funternehmen%2F|title:Zu%20Unternehmen|target:_blank&#8220; el_class=&#8220;btn-gray&#8220;][\/vc_column][\/vc_row][\/vc_section][vc_column][\/vc_column][vc_column_inner][\/vc_column_inner]<\/p>\n<\/div>","protected":false},"excerpt":{"rendered":"&hellip;","protected":false},"author":5,"featured_media":0,"parent":0,"menu_order":0,"comment_status":"closed","ping_status":"closed","template":"","meta":{"_acf_changed":false,"_vp_format_video_url":"","_vp_image_focal_point":[],"footnotes":""},"class_list":["post-2985","page","type-page","status-publish","hentry","wpbf-post"],"acf":[],"yoast_head":"<!-- This site is optimized with the Yoast SEO plugin v27.4 - https:\/\/yoast.com\/product\/yoast-seo-wordpress\/ -->\n<title>Wohnung in Barmbek-S\u00fcd kaufen | Eigentumswohnung | Behrendt Gruppe<\/title>\n<meta name=\"description\" content=\"TAKT DER STADT: vielf\u00e4ltige Neubau-Eigentumswohnungen und Gewerbeeinheiten am Komponistenviertel in Hamburg Barmbek-S\u00fcd.\" \/>\n<meta name=\"robots\" content=\"index, follow, max-snippet:-1, max-image-preview:large, max-video-preview:-1\" \/>\n<link rel=\"canonical\" href=\"https:\/\/behrendt.hamburg\/371-barmbek-sued\/\" \/>\n<meta property=\"og:locale\" content=\"de_DE\" \/>\n<meta property=\"og:type\" content=\"article\" \/>\n<meta property=\"og:title\" content=\"Wohnung in Barmbek-S\u00fcd kaufen | Eigentumswohnung | Behrendt Gruppe\" \/>\n<meta property=\"og:description\" content=\"TAKT DER STADT: vielf\u00e4ltige Neubau-Eigentumswohnungen und Gewerbeeinheiten am Komponistenviertel in Hamburg Barmbek-S\u00fcd.\" \/>\n<meta property=\"og:url\" content=\"https:\/\/behrendt.hamburg\/371-barmbek-sued\/\" \/>\n<meta property=\"og:site_name\" content=\"371 Barmbek S\u00fcd\" \/>\n<meta property=\"article:modified_time\" content=\"2025-01-30T12:50:10+00:00\" \/>\n<meta property=\"og:image\" content=\"https:\/\/behrendt.hamburg\/371-barmbek-sued\/wp-content\/uploads\/2022\/05\/image_form_mobile.png\" \/>\n<meta name=\"twitter:card\" content=\"summary_large_image\" \/>\n<meta name=\"twitter:label1\" content=\"Gesch\u00e4tzte Lesezeit\" \/>\n\t<meta name=\"twitter:data1\" content=\"16\u00a0Minuten\" \/>\n<script type=\"application\/ld+json\" class=\"yoast-schema-graph\">{\"@context\":\"https:\\\/\\\/schema.org\",\"@graph\":[{\"@type\":\"WebPage\",\"@id\":\"https:\\\/\\\/behrendt.hamburg\\\/371-barmbek-sued\\\/\",\"url\":\"https:\\\/\\\/behrendt.hamburg\\\/371-barmbek-sued\\\/\",\"name\":\"Wohnung in Barmbek-S\u00fcd kaufen | Eigentumswohnung | Behrendt Gruppe\",\"isPartOf\":{\"@id\":\"https:\\\/\\\/behrendt.hamburg\\\/371-barmbek-sued\\\/#website\"},\"primaryImageOfPage\":{\"@id\":\"https:\\\/\\\/behrendt.hamburg\\\/371-barmbek-sued\\\/#primaryimage\"},\"image\":{\"@id\":\"https:\\\/\\\/behrendt.hamburg\\\/371-barmbek-sued\\\/#primaryimage\"},\"thumbnailUrl\":\"https:\\\/\\\/behrendt.hamburg\\\/371-barmbek-sued\\\/wp-content\\\/uploads\\\/2022\\\/05\\\/image_form_mobile.png\",\"datePublished\":\"2021-05-21T11:02:53+00:00\",\"dateModified\":\"2025-01-30T12:50:10+00:00\",\"description\":\"TAKT DER STADT: vielf\u00e4ltige Neubau-Eigentumswohnungen und Gewerbeeinheiten am Komponistenviertel in Hamburg Barmbek-S\u00fcd.\",\"breadcrumb\":{\"@id\":\"https:\\\/\\\/behrendt.hamburg\\\/371-barmbek-sued\\\/#breadcrumb\"},\"inLanguage\":\"de\",\"potentialAction\":[{\"@type\":\"ReadAction\",\"target\":[\"https:\\\/\\\/behrendt.hamburg\\\/371-barmbek-sued\\\/\"]}]},{\"@type\":\"ImageObject\",\"inLanguage\":\"de\",\"@id\":\"https:\\\/\\\/behrendt.hamburg\\\/371-barmbek-sued\\\/#primaryimage\",\"url\":\"https:\\\/\\\/behrendt.hamburg\\\/371-barmbek-sued\\\/wp-content\\\/uploads\\\/2022\\\/05\\\/image_form_mobile.png\",\"contentUrl\":\"https:\\\/\\\/behrendt.hamburg\\\/371-barmbek-sued\\\/wp-content\\\/uploads\\\/2022\\\/05\\\/image_form_mobile.png\",\"width\":118,\"height\":121},{\"@type\":\"BreadcrumbList\",\"@id\":\"https:\\\/\\\/behrendt.hamburg\\\/371-barmbek-sued\\\/#breadcrumb\",\"itemListElement\":[{\"@type\":\"ListItem\",\"position\":1,\"name\":\"Home\",\"item\":\"https:\\\/\\\/behrendt.hamburg\\\/371-barmbek-sued\\\/\"},{\"@type\":\"ListItem\",\"position\":2,\"name\":\"Startseite\"}]},{\"@type\":\"WebSite\",\"@id\":\"https:\\\/\\\/behrendt.hamburg\\\/371-barmbek-sued\\\/#website\",\"url\":\"https:\\\/\\\/behrendt.hamburg\\\/371-barmbek-sued\\\/\",\"name\":\"371 Barmbek S\u00fcd\",\"description\":\"371 Barmbek S\u00fcd\",\"publisher\":{\"@id\":\"https:\\\/\\\/behrendt.hamburg\\\/371-barmbek-sued\\\/#organization\"},\"potentialAction\":[{\"@type\":\"SearchAction\",\"target\":{\"@type\":\"EntryPoint\",\"urlTemplate\":\"https:\\\/\\\/behrendt.hamburg\\\/371-barmbek-sued\\\/?s={search_term_string}\"},\"query-input\":{\"@type\":\"PropertyValueSpecification\",\"valueRequired\":true,\"valueName\":\"search_term_string\"}}],\"inLanguage\":\"de\"},{\"@type\":\"Organization\",\"@id\":\"https:\\\/\\\/behrendt.hamburg\\\/371-barmbek-sued\\\/#organization\",\"name\":\"371 Barmbek S\u00fcd\",\"url\":\"https:\\\/\\\/behrendt.hamburg\\\/371-barmbek-sued\\\/\",\"logo\":{\"@type\":\"ImageObject\",\"inLanguage\":\"de\",\"@id\":\"https:\\\/\\\/behrendt.hamburg\\\/371-barmbek-sued\\\/#\\\/schema\\\/logo\\\/image\\\/\",\"url\":\"https:\\\/\\\/behrendt.hamburg\\\/371-barmbek-sued\\\/wp-content\\\/uploads\\\/2019\\\/11\\\/Behrendt_moewe_petrol.svg\",\"contentUrl\":\"https:\\\/\\\/behrendt.hamburg\\\/371-barmbek-sued\\\/wp-content\\\/uploads\\\/2019\\\/11\\\/Behrendt_moewe_petrol.svg\",\"width\":264.2,\"height\":40.1,\"caption\":\"371 Barmbek S\u00fcd\"},\"image\":{\"@id\":\"https:\\\/\\\/behrendt.hamburg\\\/371-barmbek-sued\\\/#\\\/schema\\\/logo\\\/image\\\/\"}}]}<\/script>\n<!-- \/ Yoast SEO plugin. -->","yoast_head_json":{"title":"Wohnung in Barmbek-S\u00fcd kaufen | Eigentumswohnung | Behrendt Gruppe","description":"TAKT DER STADT: vielf\u00e4ltige Neubau-Eigentumswohnungen und Gewerbeeinheiten am Komponistenviertel in Hamburg Barmbek-S\u00fcd.","robots":{"index":"index","follow":"follow","max-snippet":"max-snippet:-1","max-image-preview":"max-image-preview:large","max-video-preview":"max-video-preview:-1"},"canonical":"https:\/\/behrendt.hamburg\/371-barmbek-sued\/","og_locale":"de_DE","og_type":"article","og_title":"Wohnung in Barmbek-S\u00fcd kaufen | Eigentumswohnung | Behrendt Gruppe","og_description":"TAKT DER STADT: vielf\u00e4ltige Neubau-Eigentumswohnungen und Gewerbeeinheiten am Komponistenviertel in Hamburg Barmbek-S\u00fcd.","og_url":"https:\/\/behrendt.hamburg\/371-barmbek-sued\/","og_site_name":"371 Barmbek S\u00fcd","article_modified_time":"2025-01-30T12:50:10+00:00","og_image":[{"url":"https:\/\/behrendt.hamburg\/371-barmbek-sued\/wp-content\/uploads\/2022\/05\/image_form_mobile.png","type":"","width":"","height":""}],"twitter_card":"summary_large_image","twitter_misc":{"Gesch\u00e4tzte Lesezeit":"16\u00a0Minuten"},"schema":{"@context":"https:\/\/schema.org","@graph":[{"@type":"WebPage","@id":"https:\/\/behrendt.hamburg\/371-barmbek-sued\/","url":"https:\/\/behrendt.hamburg\/371-barmbek-sued\/","name":"Wohnung in Barmbek-S\u00fcd kaufen | Eigentumswohnung | Behrendt Gruppe","isPartOf":{"@id":"https:\/\/behrendt.hamburg\/371-barmbek-sued\/#website"},"primaryImageOfPage":{"@id":"https:\/\/behrendt.hamburg\/371-barmbek-sued\/#primaryimage"},"image":{"@id":"https:\/\/behrendt.hamburg\/371-barmbek-sued\/#primaryimage"},"thumbnailUrl":"https:\/\/behrendt.hamburg\/371-barmbek-sued\/wp-content\/uploads\/2022\/05\/image_form_mobile.png","datePublished":"2021-05-21T11:02:53+00:00","dateModified":"2025-01-30T12:50:10+00:00","description":"TAKT DER STADT: vielf\u00e4ltige Neubau-Eigentumswohnungen und Gewerbeeinheiten am Komponistenviertel in Hamburg Barmbek-S\u00fcd.","breadcrumb":{"@id":"https:\/\/behrendt.hamburg\/371-barmbek-sued\/#breadcrumb"},"inLanguage":"de","potentialAction":[{"@type":"ReadAction","target":["https:\/\/behrendt.hamburg\/371-barmbek-sued\/"]}]},{"@type":"ImageObject","inLanguage":"de","@id":"https:\/\/behrendt.hamburg\/371-barmbek-sued\/#primaryimage","url":"https:\/\/behrendt.hamburg\/371-barmbek-sued\/wp-content\/uploads\/2022\/05\/image_form_mobile.png","contentUrl":"https:\/\/behrendt.hamburg\/371-barmbek-sued\/wp-content\/uploads\/2022\/05\/image_form_mobile.png","width":118,"height":121},{"@type":"BreadcrumbList","@id":"https:\/\/behrendt.hamburg\/371-barmbek-sued\/#breadcrumb","itemListElement":[{"@type":"ListItem","position":1,"name":"Home","item":"https:\/\/behrendt.hamburg\/371-barmbek-sued\/"},{"@type":"ListItem","position":2,"name":"Startseite"}]},{"@type":"WebSite","@id":"https:\/\/behrendt.hamburg\/371-barmbek-sued\/#website","url":"https:\/\/behrendt.hamburg\/371-barmbek-sued\/","name":"371 Barmbek S\u00fcd","description":"371 Barmbek S\u00fcd","publisher":{"@id":"https:\/\/behrendt.hamburg\/371-barmbek-sued\/#organization"},"potentialAction":[{"@type":"SearchAction","target":{"@type":"EntryPoint","urlTemplate":"https:\/\/behrendt.hamburg\/371-barmbek-sued\/?s={search_term_string}"},"query-input":{"@type":"PropertyValueSpecification","valueRequired":true,"valueName":"search_term_string"}}],"inLanguage":"de"},{"@type":"Organization","@id":"https:\/\/behrendt.hamburg\/371-barmbek-sued\/#organization","name":"371 Barmbek S\u00fcd","url":"https:\/\/behrendt.hamburg\/371-barmbek-sued\/","logo":{"@type":"ImageObject","inLanguage":"de","@id":"https:\/\/behrendt.hamburg\/371-barmbek-sued\/#\/schema\/logo\/image\/","url":"https:\/\/behrendt.hamburg\/371-barmbek-sued\/wp-content\/uploads\/2019\/11\/Behrendt_moewe_petrol.svg","contentUrl":"https:\/\/behrendt.hamburg\/371-barmbek-sued\/wp-content\/uploads\/2019\/11\/Behrendt_moewe_petrol.svg","width":264.2,"height":40.1,"caption":"371 Barmbek S\u00fcd"},"image":{"@id":"https:\/\/behrendt.hamburg\/371-barmbek-sued\/#\/schema\/logo\/image\/"}}]}},"_links":{"self":[{"href":"https:\/\/behrendt.hamburg\/371-barmbek-sued\/wp-json\/wp\/v2\/pages\/2985","targetHints":{"allow":["GET"]}}],"collection":[{"href":"https:\/\/behrendt.hamburg\/371-barmbek-sued\/wp-json\/wp\/v2\/pages"}],"about":[{"href":"https:\/\/behrendt.hamburg\/371-barmbek-sued\/wp-json\/wp\/v2\/types\/page"}],"author":[{"embeddable":true,"href":"https:\/\/behrendt.hamburg\/371-barmbek-sued\/wp-json\/wp\/v2\/users\/5"}],"replies":[{"embeddable":true,"href":"https:\/\/behrendt.hamburg\/371-barmbek-sued\/wp-json\/wp\/v2\/comments?post=2985"}],"version-history":[{"count":186,"href":"https:\/\/behrendt.hamburg\/371-barmbek-sued\/wp-json\/wp\/v2\/pages\/2985\/revisions"}],"predecessor-version":[{"id":4846,"href":"https:\/\/behrendt.hamburg\/371-barmbek-sued\/wp-json\/wp\/v2\/pages\/2985\/revisions\/4846"}],"wp:attachment":[{"href":"https:\/\/behrendt.hamburg\/371-barmbek-sued\/wp-json\/wp\/v2\/media?parent=2985"}],"curies":[{"name":"wp","href":"https:\/\/api.w.org\/{rel}","templated":true}]}}